{"id":13408,"date":"2026-03-17T11:19:08","date_gmt":"2026-03-17T10:19:08","guid":{"rendered":"https:\/\/politecnics.barcelona\/formacion-profesional\/curso-de-especializacion-comercio-electronico\/"},"modified":"2026-03-17T23:44:10","modified_gmt":"2026-03-17T22:44:10","slug":"curso-de-especializacion-comercio-electronico","status":"publish","type":"page","link":"https:\/\/politecnics.barcelona\/es\/formacion-profesional\/curso-de-especializacion-comercio-electronico\/","title":{"rendered":"Curso de Especializaci\u00f3n Comercio Electr\u00f3nico"},"content":{"rendered":"<p><div class=\"fusion-fullwidth fullwidth-box fusion-builder-row-1 fusion-flex-container cont-comerc nonhundred-percent-fullwidth non-hundred-percent-height-scrolling\" style=\"--awb-border-radius-top-left:0px;--awb-border-radius-top-right:0px;--awb-border-radius-bottom-right:0px;--awb-border-radius-bottom-left:0px;--awb-flex-wrap:wrap;\" ><div class=\"fusion-builder-row fusion-row fusion-flex-align-items-flex-start fusion-flex-content-wrap\" style=\"max-width:1248px;margin-left: calc(-4% \/ 2 );margin-right: calc(-4% \/ 2 );\"><div class=\"fusion-layout-column fusion_builder_column fusion-builder-column-0 fusion_builder_column_1_3 1_3 fusion-flex-column\" style=\"--awb-padding-top:6%;--awb-padding-right:6%;--awb-padding-bottom:6%;--awb-padding-left:8%;--awb-bg-color:#f7f7f7;--awb-bg-color-hover:#f7f7f7;--awb-bg-size:cover;--awb-width-large:33.333333333333%;--awb-margin-top-large:0px;--awb-spacing-right-large:5.76%;--awb-margin-bottom-large:20px;--awb-spacing-left-large:5.76%;--awb-width-medium:33.333333333333%;--awb-order-medium:0;--awb-spacing-right-medium:5.76%;--awb-spacing-left-medium:5.76%;--awb-width-small:100%;--awb-order-small:0;--awb-spacing-right-small:1.92%;--awb-spacing-left-small:1.92%;\"><div class=\"fusion-column-wrapper fusion-column-has-shadow fusion-flex-justify-content-flex-start fusion-content-layout-column\"><div class=\"fusion-title title fusion-title-1 fusion-sep-none fusion-title-highlight fusion-loop-off fusion-highlight-underline fusion-title-size-three\" data-highlight=\"underline\"><h3 class=\"fusion-title-heading title-heading-left fusion-responsive-typography-calculated\" style=\"margin:0;--fontSize:30;line-height:1.2;\"><span class=\"fusion-highlighted-text-prefix\"><\/span> <span class=\"fusion-highlighted-text-wrapper\"><span class=\"fusion-highlighted-text\">T\u00fa eres el proyecto<\/span><\/span> <span class=\"fusion-highlighted-text-postfix\"><\/span><\/h3><\/div><div class=\"fusion-text fusion-text-1\"><p>Convi\u00e9rtete en quien quieras estar con nuestras metodolog\u00edas activas.<\/p>\n<\/div><div class=\"fusion-text fusion-text-2\" style=\"--awb-font-size:21px;\" id=\"but-innova\"><p><a href=\"https:\/\/politecnics.barcelona\/es\/actualidad\/\"><img decoding=\"async\" class=\"attachment-large size-large alignleft\" src=\"\/wp-content\/uploads\/check.png\" width=\"81\" height=\"81\" \/> <strong>Descubre nuestro d\u00eda a d\u00eda<\/strong><\/a><\/p>\n<\/div><div style=\"text-align:center;\"><a class=\"fusion-button button-flat fusion-button-default-size button-default fusion-button-default button-1 fusion-button-span-yes fusion-button-default-type\" style=\"--button_margin-top:30px;--button_margin-bottom:10px;\" target=\"_self\" title=\"Disponible FORMACI\u00d3N ONLINE\" aria-label=\"Disponible FORMACI\u00d3N ONLINE\" href=\"none\"><i class=\"fa-desktop fas button-icon-left\" aria-hidden=\"true\"><\/i><span class=\"fusion-button-text\">Disponible FORMACI\u00d3N ONLINE<\/span><\/a><\/div><\/div><\/div>\n<div class=\"fusion-layout-column fusion_builder_column fusion-builder-column-1 fusion_builder_column_2_3 2_3 fusion-flex-column fusion-animated\" style=\"--awb-bg-size:cover;--awb-width-large:66.666666666667%;--awb-margin-top-large:0px;--awb-spacing-right-large:2.88%;--awb-margin-bottom-large:20px;--awb-spacing-left-large:2.88%;--awb-width-medium:66.666666666667%;--awb-order-medium:0;--awb-spacing-right-medium:2.88%;--awb-spacing-left-medium:2.88%;--awb-width-small:100%;--awb-order-small:0;--awb-spacing-right-small:1.92%;--awb-spacing-left-small:1.92%;\" data-animationType=\"fadeInLeft\" data-animationDuration=\"0.3\" data-animationOffset=\"top-into-view\"><div class=\"fusion-column-wrapper fusion-column-has-shadow fusion-flex-justify-content-flex-start fusion-content-layout-column\"><div class=\"fusion-text fusion-text-3\"><h3><strong>Puertas Abiertas Curso de Especializaci\u00f3n de Comercio Electr\u00f3nico<\/strong><\/h3>\n<p>Reserva tu visita a puertas abiertas. Si las fechas no te van bien o no quedan plazas, <a href=\"https:\/\/politecnics.barcelona\/es\/contacto\/#contact-form\">contacta<\/a> con nosotros para agendar una visita personalizada. <\/p>\n<\/div><div class=\"fusion-text fusion-text-4\"><script>\n  if (typeof hasAmeliaEvent === 'undefined') {\n    var hasAmeliaEvent = true;\n  }\n  if (typeof hasEventApiCall === 'undefined' && '' === '') {\n    var hasEventApiCall = true;\n  }\n  var hasEventShortcode = (typeof hasEventShortcode === 'undefined') ? false : true;\n  var bookingEntitiesIds = (typeof bookingEntitiesIds === 'undefined') ? [] : bookingEntitiesIds;\n  bookingEntitiesIds.push(\n    {\n      'hasApiCall': (typeof hasEventApiCall !== 'undefined') && hasEventApiCall,\n      'trigger': '',\n      'counter': '0',\n      'employee': '',\n      'eventId': '',\n      'eventRecurring': 0,\n      'eventTag': \"MASTER\"\n    }\n  );\n  var lazyBookingEntitiesIds = (typeof lazyBookingEntitiesIds === 'undefined') ? [] : lazyBookingEntitiesIds;\n  if (bookingEntitiesIds[bookingEntitiesIds.length - 1].trigger !== '') {\n    lazyBookingEntitiesIds.push(bookingEntitiesIds.pop());\n  }\n  if (typeof hasEventApiCall !== 'undefined' && hasEventApiCall) {\n    hasEventApiCall = false;\n  }\n<\/script>\n\n<div id=\"amelia-app-booking0\" class=\"amelia-service amelia-frontend amelia-app-booking\">\n    <events-list><\/events-list><\/div>\n\n<\/div><\/div><\/div><div class=\"fusion-layout-column fusion_builder_column fusion-builder-column-2 fusion_builder_column_1_1 1_1 fusion-flex-column fusion-animated\" style=\"--awb-bg-size:cover;--awb-width-large:100%;--awb-margin-top-large:0px;--awb-spacing-right-large:1.92%;--awb-margin-bottom-large:20px;--awb-spacing-left-large:1.92%;--awb-width-medium:100%;--awb-order-medium:0;--awb-spacing-right-medium:1.92%;--awb-spacing-left-medium:1.92%;--awb-width-small:100%;--awb-order-small:0;--awb-spacing-right-small:1.92%;--awb-spacing-left-small:1.92%;\" data-animationType=\"fadeInLeft\" data-animationDuration=\"0.3\" data-animationOffset=\"top-into-view\"><div class=\"fusion-column-wrapper fusion-column-has-shadow fusion-flex-justify-content-flex-start fusion-content-layout-column\"><div class=\"fusion-title title fusion-title-2 fusion-sep-none fusion-title-rotating fusion-loop-off fusion-title-clipIn fusion-title-size-three\"><h3 class=\"fusion-title-heading title-heading-left fusion-responsive-typography-calculated\" style=\"margin:0;--fontSize:30;line-height:1.2;\"><span class=\"fusion-animated-text-prefix\"><\/span> <span class=\"fusion-animated-texts-wrapper\" style=\"text-align: center;\" data-length=\"line\" data-minDisplayTime=\"1200\"><span class=\"fusion-animated-texts\"><span data-in-effect=\"clipIn\" class=\"fusion-animated-text\" data-in-sequence=\"true\" data-out-reverse=\"true\" data-out-effect=\"clipOut\">DESTACAMOS<\/span><\/span><\/span> <span class=\"fusion-animated-text-postfix\"><\/span><\/h3><\/div>\n<div class=\"fusion-recent-posts fusion-recent-posts-1 avada-container layout-default layout-columns-3\"><section class=\"fusion-columns columns fusion-columns-3 columns-3\"><article class=\"post fusion-column column col col-lg-4 col-md-4 col-sm-4\"><div class=\"fusion-flexslider fusion-flexslider-loading flexslider flexslider-hover-type-zoomin\"><ul class=\"slides\"><li><a href=\"https:\/\/politecnics.barcelona\/es\/del-briefing-al-video-promocional-un-proyecto-colaborativo-con-el-cts-sabadell\/\" aria-label=\"Del briefing al v\u00eddeo promocional: un proyecto colaborativo con el CTS Sabadell\" class=\"hover-type-zoomin\"><img decoding=\"async\" width=\"350\" height=\"438\" src=\"https:\/\/politecnics.barcelona\/wp-content\/uploads\/8-1-e1774373902303.png\" class=\"attachment-recent-posts size-recent-posts\" alt=\"\" \/><\/a><\/li><\/ul><\/div><div class=\"recent-posts-content\"><span class=\"vcard\" style=\"display: none;\"><span class=\"fn\"><a href=\"https:\/\/politecnics.barcelona\/es\/author\/comunicacio\/\" title=\"Entradas de Comunicaci\u00f3 POLIT\u00c8CNICS\" rel=\"author\">Comunicaci\u00f3 POLIT\u00c8CNICS<\/a><\/span><\/span><span class=\"updated\" style=\"display:none;\">2026-04-22T10:18:04+02:00<\/span><h4 class=\"entry-title\"><a href=\"https:\/\/politecnics.barcelona\/es\/del-briefing-al-video-promocional-un-proyecto-colaborativo-con-el-cts-sabadell\/\">Del briefing al v\u00eddeo promocional: un proyecto colaborativo con el CTS Sabadell<\/a><\/h4><\/div><\/article><article class=\"post fusion-column column col col-lg-4 col-md-4 col-sm-4\"><div class=\"fusion-flexslider fusion-flexslider-loading flexslider flexslider-hover-type-zoomin\"><ul class=\"slides\"><li><a href=\"https:\/\/politecnics.barcelona\/es\/un-ano-mas-marketing-y-publicidad-organiza-la-jornada-de-donacion-de-sangre-2\/\" aria-label=\"Un a\u00f1o m\u00e1s, Marketing y Publicidad organiza la Jornada de Donaci\u00f3n de Sangre\" class=\"hover-type-zoomin\"><img decoding=\"async\" width=\"540\" height=\"441\" src=\"https:\/\/politecnics.barcelona\/wp-content\/uploads\/28-1-540x441.png\" class=\"attachment-recent-posts size-recent-posts\" alt=\"\" \/><\/a><\/li><\/ul><\/div><div class=\"recent-posts-content\"><span class=\"vcard\" style=\"display: none;\"><span class=\"fn\"><a href=\"https:\/\/politecnics.barcelona\/es\/author\/comunicacio\/\" title=\"Entradas de Comunicaci\u00f3 POLIT\u00c8CNICS\" rel=\"author\">Comunicaci\u00f3 POLIT\u00c8CNICS<\/a><\/span><\/span><span class=\"updated\" style=\"display:none;\">2026-03-24T18:55:19+01:00<\/span><h4 class=\"entry-title\"><a href=\"https:\/\/politecnics.barcelona\/es\/un-ano-mas-marketing-y-publicidad-organiza-la-jornada-de-donacion-de-sangre-2\/\">Un a\u00f1o m\u00e1s, Marketing y Publicidad organiza la Jornada de Donaci\u00f3n de Sangre<\/a><\/h4><\/div><\/article><article class=\"post fusion-column column col col-lg-4 col-md-4 col-sm-4\"><div class=\"fusion-flexslider fusion-flexslider-loading flexslider flexslider-hover-type-zoomin\"><ul class=\"slides\"><li><a href=\"https:\/\/politecnics.barcelona\/es\/un-ano-mas-marketing-y-publicidad-organiza-la-jornada-de-donacion-de-sangre\/\" aria-label=\"Un a\u00f1o m\u00e1s, Marketing y Publicidad organiza la Jornada de Donaci\u00f3n de Sangre\" class=\"hover-type-zoomin\"><img decoding=\"async\" width=\"700\" height=\"441\" src=\"https:\/\/politecnics.barcelona\/wp-content\/uploads\/Post-Insta-Banc-de-Sang-700x441.png\" class=\"attachment-recent-posts size-recent-posts\" alt=\"\" srcset=\"https:\/\/politecnics.barcelona\/wp-content\/uploads\/Post-Insta-Banc-de-Sang-320x202.png 320w, https:\/\/politecnics.barcelona\/wp-content\/uploads\/Post-Insta-Banc-de-Sang-700x441.png 700w\" sizes=\"(max-width: 700px) 100vw, 700px\" \/><\/a><\/li><\/ul><\/div><div class=\"recent-posts-content\"><span class=\"vcard\" style=\"display: none;\"><span class=\"fn\"><a href=\"https:\/\/politecnics.barcelona\/es\/author\/comunicacio\/\" title=\"Entradas de Comunicaci\u00f3 POLIT\u00c8CNICS\" rel=\"author\">Comunicaci\u00f3 POLIT\u00c8CNICS<\/a><\/span><\/span><span class=\"updated\" style=\"display:none;\">2026-03-09T16:04:37+01:00<\/span><h4 class=\"entry-title\"><a href=\"https:\/\/politecnics.barcelona\/es\/un-ano-mas-marketing-y-publicidad-organiza-la-jornada-de-donacion-de-sangre\/\">Un a\u00f1o m\u00e1s, Marketing y Publicidad organiza la Jornada de Donaci\u00f3n de Sangre<\/a><\/h4><\/div><\/article><\/section><\/div><div class=\"fusion-text fusion-text-5 revista\"><p><a href=\"\/wp-content\/uploads\/Politecnics_Comerc_Marqueting.pdf\" target=\"_blank\" rel=\"noopener\"><i class=\"fb-icon-element-1 fb-icon-element fontawesome-icon fa-file-download fas circle-no fusion-text-flow\" style=\"--awb-iconcolor-hover:#0089ff;--awb-font-size:18px;--awb-margin-right:9px;\"><\/i> Desc\u00e1rgate la revista de COMERCIO Y MARKETING, para conocer todos los ciclos relacionados<\/a><\/p>\n<\/div><\/div><\/div><div class=\"fusion-layout-column fusion_builder_column fusion-builder-column-3 fusion_builder_column_1_1 1_1 fusion-flex-column\" style=\"--awb-bg-size:cover;--awb-width-large:100%;--awb-margin-top-large:0px;--awb-spacing-right-large:1.92%;--awb-margin-bottom-large:20px;--awb-spacing-left-large:1.92%;--awb-width-medium:100%;--awb-order-medium:0;--awb-spacing-right-medium:1.92%;--awb-spacing-left-medium:1.92%;--awb-width-small:100%;--awb-order-small:0;--awb-spacing-right-small:1.92%;--awb-spacing-left-small:1.92%;\"><div class=\"fusion-column-wrapper fusion-column-has-shadow fusion-flex-justify-content-flex-start fusion-content-layout-column\"><div class=\"fusion-title title fusion-title-3 fusion-sep-none fusion-title-text fusion-title-size-two\"><h2 class=\"fusion-title-heading title-heading-right fusion-responsive-typography-calculated\" style=\"margin:0;--fontSize:40;line-height:1.2;\"><strong>Plan de estudios<\/strong><\/h2><\/div>\n<div class=\"fusion-tabs fusion-tabs-1 classic comerc vertical-tabs icon-position-left mobile-mode-accordion\" style=\"--awb-title-border-radius-top-left:0px;--awb-title-border-radius-top-right:0px;--awb-title-border-radius-bottom-right:0px;--awb-title-border-radius-bottom-left:0px;--awb-alignment:start;--awb-inactive-color:#f2f2ef;--awb-background-color:#ffffff;--awb-border-color:#e2e2e2;--awb-active-border-color:#0089ff;\"><div class=\"nav\"><ul class=\"nav-tabs\" role=\"tablist\"><li class=\"active\" role=\"presentation\"><a class=\"tab-link\" data-toggle=\"tab\" role=\"tab\" aria-controls=\"tab-15290f04b979c6b28bd\" aria-selected=\"true\" id=\"fusion-tab-presentaci\u00f3n\" href=\"#tab-15290f04b979c6b28bd\"><h4 class=\"fusion-tab-heading\"><i class=\"fontawesome-icon fa-chalkboard fas\" aria-hidden=\"true\" style=\"font-size:16px;\"><\/i>Presentaci\u00f3n<\/h4><\/a><\/li><li role=\"presentation\"><a class=\"tab-link\" data-toggle=\"tab\" role=\"tab\" aria-controls=\"tab-995c7a601c2bee22d18\" aria-selected=\"false\" tabindex=\"-1\" id=\"fusion-tab-duraci\u00f3ndelciclo\" href=\"#tab-995c7a601c2bee22d18\"><h4 class=\"fusion-tab-heading\"><i class=\"fontawesome-icon fa-hourglass-half fas\" aria-hidden=\"true\" style=\"font-size:16px;\"><\/i>  Duraci\u00f3n del ciclo<\/h4><\/a><\/li><li role=\"presentation\"><a class=\"tab-link\" data-toggle=\"tab\" role=\"tab\" aria-controls=\"tab-375d82bf59e79203c7a\" aria-selected=\"false\" tabindex=\"-1\" id=\"fusion-tab-asignaturas\" href=\"#tab-375d82bf59e79203c7a\"><h4 class=\"fusion-tab-heading\"><i class=\"fontawesome-icon fa-book fas\" aria-hidden=\"true\" style=\"font-size:16px;\"><\/i>Asignaturas<\/h4><\/a><\/li><li role=\"presentation\"><a class=\"tab-link\" data-toggle=\"tab\" role=\"tab\" aria-controls=\"tab-c17636283c4dd5ae76e\" aria-selected=\"false\" tabindex=\"-1\" id=\"fusion-tab-\u00bfqu\u00e9aprender\u00e1s?\" href=\"#tab-c17636283c4dd5ae76e\"><h4 class=\"fusion-tab-heading\"><i class=\"fontawesome-icon fa-brain fas\" aria-hidden=\"true\" style=\"font-size:16px;\"><\/i> \u00bfQu\u00e9 aprender\u00e1s?<\/h4><\/a><\/li><li role=\"presentation\"><a class=\"tab-link\" data-toggle=\"tab\" role=\"tab\" aria-controls=\"tab-87a9ea128ae9ad568a3\" aria-selected=\"false\" tabindex=\"-1\" id=\"fusion-tab-titulaci\u00f3nobtenida\" href=\"#tab-87a9ea128ae9ad568a3\"><h4 class=\"fusion-tab-heading\"><i class=\"fontawesome-icon fa-award fas\" aria-hidden=\"true\" style=\"font-size:16px;\"><\/i> Titulaci\u00f3n obtenida<\/h4><\/a><\/li><li role=\"presentation\"><a class=\"tab-link\" data-toggle=\"tab\" role=\"tab\" aria-controls=\"tab-d96f23a88083ccea8b5\" aria-selected=\"false\" tabindex=\"-1\" id=\"fusion-tab-requisitosdeacceso\" href=\"#tab-d96f23a88083ccea8b5\"><h4 class=\"fusion-tab-heading\"><i class=\"fontawesome-icon fa-tasks fas\" aria-hidden=\"true\" style=\"font-size:16px;\"><\/i>Requisitos de acceso<\/h4><\/a><\/li><\/ul><\/div><div class=\"tab-content\"><div class=\"nav fusion-mobile-tab-nav\"><ul class=\"nav-tabs\" role=\"tablist\"><li class=\"active\" role=\"presentation\"><a class=\"tab-link\" data-toggle=\"tab\" role=\"tab\" aria-controls=\"tab-15290f04b979c6b28bd\" aria-selected=\"true\" id=\"mobile-fusion-tab-presentaci\u00f3n\" href=\"#tab-15290f04b979c6b28bd\"><h4 class=\"fusion-tab-heading\"><i class=\"fontawesome-icon fa-chalkboard fas\" aria-hidden=\"true\" style=\"font-size:16px;\"><\/i>Presentaci\u00f3n<\/h4><\/a><\/li><\/ul><\/div><div class=\"tab-pane fade fusion-clearfix in active\" role=\"tabpanel\" tabindex=\"0\" aria-labelledby=\"fusion-tab-presentaci\u00f3n\" id=\"tab-15290f04b979c6b28bd\">\n<p data-start=\"248\" data-end=\"466\"><strong>El Curso de Especializaci\u00f3n en Comercio Electr\u00f3nico est\u00e1 pensado para personas que desean especializarse en la creaci\u00f3n, gesti\u00f3n y optimizaci\u00f3n de tiendas online y en la venta de productos y servicios a trav\u00e9s de internet.<\/strong><\/p>\n<p data-start=\"468\" data-end=\"940\">En un contexto en el que cada vez m\u00e1s empresas desarrollan su negocio en entornos digitales, el comercio electr\u00f3nico se ha convertido en una pieza clave para la competitividad de las organizaciones. Este curso te permitir\u00e1 adquirir las competencias necesarias para <strong data-start=\"724\" data-end=\"899\">administrar plataformas de e-commerce, gestionar estrategias de venta digital, optimizar la log\u00edstica de pedidos y mejorar la experiencia de compra de la clientela online<\/strong> . <\/p>\n<p data-start=\"942\" data-end=\"1291\">Durante la formaci\u00f3n, trabajar\u00e1s con herramientas y plataformas digitales para configurar tiendas online, analizar el comportamiento de los usuarios, dise\u00f1ar estrategias de captaci\u00f3n de tr\u00e1fico y optimizar el rendimiento de las ventas digitales. Tambi\u00e9n aprender\u00e1s a coordinar los procesos log\u00edsticos y gestionar la atenci\u00f3n al cliente en entornos de comercio electr\u00f3nico. <\/p>\n<p data-start=\"1293\" data-end=\"1487\">Este curso es ideal para personas que quieren especializarse en <strong data-start=\"1359\" data-end=\"1419\">e-commerce, marketing digital y gesti\u00f3n de ventas online<\/strong> , \u00e1mbitos con una gran demanda de profesionales en el mercado laboral.<\/p>\n<\/div><div class=\"nav fusion-mobile-tab-nav\"><ul class=\"nav-tabs\" role=\"tablist\"><li role=\"presentation\"><a class=\"tab-link\" data-toggle=\"tab\" role=\"tab\" aria-controls=\"tab-995c7a601c2bee22d18\" aria-selected=\"false\" tabindex=\"-1\" id=\"mobile-fusion-tab-duraci\u00f3ndelciclo\" href=\"#tab-995c7a601c2bee22d18\"><h4 class=\"fusion-tab-heading\"><i class=\"fontawesome-icon fa-hourglass-half fas\" aria-hidden=\"true\" style=\"font-size:16px;\"><\/i>  Duraci\u00f3n del ciclo<\/h4><\/a><\/li><\/ul><\/div><div class=\"tab-pane fade fusion-clearfix\" role=\"tabpanel\" tabindex=\"0\" aria-labelledby=\"fusion-tab-duraci\u00f3ndelciclo\" id=\"tab-995c7a601c2bee22d18\">\n<p data-start=\"66\" data-end=\"239\">El <strong data-start=\"69\" data-end=\"116\">Curso de Especializaci\u00f3n en Comercio Electr\u00f3nico<\/strong> tiene una duraci\u00f3n total de <strong data-start=\"140\" data-end=\"153\">700 horas<\/strong> , distribuidas a lo largo de un <strong data-start=\"182\" data-end=\"198\">a\u00f1o acad\u00e9mico<\/strong> .<\/p>\n<p data-start=\"241\" data-end=\"401\">Estas horas se reparten entre formaci\u00f3n en el centro educativo y estancia en empresa dentro de los distintos m\u00f3dulos del curso.<\/p>\n<\/div><div class=\"nav fusion-mobile-tab-nav\"><ul class=\"nav-tabs\" role=\"tablist\"><li role=\"presentation\"><a class=\"tab-link\" data-toggle=\"tab\" role=\"tab\" aria-controls=\"tab-375d82bf59e79203c7a\" aria-selected=\"false\" tabindex=\"-1\" id=\"mobile-fusion-tab-asignaturas\" href=\"#tab-375d82bf59e79203c7a\"><h4 class=\"fusion-tab-heading\"><i class=\"fontawesome-icon fa-book fas\" aria-hidden=\"true\" style=\"font-size:16px;\"><\/i>Asignaturas<\/h4><\/a><\/li><\/ul><\/div><div class=\"tab-pane fade fusion-clearfix\" role=\"tabpanel\" tabindex=\"0\" aria-labelledby=\"fusion-tab-asignaturas\" id=\"tab-375d82bf59e79203c7a\">\n<ul>\n<li data-start=\"1515\" data-end=\"1566\">Administraci\u00f3n de plataformas de comercio electr\u00f3nico<\/li>\n<li data-start=\"1569\" data-end=\"1632\">Gesti\u00f3n del marketing relacional aplicado al comercio electr\u00f3nico<\/li>\n<li data-start=\"1635\" data-end=\"1668\">Log\u00edstica del comercio electr\u00f3nico<\/li>\n<li data-start=\"1671\" data-end=\"1772\">Atenci\u00f3n al cliente, consumidor y\/o usuario de comercio electr\u00f3nico<\/li>\n<\/ul>\n<\/div><div class=\"nav fusion-mobile-tab-nav\"><ul class=\"nav-tabs\" role=\"tablist\"><li role=\"presentation\"><a class=\"tab-link\" data-toggle=\"tab\" role=\"tab\" aria-controls=\"tab-c17636283c4dd5ae76e\" aria-selected=\"false\" tabindex=\"-1\" id=\"mobile-fusion-tab-\u00bfqu\u00e9aprender\u00e1s?\" href=\"#tab-c17636283c4dd5ae76e\"><h4 class=\"fusion-tab-heading\"><i class=\"fontawesome-icon fa-brain fas\" aria-hidden=\"true\" style=\"font-size:16px;\"><\/i> \u00bfQu\u00e9 aprender\u00e1s?<\/h4><\/a><\/li><\/ul><\/div><div class=\"tab-pane fade fusion-clearfix\" role=\"tabpanel\" tabindex=\"0\" aria-labelledby=\"fusion-tab-\u00bfqu\u00e9aprender\u00e1s?\" id=\"tab-c17636283c4dd5ae76e\">\n<ul>\n<li data-start=\"1798\" data-end=\"1898\">A <strong data-start=\"1800\" data-end=\"1844\">dise\u00f1ar y configurar una tienda online<\/strong> para vender productos o servicios a trav\u00e9s de Internet.<\/li>\n<li data-start=\"1901\" data-end=\"2019\">A <strong data-start=\"1903\" data-end=\"1941\">gestionar plataformas de e-commerce<\/strong> , manteniendo actualizado el cat\u00e1logo de productos y la estructura de la tienda.<\/li>\n<li data-start=\"2022\" data-end=\"2119\">A <strong data-start=\"2024\" data-end=\"2067\">planificar estrategias de venta digital<\/strong> para atraer a visitantes y convertirlos en clientes.<\/li>\n<li data-start=\"2122\" data-end=\"2221\">A <strong data-start=\"2124\" data-end=\"2169\">gestionar campa\u00f1as de marketing digital<\/strong> orientadas a incrementar el tr\u00e1fico y las ventas.<\/li>\n<li data-start=\"2224\" data-end=\"2327\">A <strong data-start=\"2226\" data-end=\"2304\">analizar el comportamiento de los usuarios y los indicadores de rendimiento (KPI)<\/strong> de una tienda online.<\/li>\n<li data-start=\"2330\" data-end=\"2406\">A <strong data-start=\"2332\" data-end=\"2385\">optimizar la experiencia de compra y la conversi\u00f3n<\/strong> en el e-commerce.<\/li>\n<li data-start=\"2409\" data-end=\"2507\">A <strong data-start=\"2411\" data-end=\"2456\">coordinar la log\u00edstica de pedidos online<\/strong> , incluyendo env\u00edos, devoluciones e incidencias.<\/li>\n<li data-start=\"2510\" data-end=\"2650\">A <strong data-start=\"2512\" data-end=\"2565\">gestionar la atenci\u00f3n al cliente en entornos digitales<\/strong> , resolviendo consultas, quejas y reclamaciones.<\/li>\n<\/ul>\n<\/div><div class=\"nav fusion-mobile-tab-nav\"><ul class=\"nav-tabs\" role=\"tablist\"><li role=\"presentation\"><a class=\"tab-link\" data-toggle=\"tab\" role=\"tab\" aria-controls=\"tab-87a9ea128ae9ad568a3\" aria-selected=\"false\" tabindex=\"-1\" id=\"mobile-fusion-tab-titulaci\u00f3nobtenida\" href=\"#tab-87a9ea128ae9ad568a3\"><h4 class=\"fusion-tab-heading\"><i class=\"fontawesome-icon fa-award fas\" aria-hidden=\"true\" style=\"font-size:16px;\"><\/i> Titulaci\u00f3n obtenida<\/h4><\/a><\/li><\/ul><\/div><div class=\"tab-pane fade fusion-clearfix\" role=\"tabpanel\" tabindex=\"0\" aria-labelledby=\"fusion-tab-titulaci\u00f3nobtenida\" id=\"tab-87a9ea128ae9ad568a3\">\n<p data-start=\"421\" data-end=\"650\">Una vez superados estos estudios obtendr\u00e1s el <strong data-start=\"470\" data-end=\"578\">t\u00edtulo homologado de Curso de especializaci\u00f3n de Formaci\u00f3n Profesional de grado superior en Comercio Electr\u00f3nico<\/strong> , expedido por el <strong data-start=\"592\" data-end=\"649\">Departamento de Educaci\u00f3n de la Generalitat de Catalunya<\/strong> .<\/p>\n<p data-start=\"652\" data-end=\"926\">Este t\u00edtulo est\u00e1 establecido en el <strong data-start=\"683\" data-end=\"723\">Real decreto 565\/2024, de 18 de junio<\/strong> , por el que se establece el curso de especializaci\u00f3n de Formaci\u00f3n Profesional de grado superior en Comercio Electr\u00f3nico y se fijan sus aspectos b\u00e1sicos del curr\u00edculo.<\/p>\n<\/div><div class=\"nav fusion-mobile-tab-nav\"><ul class=\"nav-tabs\" role=\"tablist\"><li role=\"presentation\"><a class=\"tab-link\" data-toggle=\"tab\" role=\"tab\" aria-controls=\"tab-d96f23a88083ccea8b5\" aria-selected=\"false\" tabindex=\"-1\" id=\"mobile-fusion-tab-requisitosdeacceso\" href=\"#tab-d96f23a88083ccea8b5\"><h4 class=\"fusion-tab-heading\"><i class=\"fontawesome-icon fa-tasks fas\" aria-hidden=\"true\" style=\"font-size:16px;\"><\/i>Requisitos de acceso<\/h4><\/a><\/li><\/ul><\/div><div class=\"tab-pane fade fusion-clearfix\" role=\"tabpanel\" tabindex=\"0\" aria-labelledby=\"fusion-tab-requisitosdeacceso\" id=\"tab-d96f23a88083ccea8b5\">\n<p data-start=\"256\" data-end=\"459\">Para acceder al <strong data-start=\"271\" data-end=\"318\">Curso de Especializaci\u00f3n en Comercio Electr\u00f3nico<\/strong> es necesario estar en posesi\u00f3n de un <strong data-start=\"347\" data-end=\"402\">t\u00edtulo de t\u00e9cnico\/a superior de Formaci\u00f3n Profesional<\/strong> relacionado con el \u00e1mbito empresarial, comercial o digital.<\/p>\n<p data-start=\"461\" data-end=\"505\">Algunos de los t\u00edtulos que permiten el acceso son:<\/p>\n<ul>\n<li data-start=\"509\" data-end=\"557\">T\u00e9cnico\/a Superior en <strong data-start=\"530\" data-end=\"557\">Marketing y Publicidad<\/strong><\/li>\n<li data-start=\"560\" data-end=\"605\">T\u00e9cnico\/a Superior en <strong data-start=\"581\" data-end=\"605\">Comercio Internacional<\/strong><\/li>\n<li data-start=\"608\" data-end=\"669\">T\u00e9cnico\/a Superior en <strong data-start=\"629\" data-end=\"669\">Gesti\u00f3n de Ventas y Espacios Comerciales<\/strong><\/li>\n<li data-start=\"672\" data-end=\"721\">T\u00e9cnico\/a Superior en <strong data-start=\"693\" data-end=\"721\">Administraci\u00f3n y Finanzas<\/strong><\/li>\n<li data-start=\"724\" data-end=\"770\">T\u00e9cnico\/a Superior en <strong data-start=\"745\" data-end=\"770\">Transporte y Log\u00edstica<\/strong><\/li>\n<li data-start=\"773\" data-end=\"823\">T\u00e9cnico\/a Superior en <strong data-start=\"794\" data-end=\"823\">Asistencia a la Direcci\u00f3n<\/strong><\/li>\n<li data-start=\"826\" data-end=\"918\">Otros t\u00edtulos de grado superior relacionados con la actividad empresarial, comercial o digital.<\/li>\n<\/ul>\n<p data-start=\"920\" data-end=\"1036\">Tambi\u00e9n pueden establecerse otras v\u00edas de acceso seg\u00fan la normativa vigente y los criterios de administraci\u00f3n educativa.<\/p>\n<\/div><\/div><\/div><\/div><\/div><div class=\"fusion-layout-column fusion_builder_column fusion-builder-column-4 fusion_builder_column_1_1 1_1 fusion-flex-column\" style=\"--awb-bg-size:cover;--awb-width-large:100%;--awb-margin-top-large:0px;--awb-spacing-right-large:1.92%;--awb-margin-bottom-large:20px;--awb-spacing-left-large:1.92%;--awb-width-medium:100%;--awb-order-medium:0;--awb-spacing-right-medium:1.92%;--awb-spacing-left-medium:1.92%;--awb-width-small:100%;--awb-order-small:0;--awb-spacing-right-small:1.92%;--awb-spacing-left-small:1.92%;\"><div class=\"fusion-column-wrapper fusion-column-has-shadow fusion-flex-justify-content-flex-start fusion-content-layout-column\"><div class=\"fusion-title title fusion-title-4 fusion-sep-none fusion-title-center fusion-title-text fusion-title-size-two\"><h2 class=\"fusion-title-heading title-heading-center fusion-responsive-typography-calculated\" style=\"margin:0;--fontSize:40;line-height:1.2;\"><strong>Perfiles profesionales<\/strong> a los que optar\u00e1s<\/h2><\/div><div class=\"fusion-text fusion-text-6\" style=\"--awb-content-alignment:center;\"><p>Descubre la combinaci\u00f3n de capacidades t\u00e9cnicas y habilidades personales que componen tu perfil profesional.<\/p>\n<\/div><\/div><\/div>\n<\/div><\/div><div class=\"fusion-fullwidth fullwidth-box fusion-builder-row-2 fusion-flex-container cont-comerc nonhundred-percent-fullwidth non-hundred-percent-height-scrolling\" style=\"--awb-border-color:#0089ff;--awb-border-radius-top-left:0px;--awb-border-radius-top-right:0px;--awb-border-radius-bottom-right:0px;--awb-border-radius-bottom-left:0px;--awb-flex-wrap:wrap;\" ><div class=\"fusion-builder-row fusion-row fusion-flex-align-items-flex-end fusion-flex-content-wrap\" style=\"max-width:1248px;margin-left: calc(-4% \/ 2 );margin-right: calc(-4% \/ 2 );\"><div class=\"fusion-layout-column fusion_builder_column fusion-builder-column-5 fusion_builder_column_2_5 2_5 fusion-flex-column\" style=\"--awb-bg-size:cover;--awb-width-large:40%;--awb-margin-top-large:0px;--awb-spacing-right-large:4.8%;--awb-margin-bottom-large:0px;--awb-spacing-left-large:4.8%;--awb-width-medium:40%;--awb-order-medium:0;--awb-spacing-right-medium:4.8%;--awb-spacing-left-medium:4.8%;--awb-width-small:100%;--awb-order-small:0;--awb-spacing-right-small:1.92%;--awb-spacing-left-small:1.92%;\"><div class=\"fusion-column-wrapper fusion-column-has-shadow fusion-flex-justify-content-flex-end fusion-content-layout-column\"><div class=\"fusion-image-before-after-wrapper type-switch hover-type-together fusion-image-before-after-wrapper-1\" style=\"--awb-font-size:14px;--awb-bordersize:0px;--awb-accent-color-bg:rgba(255,255,255,0.15);--awb-transition-time:0.3s;\"><div class=\"fusion-image-before-after-element fusion-image-switch fusion-image-before-after-1\"><img decoding=\"async\" class=\"fusion-image-switch-before\" src=\"https:\/\/politecnics.barcelona\/wp-content\/uploads\/TONA.png\" width=\"1240\" height=\"1748\"><img decoding=\"async\" class=\"fusion-image-switch-after\" src=\"https:\/\/politecnics.barcelona\/wp-content\/uploads\/TONA-2.png\" width=\"1240\" height=\"1748\"><\/a><\/div><\/div><\/div><\/div><div class=\"fusion-layout-column fusion_builder_column fusion-builder-column-6 fusion_builder_column_3_5 3_5 fusion-flex-column\" style=\"--awb-bg-size:cover;--awb-width-large:60%;--awb-margin-top-large:0px;--awb-spacing-right-large:3.2%;--awb-margin-bottom-large:20px;--awb-spacing-left-large:3.2%;--awb-width-medium:60%;--awb-order-medium:0;--awb-spacing-right-medium:3.2%;--awb-spacing-left-medium:3.2%;--awb-width-small:100%;--awb-order-small:0;--awb-spacing-right-small:1.92%;--awb-spacing-left-small:1.92%;\"><div class=\"fusion-column-wrapper fusion-column-has-shadow fusion-flex-justify-content-flex-start fusion-content-layout-column\"><div class=\"fusion-title title fusion-title-5 fusion-sep-none fusion-title-rotating fusion-loop-off fusion-title-clipIn fusion-title-size-one\"><h1 class=\"fusion-title-heading title-heading-left fusion-responsive-typography-calculated\" style=\"margin:0;--fontSize:60;line-height:1.2;\"><span class=\"fusion-animated-text-prefix\"><\/span> <span class=\"fusion-animated-texts-wrapper\" style=\"text-align: center;\" data-length=\"line\" data-minDisplayTime=\"1200\"><span class=\"fusion-animated-texts\"><span data-in-effect=\"clipIn\" class=\"fusion-animated-text\" data-in-sequence=\"true\" data-out-reverse=\"true\" data-out-effect=\"clipOut\">Gesti\u00f3n de e-commerce<\/span><\/span><\/span> <span class=\"fusion-animated-text-postfix\"><\/span><\/h1><\/div><div class=\"fusion-builder-row fusion-builder-row-inner fusion-row fusion-flex-align-items-flex-end fusion-flex-content-wrap\" style=\"width:104% !important;max-width:104% !important;margin-left: calc(-4% \/ 2 );margin-right: calc(-4% \/ 2 );\"><div class=\"fusion-layout-column fusion_builder_column_inner fusion-builder-nested-column-0 fusion_builder_column_inner_3_5 3_5 fusion-flex-column fusion-flex-align-self-flex-start fusion-animated\" style=\"--awb-bg-size:cover;--awb-width-large:60%;--awb-margin-top-large:0px;--awb-spacing-right-large:3.2%;--awb-margin-bottom-large:20px;--awb-spacing-left-large:3.2%;--awb-width-medium:60%;--awb-order-medium:0;--awb-spacing-right-medium:3.2%;--awb-spacing-left-medium:3.2%;--awb-width-small:100%;--awb-order-small:0;--awb-spacing-right-small:1.92%;--awb-spacing-left-small:1.92%;\" data-animationType=\"fadeInLeft\" data-animationDuration=\"0.3\" data-animationOffset=\"top-into-view\"><div class=\"fusion-column-wrapper fusion-column-has-shadow fusion-flex-justify-content-flex-start fusion-content-layout-column\"><div class=\"fusion-text fusion-text-7 fusion-text-no-margin tit-perfils\" style=\"--awb-margin-bottom:20px;\"><h4><i class=\"fb-icon-element-2 fb-icon-element fontawesome-icon fa-users fas circle-no fusion-text-flow\" style=\"--awb-iconcolor-hover:#0089ff;--awb-font-size:18px;--awb-margin-right:9px;\"><\/i> <strong>Salidas profesionales<\/strong><\/h4>\n<\/div>\n<div class=\"fusion-text fusion-text-8\"><ul>\n<li data-start=\"3087\" data-end=\"3113\">Responsable de e-commerce<\/li>\n<li data-start=\"3116\" data-end=\"3143\">Gestor\/a de tienda online<\/li>\n<li data-start=\"3146\" data-end=\"3213\">Gestor\/a de cat\u00e1logo digital<\/li>\n<\/ul>\n<\/div><div class=\"fusion-text fusion-text-9 tit-perfils\"><h4><strong><i class=\"fb-icon-element-3 fb-icon-element fontawesome-icon fa-book fas circle-no fusion-text-flow\" style=\"--awb-iconcolor-hover:#0089ff;--awb-font-size:18px;--awb-margin-right:9px;\"><\/i> Asignaturas destacadas<\/strong><\/h4>\n<\/div>\n<div class=\"fusion-text fusion-text-10\"><ul>\n<li data-start=\"3241\" data-end=\"3292\">Administraci\u00f3n de plataformas de comercio electr\u00f3nico<\/li>\n<li data-start=\"3295\" data-end=\"3328\">Log\u00edstica del comercio electr\u00f3nico<\/li>\n<li data-start=\"3331\" data-end=\"3394\">Gesti\u00f3n del marketing relacional aplicado al comercio electr\u00f3nico<\/li>\n<li data-start=\"3397\" data-end=\"3435\">Atenci\u00f3n al cliente de comercio electr\u00f3nico<\/li>\n<\/ul>\n<\/div><\/div><\/div><div class=\"fusion-layout-column fusion_builder_column_inner fusion-builder-nested-column-1 fusion_builder_column_inner_2_5 2_5 fusion-flex-column fusion-flex-align-self-flex-start fusion-animated\" style=\"--awb-bg-size:cover;--awb-width-large:40%;--awb-margin-top-large:0px;--awb-spacing-right-large:4.8%;--awb-margin-bottom-large:20px;--awb-spacing-left-large:4.8%;--awb-width-medium:40%;--awb-order-medium:0;--awb-spacing-right-medium:4.8%;--awb-spacing-left-medium:4.8%;--awb-width-small:100%;--awb-order-small:0;--awb-spacing-right-small:1.92%;--awb-spacing-left-small:1.92%;\" data-animationType=\"fadeInRight\" data-animationDuration=\"0.3\" data-animationOffset=\"top-into-view\"><div class=\"fusion-column-wrapper fusion-column-has-shadow fusion-flex-justify-content-flex-start fusion-content-layout-column\"><div class=\"fusion-text fusion-text-11 tit-perfils\" style=\"--awb-content-alignment:center;\"><h4><strong>Habilidades personales adquiridas<\/strong><\/h4>\n<\/div>\n<style type=\"text\/css\">#fusion-chart-1 .fusion-chart-legend-wrap li:nth-child(1) span{color: #ffffff;}<\/style><div id=\"fusion-chart-1\" class=\"fusion-chart legend-bottom\" data-type=\"radar\" data-chart_legend_position=\"bottom\" data-x_axis_labels=\"F|R|A|S|E\" data-show_tooltips=\"no\" data-bg_colors=\"rgba(0,188,212,1)|rgba(139,195,74,1)|rgba(157,73,183,1)|rgba(255,152,0,1)|rgba(255,0,0,1)\" data-border_colors=\"rgba(0,188,212,1)|rgba(139,195,74,1)|rgba(157,73,183,1)|rgba(255,152,0,1)|rgba(255,0,0,1)\" data-border_size=\"1\" data-border_type=\"smooth\" data-chart_fill=\"off\" data-chart_point_style=\"circle\" data-chart_point_size=\"3\" data-chart_axis_text_color=\"rgba(255,255,255,0)\" data-chart_gridline_color=\"rgba(0,0,0,0.1)\"><div class=\"fusion-chart-dataset\" data-label=\"F - R - A - S - E\" data-values=\"7|9|8|6|8\" data-background_color=\"rgba(203,15,34,1)\"><\/div><div class=\"fusion-chart-inner\"><div class=\"fusion-chart-wrap\"><canvas><\/canvas><\/div><div class=\"fusion-chart-legend-wrap\"><\/div><\/div><\/div><div class=\"fusion-text fusion-text-12\" style=\"--awb-content-alignment:center;--awb-font-size:14px;\"><p><strong>F<\/strong>lexibilidad \/ <strong>R<\/strong>esponsabilidad<br \/>\n<strong>A<\/strong>utonom\u00eda \/ <strong>S<\/strong>ociabilidad \/ <strong>E<\/strong>voluci\u00f3n<\/p>\n<\/div>\n<\/div><\/div><\/div><\/div><\/div><div class=\"fusion-layout-column fusion_builder_column fusion-builder-column-7 fusion_builder_column_1_1 1_1 fusion-flex-column\" style=\"--awb-bg-size:cover;--awb-width-large:100%;--awb-margin-top-large:0px;--awb-spacing-right-large:1.92%;--awb-margin-bottom-large:20px;--awb-spacing-left-large:1.92%;--awb-width-medium:100%;--awb-order-medium:0;--awb-spacing-right-medium:1.92%;--awb-spacing-left-medium:1.92%;--awb-width-small:100%;--awb-order-small:3;--awb-spacing-right-small:1.92%;--awb-spacing-left-small:1.92%;\"><div class=\"fusion-column-wrapper fusion-column-has-shadow fusion-flex-justify-content-flex-start fusion-content-layout-column\"><div class=\"fusion-separator fusion-full-width-sep\" style=\"align-self: center;margin-left: auto;margin-right: auto;margin-top:0px;margin-bottom:0px;width:100%;\"><div class=\"fusion-separator-border sep-single sep-solid\" style=\"--awb-height:20px;--awb-amount:20px;border-color:#0089ff;border-top-width:1px;\"><\/div><\/div><\/div><\/div>\n<\/div><\/div><div class=\"fusion-fullwidth fullwidth-box fusion-builder-row-3 fusion-flex-container cont-comerc nonhundred-percent-fullwidth non-hundred-percent-height-scrolling\" style=\"--awb-border-color:#0089ff;--awb-border-radius-top-left:0px;--awb-border-radius-top-right:0px;--awb-border-radius-bottom-right:0px;--awb-border-radius-bottom-left:0px;--awb-flex-wrap:wrap;\" ><div class=\"fusion-builder-row fusion-row fusion-flex-align-items-flex-end fusion-flex-content-wrap\" style=\"max-width:1248px;margin-left: calc(-4% \/ 2 );margin-right: calc(-4% \/ 2 );\"><div class=\"fusion-layout-column fusion_builder_column fusion-builder-column-8 fusion_builder_column_3_5 3_5 fusion-flex-column\" style=\"--awb-bg-size:cover;--awb-width-large:60%;--awb-margin-top-large:0px;--awb-spacing-right-large:3.2%;--awb-margin-bottom-large:20px;--awb-spacing-left-large:3.2%;--awb-width-medium:60%;--awb-order-medium:0;--awb-spacing-right-medium:3.2%;--awb-spacing-left-medium:3.2%;--awb-width-small:100%;--awb-order-small:2;--awb-spacing-right-small:1.92%;--awb-spacing-left-small:1.92%;\"><div class=\"fusion-column-wrapper fusion-column-has-shadow fusion-flex-justify-content-flex-start fusion-content-layout-column\"><div class=\"fusion-title title fusion-title-6 fusion-sep-none fusion-title-rotating fusion-loop-off fusion-title-clipIn fusion-title-size-one\"><h1 class=\"fusion-title-heading title-heading-left fusion-responsive-typography-calculated\" style=\"margin:0;--fontSize:60;line-height:1.2;\"><span class=\"fusion-animated-text-prefix\"><\/span> <span class=\"fusion-animated-texts-wrapper\" style=\"text-align: center;\" data-length=\"line\" data-minDisplayTime=\"1200\"><span class=\"fusion-animated-texts\"><span data-in-effect=\"clipIn\" class=\"fusion-animated-text\" data-in-sequence=\"true\" data-out-reverse=\"true\" data-out-effect=\"clipOut\">Estrategia digital<\/span><\/span><\/span> <span class=\"fusion-animated-text-postfix\"><\/span><\/h1><\/div><div class=\"fusion-builder-row fusion-builder-row-inner fusion-row fusion-flex-align-items-flex-end fusion-flex-content-wrap\" style=\"width:104% !important;max-width:104% !important;margin-left: calc(-4% \/ 2 );margin-right: calc(-4% \/ 2 );\"><div class=\"fusion-layout-column fusion_builder_column_inner fusion-builder-nested-column-2 fusion_builder_column_inner_3_5 3_5 fusion-flex-column fusion-flex-align-self-flex-start fusion-animated\" style=\"--awb-bg-size:cover;--awb-width-large:60%;--awb-margin-top-large:0px;--awb-spacing-right-large:3.2%;--awb-margin-bottom-large:20px;--awb-spacing-left-large:3.2%;--awb-width-medium:60%;--awb-order-medium:0;--awb-spacing-right-medium:3.2%;--awb-spacing-left-medium:3.2%;--awb-width-small:100%;--awb-order-small:0;--awb-spacing-right-small:1.92%;--awb-spacing-left-small:1.92%;\" data-animationType=\"fadeInLeft\" data-animationDuration=\"0.3\" data-animationOffset=\"top-into-view\"><div class=\"fusion-column-wrapper fusion-column-has-shadow fusion-flex-justify-content-flex-start fusion-content-layout-column\"><div class=\"fusion-text fusion-text-13 fusion-text-no-margin tit-perfils\" style=\"--awb-margin-bottom:20px;\"><h4><i class=\"fb-icon-element-4 fb-icon-element fontawesome-icon fa-users fas circle-no fusion-text-flow\" style=\"--awb-iconcolor-hover:#0089ff;--awb-font-size:18px;--awb-margin-right:9px;\"><\/i> <strong>Salidas profesionales<\/strong><\/h4>\n<\/div>\n<div class=\"fusion-text fusion-text-14\"><ul>\n<li data-start=\"3652\" data-end=\"3688\">Especialista en marketing digital<\/li>\n<li data-start=\"3691\" data-end=\"3724\">Especialista en conversi\u00f3n (CRO)<\/li>\n<li data-start=\"3727\" data-end=\"3797\">Gestor\/a de campa\u00f1as digitales<\/li>\n<\/ul>\n<\/div><div class=\"fusion-text fusion-text-15 tit-perfils\"><h4><strong><i class=\"fb-icon-element-5 fb-icon-element fontawesome-icon fa-book fas circle-no fusion-text-flow\" style=\"--awb-iconcolor-hover:#0089ff;--awb-font-size:18px;--awb-margin-right:9px;\"><\/i> Asignaturas destacadas<\/strong><\/h4>\n<\/div>\n<div class=\"fusion-text fusion-text-16\"><ul>\n<li data-start=\"3825\" data-end=\"3888\">Gesti\u00f3n del marketing relacional aplicado al comercio electr\u00f3nico<\/li>\n<li data-start=\"3891\" data-end=\"3942\">Administraci\u00f3n de plataformas de comercio electr\u00f3nico<\/li>\n<li data-start=\"3945\" data-end=\"3978\">Log\u00edstica del comercio electr\u00f3nico<\/li>\n<li data-start=\"3981\" data-end=\"4019\">Atenci\u00f3n al cliente de comercio electr\u00f3nico<\/li>\n<\/ul>\n<\/div><\/div><\/div><div class=\"fusion-layout-column fusion_builder_column_inner fusion-builder-nested-column-3 fusion_builder_column_inner_2_5 2_5 fusion-flex-column fusion-flex-align-self-flex-start fusion-animated\" style=\"--awb-bg-size:cover;--awb-width-large:40%;--awb-margin-top-large:0px;--awb-spacing-right-large:4.8%;--awb-margin-bottom-large:20px;--awb-spacing-left-large:4.8%;--awb-width-medium:40%;--awb-order-medium:0;--awb-spacing-right-medium:4.8%;--awb-spacing-left-medium:4.8%;--awb-width-small:100%;--awb-order-small:0;--awb-spacing-right-small:1.92%;--awb-spacing-left-small:1.92%;\" data-animationType=\"fadeInRight\" data-animationDuration=\"0.3\" data-animationOffset=\"top-into-view\"><div class=\"fusion-column-wrapper fusion-column-has-shadow fusion-flex-justify-content-flex-start fusion-content-layout-column\"><div class=\"fusion-text fusion-text-17 tit-perfils\" style=\"--awb-content-alignment:center;\"><h4><strong>Habilidades personales adquiridas<\/strong><\/h4>\n<\/div>\n<style type=\"text\/css\">#fusion-chart-2 .fusion-chart-legend-wrap li:nth-child(1) span{color: #ffffff;}<\/style><div id=\"fusion-chart-2\" class=\"fusion-chart legend-bottom\" data-type=\"radar\" data-chart_legend_position=\"bottom\" data-x_axis_labels=\"F|R|A|S|E\" data-show_tooltips=\"no\" data-bg_colors=\"rgba(0,188,212,1)|rgba(139,195,74,1)|rgba(157,73,183,1)|rgba(255,152,0,1)|rgba(255,0,0,1)\" data-border_colors=\"rgba(0,188,212,1)|rgba(139,195,74,1)|rgba(157,73,183,1)|rgba(255,152,0,1)|rgba(255,0,0,1)\" data-border_size=\"1\" data-border_type=\"smooth\" data-chart_fill=\"off\" data-chart_point_style=\"circle\" data-chart_point_size=\"3\" data-chart_axis_text_color=\"rgba(255,255,255,0)\" data-chart_gridline_color=\"rgba(0,0,0,0.1)\"><div class=\"fusion-chart-dataset\" data-label=\"F - R - A - S - E\" data-values=\"8|4|7|6|5\" data-background_color=\"rgba(203,15,34,1)\"><\/div><div class=\"fusion-chart-inner\"><div class=\"fusion-chart-wrap\"><canvas><\/canvas><\/div><div class=\"fusion-chart-legend-wrap\"><\/div><\/div><\/div><div class=\"fusion-text fusion-text-18\" style=\"--awb-content-alignment:center;--awb-font-size:14px;\"><p><strong>F<\/strong>lexibilidad \/ <strong>R<\/strong>esponsabilidad<br \/>\n<strong>A<\/strong>utonom\u00eda \/ <strong>S<\/strong>ociabilidad \/ <strong>E<\/strong>voluci\u00f3n<\/p>\n<\/div>\n<\/div><\/div><\/div><\/div><\/div><div class=\"fusion-layout-column fusion_builder_column fusion-builder-column-9 fusion_builder_column_2_5 2_5 fusion-flex-column\" style=\"--awb-bg-size:cover;--awb-width-large:40%;--awb-margin-top-large:0px;--awb-spacing-right-large:4.8%;--awb-margin-bottom-large:0px;--awb-spacing-left-large:4.8%;--awb-width-medium:40%;--awb-order-medium:0;--awb-spacing-right-medium:4.8%;--awb-spacing-left-medium:4.8%;--awb-width-small:100%;--awb-order-small:0;--awb-spacing-right-small:1.92%;--awb-spacing-left-small:1.92%;\"><div class=\"fusion-column-wrapper fusion-column-has-shadow fusion-flex-justify-content-flex-end fusion-content-layout-column\"><div class=\"fusion-image-before-after-wrapper type-switch hover-type-together fusion-image-before-after-wrapper-2\" style=\"--awb-font-size:14px;--awb-bordersize:0px;--awb-accent-color-bg:rgba(255,255,255,0.15);--awb-transition-time:0.3s;\"><div class=\"fusion-image-before-after-element fusion-image-switch fusion-image-before-after-2\"><img decoding=\"async\" class=\"fusion-image-switch-before\" src=\"https:\/\/politecnics.barcelona\/wp-content\/uploads\/DALIA-3.png\" width=\"1240\" height=\"1748\"><img decoding=\"async\" class=\"fusion-image-switch-after\" src=\"https:\/\/politecnics.barcelona\/wp-content\/uploads\/DALIA-4.png\" width=\"1240\" height=\"1748\"><\/a><\/div><\/div><\/div><\/div><div class=\"fusion-layout-column fusion_builder_column fusion-builder-column-10 fusion_builder_column_1_1 1_1 fusion-flex-column\" style=\"--awb-bg-size:cover;--awb-width-large:100%;--awb-margin-top-large:0px;--awb-spacing-right-large:1.92%;--awb-margin-bottom-large:20px;--awb-spacing-left-large:1.92%;--awb-width-medium:100%;--awb-order-medium:0;--awb-spacing-right-medium:1.92%;--awb-spacing-left-medium:1.92%;--awb-width-small:100%;--awb-order-small:3;--awb-spacing-right-small:1.92%;--awb-spacing-left-small:1.92%;\"><div class=\"fusion-column-wrapper fusion-column-has-shadow fusion-flex-justify-content-flex-start fusion-content-layout-column\"><div class=\"fusion-separator fusion-full-width-sep\" style=\"align-self: center;margin-left: auto;margin-right: auto;margin-top:0px;margin-bottom:0px;width:100%;\"><div class=\"fusion-separator-border sep-single sep-solid\" style=\"--awb-height:20px;--awb-amount:20px;border-color:#0089ff;border-top-width:1px;\"><\/div><\/div><\/div><\/div>\n<\/div><\/div><div class=\"fusion-fullwidth fullwidth-box fusion-builder-row-4 fusion-flex-container cont-comerc nonhundred-percent-fullwidth non-hundred-percent-height-scrolling\" style=\"--awb-border-color:#0089ff;--awb-border-radius-top-left:0px;--awb-border-radius-top-right:0px;--awb-border-radius-bottom-right:0px;--awb-border-radius-bottom-left:0px;--awb-flex-wrap:wrap;\" ><div class=\"fusion-builder-row fusion-row fusion-flex-align-items-flex-end fusion-flex-content-wrap\" style=\"max-width:1248px;margin-left: calc(-4% \/ 2 );margin-right: calc(-4% \/ 2 );\"><div class=\"fusion-layout-column fusion_builder_column fusion-builder-column-11 fusion_builder_column_2_5 2_5 fusion-flex-column\" style=\"--awb-bg-size:cover;--awb-width-large:40%;--awb-margin-top-large:0px;--awb-spacing-right-large:4.8%;--awb-margin-bottom-large:0px;--awb-spacing-left-large:4.8%;--awb-width-medium:40%;--awb-order-medium:0;--awb-spacing-right-medium:4.8%;--awb-spacing-left-medium:4.8%;--awb-width-small:100%;--awb-order-small:0;--awb-spacing-right-small:1.92%;--awb-spacing-left-small:1.92%;\"><div class=\"fusion-column-wrapper fusion-column-has-shadow fusion-flex-justify-content-flex-end fusion-content-layout-column\"><div class=\"fusion-image-before-after-wrapper type-switch hover-type-together fusion-image-before-after-wrapper-3\" style=\"--awb-font-size:14px;--awb-bordersize:0px;--awb-accent-color-bg:rgba(255,255,255,0.15);--awb-transition-time:0.3s;\"><div class=\"fusion-image-before-after-element fusion-image-switch fusion-image-before-after-3\"><img decoding=\"async\" class=\"fusion-image-switch-before\" src=\"https:\/\/politecnics.barcelona\/wp-content\/uploads\/MARTI.png\" width=\"1240\" height=\"1748\"><img decoding=\"async\" class=\"fusion-image-switch-after\" src=\"https:\/\/politecnics.barcelona\/wp-content\/uploads\/MARTI-2.png\" width=\"1240\" height=\"1748\"><\/a><\/div><\/div><\/div><\/div><div class=\"fusion-layout-column fusion_builder_column fusion-builder-column-12 fusion_builder_column_3_5 3_5 fusion-flex-column\" style=\"--awb-bg-size:cover;--awb-width-large:60%;--awb-margin-top-large:0px;--awb-spacing-right-large:3.2%;--awb-margin-bottom-large:20px;--awb-spacing-left-large:3.2%;--awb-width-medium:60%;--awb-order-medium:0;--awb-spacing-right-medium:3.2%;--awb-spacing-left-medium:3.2%;--awb-width-small:100%;--awb-order-small:0;--awb-spacing-right-small:1.92%;--awb-spacing-left-small:1.92%;\"><div class=\"fusion-column-wrapper fusion-column-has-shadow fusion-flex-justify-content-flex-start fusion-content-layout-column\"><div class=\"fusion-title title fusion-title-7 fusion-sep-none fusion-title-rotating fusion-loop-off fusion-title-clipIn fusion-title-size-one\"><h1 class=\"fusion-title-heading title-heading-left fusion-responsive-typography-calculated\" style=\"margin:0;--fontSize:60;line-height:1.2;\"><span class=\"fusion-animated-text-prefix\"><\/span> <span class=\"fusion-animated-texts-wrapper\" style=\"text-align: center;\" data-length=\"line\" data-minDisplayTime=\"1200\"><span class=\"fusion-animated-texts\"><span data-in-effect=\"clipIn\" class=\"fusion-animated-text\" data-in-sequence=\"true\" data-out-reverse=\"true\" data-out-effect=\"clipOut\">Operaciones de comercio electr\u00f3nico<\/span><\/span><\/span> <span class=\"fusion-animated-text-postfix\"><\/span><\/h1><\/div><div class=\"fusion-builder-row fusion-builder-row-inner fusion-row fusion-flex-align-items-flex-end fusion-flex-content-wrap\" style=\"width:104% !important;max-width:104% !important;margin-left: calc(-4% \/ 2 );margin-right: calc(-4% \/ 2 );\"><div class=\"fusion-layout-column fusion_builder_column_inner fusion-builder-nested-column-4 fusion_builder_column_inner_3_5 3_5 fusion-flex-column fusion-flex-align-self-flex-start fusion-animated\" style=\"--awb-bg-size:cover;--awb-width-large:60%;--awb-margin-top-large:0px;--awb-spacing-right-large:3.2%;--awb-margin-bottom-large:20px;--awb-spacing-left-large:3.2%;--awb-width-medium:60%;--awb-order-medium:0;--awb-spacing-right-medium:3.2%;--awb-spacing-left-medium:3.2%;--awb-width-small:100%;--awb-order-small:0;--awb-spacing-right-small:1.92%;--awb-spacing-left-small:1.92%;\" data-animationType=\"fadeInLeft\" data-animationDuration=\"0.3\" data-animationOffset=\"top-into-view\"><div class=\"fusion-column-wrapper fusion-column-has-shadow fusion-flex-justify-content-flex-start fusion-content-layout-column\"><div class=\"fusion-text fusion-text-19 fusion-text-no-margin tit-perfils\" style=\"--awb-margin-bottom:20px;\"><h4><i class=\"fb-icon-element-6 fb-icon-element fontawesome-icon fa-users fas circle-no fusion-text-flow\" style=\"--awb-iconcolor-hover:#0089ff;--awb-font-size:18px;--awb-margin-right:9px;\"><\/i> <strong>Salidas profesionales<\/strong><\/h4>\n<\/div>\n<div class=\"fusion-text fusion-text-20\"><ul>\n<li data-start=\"4253\" data-end=\"4279\">Gestor\/a de marketplaces<\/li>\n<li data-start=\"4282\" data-end=\"4308\">Responsable de operaciones<\/li>\n<li data-start=\"4311\" data-end=\"4377\">Coordinador\/a de log\u00edstica<\/li>\n<\/ul>\n<\/div><div class=\"fusion-text fusion-text-21 tit-perfils\"><h4><strong><i class=\"fb-icon-element-7 fb-icon-element fontawesome-icon fa-book fas circle-no fusion-text-flow\" style=\"--awb-iconcolor-hover:#0089ff;--awb-font-size:18px;--awb-margin-right:9px;\"><\/i> Asignaturas destacadas<\/strong><\/h4>\n<\/div>\n<div class=\"fusion-text fusion-text-22\"><ul>\n<li data-start=\"4405\" data-end=\"4438\">Log\u00edstica del comercio electr\u00f3nico<\/li>\n<li data-start=\"4441\" data-end=\"4492\">Administraci\u00f3n de plataformas de comercio electr\u00f3nico<\/li>\n<li data-start=\"4495\" data-end=\"4558\">Gesti\u00f3n del marketing relacional aplicado al comercio electr\u00f3nico<\/li>\n<li data-start=\"4561\" data-end=\"4599\">Atenci\u00f3n al cliente de comercio electr\u00f3nico<\/li>\n<\/ul>\n<\/div><\/div><\/div><div class=\"fusion-layout-column fusion_builder_column_inner fusion-builder-nested-column-5 fusion_builder_column_inner_2_5 2_5 fusion-flex-column fusion-flex-align-self-flex-start fusion-animated\" style=\"--awb-bg-size:cover;--awb-width-large:40%;--awb-margin-top-large:0px;--awb-spacing-right-large:4.8%;--awb-margin-bottom-large:20px;--awb-spacing-left-large:4.8%;--awb-width-medium:40%;--awb-order-medium:0;--awb-spacing-right-medium:4.8%;--awb-spacing-left-medium:4.8%;--awb-width-small:100%;--awb-order-small:0;--awb-spacing-right-small:1.92%;--awb-spacing-left-small:1.92%;\" data-animationType=\"fadeInRight\" data-animationDuration=\"0.3\" data-animationOffset=\"top-into-view\"><div class=\"fusion-column-wrapper fusion-column-has-shadow fusion-flex-justify-content-flex-start fusion-content-layout-column\"><div class=\"fusion-text fusion-text-23 tit-perfils\" style=\"--awb-content-alignment:center;\"><h4><strong>Habilidades personales adquiridas<\/strong><\/h4>\n<\/div>\n<style type=\"text\/css\">#fusion-chart-3 .fusion-chart-legend-wrap li:nth-child(1) span{color: #ffffff;}<\/style><div id=\"fusion-chart-3\" class=\"fusion-chart legend-bottom\" data-type=\"radar\" data-chart_legend_position=\"bottom\" data-x_axis_labels=\"F|R|A|S|E\" data-show_tooltips=\"no\" data-bg_colors=\"rgba(0,188,212,1)|rgba(139,195,74,1)|rgba(157,73,183,1)|rgba(255,152,0,1)|rgba(255,0,0,1)\" data-border_colors=\"rgba(0,188,212,1)|rgba(139,195,74,1)|rgba(157,73,183,1)|rgba(255,152,0,1)|rgba(255,0,0,1)\" data-border_size=\"1\" data-border_type=\"smooth\" data-chart_fill=\"off\" data-chart_point_style=\"circle\" data-chart_point_size=\"3\" data-chart_axis_text_color=\"rgba(255,255,255,0)\" data-chart_gridline_color=\"rgba(0,0,0,0.1)\"><div class=\"fusion-chart-dataset\" data-label=\"F - R - A - S - E\" data-values=\"3|8|6|6|5\" data-background_color=\"rgba(203,15,34,1)\"><\/div><div class=\"fusion-chart-inner\"><div class=\"fusion-chart-wrap\"><canvas><\/canvas><\/div><div class=\"fusion-chart-legend-wrap\"><\/div><\/div><\/div><div class=\"fusion-text fusion-text-24\" style=\"--awb-content-alignment:center;--awb-font-size:14px;\"><p><strong>F<\/strong>lexibilidad \/ <strong>R<\/strong>esponsabilidad<br \/>\n<strong>A<\/strong>utonom\u00eda \/ <strong>S<\/strong>ociabilidad \/ <strong>E<\/strong>voluci\u00f3n<\/p>\n<\/div>\n<\/div><\/div><\/div><\/div><\/div><div class=\"fusion-layout-column fusion_builder_column fusion-builder-column-13 fusion_builder_column_1_1 1_1 fusion-flex-column\" style=\"--awb-bg-size:cover;--awb-width-large:100%;--awb-margin-top-large:0px;--awb-spacing-right-large:1.92%;--awb-margin-bottom-large:20px;--awb-spacing-left-large:1.92%;--awb-width-medium:100%;--awb-order-medium:0;--awb-spacing-right-medium:1.92%;--awb-spacing-left-medium:1.92%;--awb-width-small:100%;--awb-order-small:3;--awb-spacing-right-small:1.92%;--awb-spacing-left-small:1.92%;\"><div class=\"fusion-column-wrapper fusion-column-has-shadow fusion-flex-justify-content-flex-start fusion-content-layout-column\"><div class=\"fusion-separator fusion-full-width-sep\" style=\"align-self: center;margin-left: auto;margin-right: auto;margin-top:0px;margin-bottom:0px;width:100%;\"><div class=\"fusion-separator-border sep-single sep-solid\" style=\"--awb-height:20px;--awb-amount:20px;border-color:#0089ff;border-top-width:1px;\"><\/div><\/div><\/div><\/div>\n<\/div><\/div><\/p>\n","protected":false},"excerpt":{"rendered":"","protected":false},"author":1,"featured_media":0,"parent":5829,"menu_order":0,"comment_status":"closed","ping_status":"closed","template":"","meta":{"_monsterinsights_skip_tracking":false,"_monsterinsights_sitenote_active":false,"_monsterinsights_sitenote_note":"","_monsterinsights_sitenote_category":0,"footnotes":""},"_links":{"self":[{"href":"https:\/\/politecnics.barcelona\/es\/wp-json\/wp\/v2\/pages\/13408"}],"collection":[{"href":"https:\/\/politecnics.barcelona\/es\/wp-json\/wp\/v2\/pages"}],"about":[{"href":"https:\/\/politecnics.barcelona\/es\/wp-json\/wp\/v2\/types\/page"}],"author":[{"embeddable":true,"href":"https:\/\/politecnics.barcelona\/es\/wp-json\/wp\/v2\/users\/1"}],"replies":[{"embeddable":true,"href":"https:\/\/politecnics.barcelona\/es\/wp-json\/wp\/v2\/comments?post=13408"}],"version-history":[{"count":2,"href":"https:\/\/politecnics.barcelona\/es\/wp-json\/wp\/v2\/pages\/13408\/revisions"}],"predecessor-version":[{"id":13410,"href":"https:\/\/politecnics.barcelona\/es\/wp-json\/wp\/v2\/pages\/13408\/revisions\/13410"}],"up":[{"embeddable":true,"href":"https:\/\/politecnics.barcelona\/es\/wp-json\/wp\/v2\/pages\/5829"}],"wp:attachment":[{"href":"https:\/\/politecnics.barcelona\/es\/wp-json\/wp\/v2\/media?parent=13408"}],"curies":[{"name":"wp","href":"https:\/\/api.w.org\/{rel}","templated":true}]}}