{"id":5829,"date":"2021-03-25T12:14:15","date_gmt":"2021-03-25T11:14:15","guid":{"rendered":"https:\/\/politecnics.barcelona\/formacion-profesional\/"},"modified":"2026-04-22T09:09:33","modified_gmt":"2026-04-22T07:09:33","slug":"formacion-profesional","status":"publish","type":"page","link":"https:\/\/politecnics.barcelona\/es\/formacion-profesional\/","title":{"rendered":"Formaci\u00f3n Profesional"},"content":{"rendered":"<p><div class=\"fusion-fullwidth fullwidth-box fusion-builder-row-1 fusion-flex-container nonhundred-percent-fullwidth non-hundred-percent-height-scrolling\" style=\"--awb-border-radius-top-left:0px;--awb-border-radius-top-right:0px;--awb-border-radius-bottom-right:0px;--awb-border-radius-bottom-left:0px;--awb-flex-wrap:wrap;\" ><div class=\"fusion-builder-row fusion-row fusion-flex-align-items-flex-start fusion-flex-content-wrap\" style=\"max-width:1248px;margin-left: calc(-4% \/ 2 );margin-right: calc(-4% \/ 2 );\"><div class=\"fusion-layout-column fusion_builder_column fusion-builder-column-0 fusion_builder_column_1_1 1_1 fusion-flex-column\" style=\"--awb-bg-size:cover;--awb-width-large:100%;--awb-margin-top-large:0px;--awb-spacing-right-large:1.92%;--awb-margin-bottom-large:20px;--awb-spacing-left-large:1.92%;--awb-width-medium:100%;--awb-order-medium:0;--awb-spacing-right-medium:1.92%;--awb-spacing-left-medium:1.92%;--awb-width-small:100%;--awb-order-small:0;--awb-spacing-right-small:1.92%;--awb-spacing-left-small:1.92%;\"><div class=\"fusion-column-wrapper fusion-column-has-shadow fusion-flex-justify-content-flex-start fusion-content-layout-column\"><div class=\"fusion-title title fusion-title-1 fusion-sep-none fusion-title-text fusion-title-size-three\"><h3 class=\"fusion-title-heading title-heading-left fusion-responsive-typography-calculated\" style=\"margin:0;--fontSize:30;line-height:1.2;\">Descubre los ciclos formativos de grado medio y superior de las 3 familias profesionales<\/h3><\/div><\/div><\/div><\/div><\/div><div class=\"fusion-fullwidth fullwidth-box fusion-builder-row-2 fusion-flex-container cicles nonhundred-percent-fullwidth non-hundred-percent-height-scrolling\" style=\"--awb-border-radius-top-left:0px;--awb-border-radius-top-right:0px;--awb-border-radius-bottom-right:0px;--awb-border-radius-bottom-left:0px;--awb-flex-wrap:wrap;\" ><div class=\"fusion-builder-row fusion-row fusion-flex-align-items-flex-start fusion-flex-justify-content-space-between fusion-flex-content-wrap\" style=\"max-width:1248px;margin-left: calc(-4% \/ 2 );margin-right: calc(-4% \/ 2 );\"><div class=\"fusion-layout-column fusion_builder_column fusion-builder-column-1 fusion_builder_column_1_3 1_3 fusion-flex-column\" style=\"--awb-bg-size:cover;--awb-width-large:33.333333333333%;--awb-margin-top-large:0px;--awb-spacing-right-large:5.76%;--awb-margin-bottom-large:20px;--awb-spacing-left-large:5.76%;--awb-width-medium:50%;--awb-order-medium:0;--awb-spacing-right-medium:3.84%;--awb-spacing-left-medium:3.84%;--awb-width-small:100%;--awb-order-small:0;--awb-spacing-right-small:1.92%;--awb-spacing-left-small:1.92%;\"><div class=\"fusion-column-wrapper fusion-column-has-shadow fusion-flex-justify-content-flex-start fusion-content-layout-column\"><nav class=\"awb-menu awb-menu_column awb-menu_em-hover mobile-mode-collapse-to-button awb-menu_icons-left awb-menu_dc-yes mobile-trigger-fullwidth-off awb-menu_mobile-toggle awb-menu_indent-left mobile-size-full-absolute loading mega-menu-loading awb-menu_desktop awb-menu_dropdown awb-menu_expand-right awb-menu_transition-fade comerc\" style=\"--awb-text-transform:none;--awb-submenu-text-transform:none;--awb-main-justify-content:flex-start;--awb-mobile-justify:flex-start;--awb-mobile-caret-left:auto;--awb-mobile-caret-right:0;--awb-fusion-font-family-typography:inherit;--awb-fusion-font-style-typography:normal;--awb-fusion-font-weight-typography:400;--awb-fusion-font-family-submenu-typography:inherit;--awb-fusion-font-style-submenu-typography:normal;--awb-fusion-font-weight-submenu-typography:400;--awb-fusion-font-family-mobile-typography:inherit;--awb-fusion-font-style-mobile-typography:normal;--awb-fusion-font-weight-mobile-typography:400;\" aria-label=\"m-comerc\" data-breakpoint=\"0\" data-count=\"0\" data-transition-type=\"fade\" data-transition-time=\"300\" data-expand=\"right\"><ul id=\"menu-m-comerc-es\" class=\"fusion-menu awb-menu__main-ul awb-menu__main-ul_column\"><li  id=\"menu-item-5942\"  class=\"menu-item menu-item-type-custom menu-item-object-custom menu-item-5942 awb-menu__li awb-menu__main-li awb-menu__main-li_regular\"  data-item-id=\"5942\"><span class=\"awb-menu__main-background-default awb-menu__main-background-default_fade\"><\/span><span class=\"awb-menu__main-background-active awb-menu__main-background-active_fade\"><\/span><a  href=\"#\" class=\"awb-menu__main-a awb-menu__main-a_regular\"><span class=\"menu-text\">Comercio y Marketing<\/span><\/a><\/li><li  id=\"menu-item-5943\"  class=\"menu-item menu-item-type-post_type menu-item-object-page menu-item-5943 awb-menu__li awb-menu__main-li awb-menu__main-li_regular\"  data-item-id=\"5943\"><span class=\"awb-menu__main-background-default awb-menu__main-background-default_fade\"><\/span><span class=\"awb-menu__main-background-active awb-menu__main-background-active_fade\"><\/span><a  href=\"https:\/\/politecnics.barcelona\/es\/formacion-profesional\/grado-medio-actividades-comerciales\/\" class=\"awb-menu__main-a awb-menu__main-a_regular\"><span class=\"menu-text\">Grado medio actividades comerciales<\/span><\/a><\/li><li  id=\"menu-item-5944\"  class=\"menu-item menu-item-type-post_type menu-item-object-page menu-item-5944 awb-menu__li awb-menu__main-li awb-menu__main-li_regular\"  data-item-id=\"5944\"><span class=\"awb-menu__main-background-default awb-menu__main-background-default_fade\"><\/span><span class=\"awb-menu__main-background-active awb-menu__main-background-active_fade\"><\/span><a  href=\"https:\/\/politecnics.barcelona\/es\/formacion-profesional\/grado-superior-marketing-y-publicidad\/\" class=\"awb-menu__main-a awb-menu__main-a_regular\"><span class=\"menu-text\">Grado superior marketing y publicidad<\/span><\/a><\/li><li  id=\"menu-item-5946\"  class=\"menu-item menu-item-type-post_type menu-item-object-page menu-item-5946 awb-menu__li awb-menu__main-li awb-menu__main-li_regular\"  data-item-id=\"5946\"><span class=\"awb-menu__main-background-default awb-menu__main-background-default_fade\"><\/span><span class=\"awb-menu__main-background-active awb-menu__main-background-active_fade\"><\/span><a  href=\"https:\/\/politecnics.barcelona\/es\/formacion-profesional\/grado-superior-comercio-internacional\/\" class=\"awb-menu__main-a awb-menu__main-a_regular\"><span class=\"menu-text\">Grado superior comercio internacional<\/span><\/a><\/li><li  id=\"menu-item-10681\"  class=\"menu-item menu-item-type-post_type menu-item-object-page menu-item-10681 awb-menu__li awb-menu__main-li awb-menu__main-li_regular\"  data-item-id=\"10681\"><span class=\"awb-menu__main-background-default awb-menu__main-background-default_fade\"><\/span><span class=\"awb-menu__main-background-active awb-menu__main-background-active_fade\"><\/span><a  href=\"https:\/\/politecnics.barcelona\/es\/formacion-profesional\/grado-superior-en-transporte-y-logistica\/\" class=\"awb-menu__main-a awb-menu__main-a_regular\"><span class=\"menu-text\">Grado superior en Transporte y Log\u00edstica<\/span><\/a><\/li><li  id=\"menu-item-13633\"  class=\"menu-item menu-item-type-post_type menu-item-object-page menu-item-13633 awb-menu__li awb-menu__main-li awb-menu__main-li_regular\"  data-item-id=\"13633\"><span class=\"awb-menu__main-background-default awb-menu__main-background-default_fade\"><\/span><span class=\"awb-menu__main-background-active awb-menu__main-background-active_fade\"><\/span><a  href=\"https:\/\/politecnics.barcelona\/es\/formacion-profesional\/curso-de-especializacion-community-manager-redaccion-de-contenidos-digitales-para-marketing-y-ventas\/\" class=\"awb-menu__main-a awb-menu__main-a_regular\"><span class=\"menu-text\">Curso de Especializaci\u00f3n Community Manager &#8211; Redacci\u00f3n de contenidos digitales para marketing y ventas<\/span><\/a><\/li><li  id=\"menu-item-13634\"  class=\"menu-item menu-item-type-post_type menu-item-object-page menu-item-13634 awb-menu__li awb-menu__main-li awb-menu__main-li_regular\"  data-item-id=\"13634\"><span class=\"awb-menu__main-background-default awb-menu__main-background-default_fade\"><\/span><span class=\"awb-menu__main-background-active awb-menu__main-background-active_fade\"><\/span><a  href=\"https:\/\/politecnics.barcelona\/es\/formacion-profesional\/curso-de-especializacion-comercio-electronico\/\" class=\"awb-menu__main-a awb-menu__main-a_regular\"><span class=\"menu-text\">Curso de Especializaci\u00f3n Comercio Electr\u00f3nico<\/span><\/a><\/li><\/ul><\/nav><\/div><\/div><div class=\"fusion-layout-column fusion_builder_column fusion-builder-column-2 fusion_builder_column_1_3 1_3 fusion-flex-column\" style=\"--awb-bg-size:cover;--awb-width-large:33.333333333333%;--awb-margin-top-large:0px;--awb-spacing-right-large:5.76%;--awb-margin-bottom-large:20px;--awb-spacing-left-large:5.76%;--awb-width-medium:50%;--awb-order-medium:0;--awb-spacing-right-medium:3.84%;--awb-spacing-left-medium:3.84%;--awb-width-small:100%;--awb-order-small:0;--awb-spacing-right-small:1.92%;--awb-spacing-left-small:1.92%;\"><div class=\"fusion-column-wrapper fusion-column-has-shadow fusion-flex-justify-content-flex-start fusion-content-layout-column\"><nav class=\"awb-menu awb-menu_column awb-menu_em-hover mobile-mode-collapse-to-button awb-menu_icons-left awb-menu_dc-yes mobile-trigger-fullwidth-off awb-menu_mobile-toggle awb-menu_indent-left mobile-size-full-absolute loading mega-menu-loading awb-menu_desktop awb-menu_dropdown awb-menu_expand-right awb-menu_transition-fade informatica\" style=\"--awb-text-transform:none;--awb-submenu-text-transform:none;--awb-main-justify-content:flex-start;--awb-mobile-justify:flex-start;--awb-mobile-caret-left:auto;--awb-mobile-caret-right:0;--awb-fusion-font-family-typography:inherit;--awb-fusion-font-style-typography:normal;--awb-fusion-font-weight-typography:400;--awb-fusion-font-family-submenu-typography:inherit;--awb-fusion-font-style-submenu-typography:normal;--awb-fusion-font-weight-submenu-typography:400;--awb-fusion-font-family-mobile-typography:inherit;--awb-fusion-font-style-mobile-typography:normal;--awb-fusion-font-weight-mobile-typography:400;\" aria-label=\"m-informatica\" data-breakpoint=\"0\" data-count=\"1\" data-transition-type=\"fade\" data-transition-time=\"300\" data-expand=\"right\"><ul id=\"menu-m-informatica-es\" class=\"fusion-menu awb-menu__main-ul awb-menu__main-ul_column\"><li  id=\"menu-item-5949\"  class=\"menu-item menu-item-type-custom menu-item-object-custom menu-item-5949 awb-menu__li awb-menu__main-li awb-menu__main-li_regular\"  data-item-id=\"5949\"><span class=\"awb-menu__main-background-default awb-menu__main-background-default_fade\"><\/span><span class=\"awb-menu__main-background-active awb-menu__main-background-active_fade\"><\/span><a  href=\"#\" class=\"awb-menu__main-a awb-menu__main-a_regular\"><span class=\"menu-text\">Inform\u00e1tica y Comunicaciones<\/span><\/a><\/li><li  id=\"menu-item-5950\"  class=\"menu-item menu-item-type-post_type menu-item-object-page menu-item-5950 awb-menu__li awb-menu__main-li awb-menu__main-li_regular\"  data-item-id=\"5950\"><span class=\"awb-menu__main-background-default awb-menu__main-background-default_fade\"><\/span><span class=\"awb-menu__main-background-active awb-menu__main-background-active_fade\"><\/span><a  href=\"https:\/\/politecnics.barcelona\/es\/formacion-profesional\/grado-medio-sistemas-microinformaticos-y-redes\/\" class=\"awb-menu__main-a awb-menu__main-a_regular\"><span class=\"menu-text\">Grado medio sistemas microinform\u00e1ticos y redes<\/span><\/a><\/li><li  id=\"menu-item-5951\"  class=\"menu-item menu-item-type-post_type menu-item-object-page menu-item-5951 awb-menu__li awb-menu__main-li awb-menu__main-li_regular\"  data-item-id=\"5951\"><span class=\"awb-menu__main-background-default awb-menu__main-background-default_fade\"><\/span><span class=\"awb-menu__main-background-active awb-menu__main-background-active_fade\"><\/span><a  href=\"https:\/\/politecnics.barcelona\/es\/formacion-profesional\/grado-superior-desarrollo-aplicaciones-web\/\" class=\"awb-menu__main-a awb-menu__main-a_regular\"><span class=\"menu-text\">Grado superior desarrollo aplicaciones web<\/span><\/a><\/li><li  id=\"menu-item-5952\"  class=\"menu-item menu-item-type-post_type menu-item-object-page menu-item-5952 awb-menu__li awb-menu__main-li awb-menu__main-li_regular\"  data-item-id=\"5952\"><span class=\"awb-menu__main-background-default awb-menu__main-background-default_fade\"><\/span><span class=\"awb-menu__main-background-active awb-menu__main-background-active_fade\"><\/span><a  href=\"https:\/\/politecnics.barcelona\/es\/formacion-profesional\/grado-superior-desarrollo-aplicaciones-multiplataforma\/\" class=\"awb-menu__main-a awb-menu__main-a_regular\"><span class=\"menu-text\">Grado superior desarrollo aplicaciones multiplataforma<\/span><\/a><\/li><li  id=\"menu-item-13635\"  class=\"menu-item menu-item-type-post_type menu-item-object-page menu-item-13635 awb-menu__li awb-menu__main-li awb-menu__main-li_regular\"  data-item-id=\"13635\"><span class=\"awb-menu__main-background-default awb-menu__main-background-default_fade\"><\/span><span class=\"awb-menu__main-background-active awb-menu__main-background-active_fade\"><\/span><a  href=\"https:\/\/politecnics.barcelona\/es\/formacion-profesional\/grado-superior-ciberseguridad-administracion-de-redes-y-sistemas\/\" class=\"awb-menu__main-a awb-menu__main-a_regular\"><span class=\"menu-text\">Grado superior Ciberseguridad &#8211; Administraci\u00f3n de Redes y Sistemas<\/span><\/a><\/li><li  id=\"menu-item-9138\"  class=\"menu-item menu-item-type-post_type menu-item-object-page menu-item-9138 awb-menu__li awb-menu__main-li awb-menu__main-li_regular\"  data-item-id=\"9138\"><span class=\"awb-menu__main-background-default awb-menu__main-background-default_fade\"><\/span><span class=\"awb-menu__main-background-active awb-menu__main-background-active_fade\"><\/span><a  href=\"https:\/\/politecnics.barcelona\/es\/formacion-profesional\/curso-de-especializacion-en-ciberseguridad-en-entornos-de-las-tecnologias-de-la-informacion-master-fp\/\" class=\"awb-menu__main-a awb-menu__main-a_regular\"><span class=\"menu-text\">Curso de Especializaci\u00f3n en Ciberseguridad en Entornos de las Tecnolog\u00edas de la Informaci\u00f3n (M\u00e1ster FP)<\/span><\/a><\/li><\/ul><\/nav><\/div><\/div><div class=\"fusion-layout-column fusion_builder_column fusion-builder-column-3 fusion_builder_column_1_3 1_3 fusion-flex-column\" style=\"--awb-bg-size:cover;--awb-width-large:33.333333333333%;--awb-margin-top-large:0px;--awb-spacing-right-large:5.76%;--awb-margin-bottom-large:20px;--awb-spacing-left-large:5.76%;--awb-width-medium:50%;--awb-order-medium:0;--awb-spacing-right-medium:3.84%;--awb-spacing-left-medium:3.84%;--awb-width-small:100%;--awb-order-small:0;--awb-spacing-right-small:1.92%;--awb-spacing-left-small:1.92%;\"><div class=\"fusion-column-wrapper fusion-column-has-shadow fusion-flex-justify-content-flex-start fusion-content-layout-column\"><nav class=\"awb-menu awb-menu_column awb-menu_em-hover mobile-mode-collapse-to-button awb-menu_icons-left awb-menu_dc-yes mobile-trigger-fullwidth-off awb-menu_mobile-toggle awb-menu_indent-left mobile-size-full-absolute loading mega-menu-loading awb-menu_desktop awb-menu_dropdown awb-menu_expand-right awb-menu_transition-fade gestio\" style=\"--awb-text-transform:none;--awb-submenu-text-transform:none;--awb-main-justify-content:flex-start;--awb-mobile-justify:flex-start;--awb-mobile-caret-left:auto;--awb-mobile-caret-right:0;--awb-fusion-font-family-typography:inherit;--awb-fusion-font-style-typography:normal;--awb-fusion-font-weight-typography:400;--awb-fusion-font-family-submenu-typography:inherit;--awb-fusion-font-style-submenu-typography:normal;--awb-fusion-font-weight-submenu-typography:400;--awb-fusion-font-family-mobile-typography:inherit;--awb-fusion-font-style-mobile-typography:normal;--awb-fusion-font-weight-mobile-typography:400;\" aria-label=\"m-admin-gestio\" data-breakpoint=\"0\" data-count=\"2\" data-transition-type=\"fade\" data-transition-time=\"300\" data-expand=\"right\"><ul id=\"menu-m-admin-gestio-es\" class=\"fusion-menu awb-menu__main-ul awb-menu__main-ul_column\"><li  id=\"menu-item-5953\"  class=\"menu-item menu-item-type-custom menu-item-object-custom menu-item-5953 awb-menu__li awb-menu__main-li awb-menu__main-li_regular\"  data-item-id=\"5953\"><span class=\"awb-menu__main-background-default awb-menu__main-background-default_fade\"><\/span><span class=\"awb-menu__main-background-active awb-menu__main-background-active_fade\"><\/span><a  href=\"#\" class=\"awb-menu__main-a awb-menu__main-a_regular\"><span class=\"menu-text\">Administraci\u00f3n y Gesti\u00f3n<\/span><\/a><\/li><li  id=\"menu-item-5954\"  class=\"menu-item menu-item-type-post_type menu-item-object-page menu-item-5954 awb-menu__li awb-menu__main-li awb-menu__main-li_regular\"  data-item-id=\"5954\"><span class=\"awb-menu__main-background-default awb-menu__main-background-default_fade\"><\/span><span class=\"awb-menu__main-background-active awb-menu__main-background-active_fade\"><\/span><a  href=\"https:\/\/politecnics.barcelona\/es\/formacion-profesional\/grado-medio-gestion-administrativa\/\" class=\"awb-menu__main-a awb-menu__main-a_regular\"><span class=\"menu-text\">Grado medio gesti\u00f3n administrativa<\/span><\/a><\/li><li  id=\"menu-item-6257\"  class=\"menu-item menu-item-type-post_type menu-item-object-page menu-item-6257 awb-menu__li awb-menu__main-li awb-menu__main-li_regular\"  data-item-id=\"6257\"><span class=\"awb-menu__main-background-default awb-menu__main-background-default_fade\"><\/span><span class=\"awb-menu__main-background-active awb-menu__main-background-active_fade\"><\/span><a  href=\"https:\/\/politecnics.barcelona\/es\/formacion-profesional\/grado-superior-administracion-y-finanzas\/\" class=\"awb-menu__main-a awb-menu__main-a_regular\"><span class=\"menu-text\">Grado superior administraci\u00f3n y finanzas<\/span><\/a><\/li><\/ul><\/nav><\/div><\/div><\/div><\/div><\/p>\n","protected":false},"excerpt":{"rendered":"","protected":false},"author":1,"featured_media":0,"parent":0,"menu_order":30,"comment_status":"closed","ping_status":"closed","template":"","meta":{"_monsterinsights_skip_tracking":false,"_monsterinsights_sitenote_active":false,"_monsterinsights_sitenote_note":"","_monsterinsights_sitenote_category":0,"footnotes":""},"_links":{"self":[{"href":"https:\/\/politecnics.barcelona\/es\/wp-json\/wp\/v2\/pages\/5829"}],"collection":[{"href":"https:\/\/politecnics.barcelona\/es\/wp-json\/wp\/v2\/pages"}],"about":[{"href":"https:\/\/politecnics.barcelona\/es\/wp-json\/wp\/v2\/types\/page"}],"author":[{"embeddable":true,"href":"https:\/\/politecnics.barcelona\/es\/wp-json\/wp\/v2\/users\/1"}],"replies":[{"embeddable":true,"href":"https:\/\/politecnics.barcelona\/es\/wp-json\/wp\/v2\/comments?post=5829"}],"version-history":[{"count":17,"href":"https:\/\/politecnics.barcelona\/es\/wp-json\/wp\/v2\/pages\/5829\/revisions"}],"predecessor-version":[{"id":13610,"href":"https:\/\/politecnics.barcelona\/es\/wp-json\/wp\/v2\/pages\/5829\/revisions\/13610"}],"wp:attachment":[{"href":"https:\/\/politecnics.barcelona\/es\/wp-json\/wp\/v2\/media?parent=5829"}],"curies":[{"name":"wp","href":"https:\/\/api.w.org\/{rel}","templated":true}]}}