{"id":5840,"date":"2021-03-25T12:16:49","date_gmt":"2021-03-25T11:16:49","guid":{"rendered":"https:\/\/politecnics.barcelona\/formacion-profesional\/grado-medio-actividades-comerciales\/"},"modified":"2026-02-24T14:03:13","modified_gmt":"2026-02-24T13:03:13","slug":"grado-medio-actividades-comerciales","status":"publish","type":"page","link":"https:\/\/politecnics.barcelona\/es\/formacion-profesional\/grado-medio-actividades-comerciales\/","title":{"rendered":"Grado medio actividades comerciales"},"content":{"rendered":"<p><div class=\"fusion-fullwidth fullwidth-box fusion-builder-row-1 fusion-flex-container cont-comerc nonhundred-percent-fullwidth non-hundred-percent-height-scrolling\" style=\"--awb-border-radius-top-left:0px;--awb-border-radius-top-right:0px;--awb-border-radius-bottom-right:0px;--awb-border-radius-bottom-left:0px;--awb-flex-wrap:wrap;\" ><div class=\"fusion-builder-row fusion-row fusion-flex-align-items-flex-start fusion-flex-content-wrap\" style=\"max-width:1248px;margin-left: calc(-4% \/ 2 );margin-right: calc(-4% \/ 2 );\"><div class=\"fusion-layout-column fusion_builder_column fusion-builder-column-0 fusion_builder_column_1_3 1_3 fusion-flex-column\" style=\"--awb-padding-top:6%;--awb-padding-right:6%;--awb-padding-bottom:6%;--awb-padding-left:8%;--awb-bg-color:#f7f7f7;--awb-bg-color-hover:#f7f7f7;--awb-bg-size:cover;--awb-width-large:33.333333333333%;--awb-margin-top-large:0px;--awb-spacing-right-large:5.76%;--awb-margin-bottom-large:20px;--awb-spacing-left-large:5.76%;--awb-width-medium:33.333333333333%;--awb-order-medium:0;--awb-spacing-right-medium:5.76%;--awb-spacing-left-medium:5.76%;--awb-width-small:100%;--awb-order-small:0;--awb-spacing-right-small:1.92%;--awb-spacing-left-small:1.92%;\"><div class=\"fusion-column-wrapper fusion-column-has-shadow fusion-flex-justify-content-flex-start fusion-content-layout-column\"><div class=\"fusion-title title fusion-title-1 fusion-sep-none fusion-title-highlight fusion-loop-off fusion-highlight-underline fusion-title-size-three\" data-highlight=\"underline\"><h3 class=\"fusion-title-heading title-heading-left fusion-responsive-typography-calculated\" style=\"margin:0;--fontSize:30;line-height:1.2;\"><span class=\"fusion-highlighted-text-prefix\"><\/span> <span class=\"fusion-highlighted-text-wrapper\"><span class=\"fusion-highlighted-text\">T\u00fa eres el proyecto<\/span><\/span> <span class=\"fusion-highlighted-text-postfix\"><\/span><\/h3><\/div><div class=\"fusion-text fusion-text-1\"><p>Convi\u00e9rtete en quien quieras estar con nuestras metodolog\u00edas activas.<\/p>\n<\/div><div class=\"fusion-text fusion-text-2\" style=\"--awb-font-size:21px;\" id=\"but-innova\"><p><a href=\"https:\/\/politecnics.barcelona\/es\/actualidad\/\"><img decoding=\"async\" class=\"attachment-large size-large alignleft\" src=\"\/wp-content\/uploads\/check.png\" width=\"81\" height=\"81\" \/> <strong>Descubre nuestro d\u00eda a d\u00eda<\/strong><\/a><\/p>\n<\/div><div style=\"text-align:center;\"><a class=\"fusion-button button-flat fusion-button-default-size button-default fusion-button-default button-1 fusion-button-span-yes fusion-button-default-type\" style=\"--button_margin-top:30px;--button_margin-bottom:10px;\" target=\"_self\" title=\"Disponible FORMACI\u00d3N ONLINE\" aria-label=\"Disponible FORMACI\u00d3N ONLINE\" href=\"none\"><i class=\"fa-desktop fas button-icon-left\" aria-hidden=\"true\"><\/i><span class=\"fusion-button-text\">Disponible FORMACI\u00d3N ONLINE<\/span><\/a><\/div><\/div><\/div>\n<div class=\"fusion-layout-column fusion_builder_column fusion-builder-column-1 fusion_builder_column_2_3 2_3 fusion-flex-column fusion-animated\" style=\"--awb-bg-size:cover;--awb-width-large:66.666666666667%;--awb-margin-top-large:0px;--awb-spacing-right-large:2.88%;--awb-margin-bottom-large:20px;--awb-spacing-left-large:2.88%;--awb-width-medium:66.666666666667%;--awb-order-medium:0;--awb-spacing-right-medium:2.88%;--awb-spacing-left-medium:2.88%;--awb-width-small:100%;--awb-order-small:0;--awb-spacing-right-small:1.92%;--awb-spacing-left-small:1.92%;\" data-animationType=\"fadeInLeft\" data-animationDuration=\"0.3\" data-animationOffset=\"top-into-view\"><div class=\"fusion-column-wrapper fusion-column-has-shadow fusion-flex-justify-content-flex-start fusion-content-layout-column\"><div class=\"fusion-text fusion-text-3\"><h3><strong>Puertas Abiertas de Actividades Comerciales<\/strong><\/h3>\n<p>Reserva tu visita a puertas abiertas. Si las fechas no te van bien o no quedan plazas, <a href=\"https:\/\/politecnics.barcelona\/es\/contacto\/#contact-form\">contacta<\/a> con nosotros para agendar una visita personalizada.<\/p>\n<\/div><div class=\"fusion-text fusion-text-4\"><script>\n  if (typeof hasAmeliaEvent === 'undefined') {\n    var hasAmeliaEvent = true;\n  }\n  if (typeof hasEventApiCall === 'undefined' && '' === '') {\n    var hasEventApiCall = true;\n  }\n  var hasEventShortcode = (typeof hasEventShortcode === 'undefined') ? false : true;\n  var bookingEntitiesIds = (typeof bookingEntitiesIds === 'undefined') ? [] : bookingEntitiesIds;\n  bookingEntitiesIds.push(\n    {\n      'hasApiCall': (typeof hasEventApiCall !== 'undefined') && hasEventApiCall,\n      'trigger': '',\n      'counter': '0',\n      'employee': '',\n      'eventId': '',\n      'eventRecurring': 0,\n      'eventTag': \"ACOM\"\n    }\n  );\n  var lazyBookingEntitiesIds = (typeof lazyBookingEntitiesIds === 'undefined') ? [] : lazyBookingEntitiesIds;\n  if (bookingEntitiesIds[bookingEntitiesIds.length - 1].trigger !== '') {\n    lazyBookingEntitiesIds.push(bookingEntitiesIds.pop());\n  }\n  if (typeof hasEventApiCall !== 'undefined' && hasEventApiCall) {\n    hasEventApiCall = false;\n  }\n<\/script>\n\n<div id=\"amelia-app-booking0\" class=\"amelia-service amelia-frontend amelia-app-booking\">\n    <events-list><\/events-list><\/div>\n\n<\/div><\/div><\/div><div class=\"fusion-layout-column fusion_builder_column fusion-builder-column-2 fusion_builder_column_1_1 1_1 fusion-flex-column fusion-animated\" style=\"--awb-bg-size:cover;--awb-width-large:100%;--awb-margin-top-large:0px;--awb-spacing-right-large:1.92%;--awb-margin-bottom-large:20px;--awb-spacing-left-large:1.92%;--awb-width-medium:100%;--awb-order-medium:0;--awb-spacing-right-medium:1.92%;--awb-spacing-left-medium:1.92%;--awb-width-small:100%;--awb-order-small:0;--awb-spacing-right-small:1.92%;--awb-spacing-left-small:1.92%;\" data-animationType=\"fadeInLeft\" data-animationDuration=\"0.3\" data-animationOffset=\"top-into-view\"><div class=\"fusion-column-wrapper fusion-column-has-shadow fusion-flex-justify-content-flex-start fusion-content-layout-column\"><div class=\"fusion-title title fusion-title-2 fusion-sep-none fusion-title-rotating fusion-loop-off fusion-title-clipIn fusion-title-size-three\"><h3 class=\"fusion-title-heading title-heading-left fusion-responsive-typography-calculated\" style=\"margin:0;--fontSize:30;line-height:1.2;\"><span class=\"fusion-animated-text-prefix\"><\/span> <span class=\"fusion-animated-texts-wrapper\" style=\"text-align: center;\" data-length=\"line\" data-minDisplayTime=\"1200\"><span class=\"fusion-animated-texts\"><span data-in-effect=\"clipIn\" class=\"fusion-animated-text\" data-in-sequence=\"true\" data-out-reverse=\"true\" data-out-effect=\"clipOut\">DESTACAMOS<\/span><\/span><\/span> <span class=\"fusion-animated-text-postfix\"><\/span><\/h3><\/div>\n<div class=\"fusion-recent-posts fusion-recent-posts-1 avada-container layout-default layout-columns-3\"><section class=\"fusion-columns columns fusion-columns-3 columns-3\"><article class=\"post fusion-column column col col-lg-4 col-md-4 col-sm-4\"><div class=\"fusion-flexslider fusion-flexslider-loading flexslider flexslider-hover-type-zoomin\"><ul class=\"slides\"><li><a href=\"https:\/\/politecnics.barcelona\/es\/neurogastronomia-y-marketing-sensorial-visita-a-mama-heladera\/\" aria-label=\"Neurogastronom\u00eda y marketing sensorial: visita a Mam\u00e1 Heladera\" class=\"hover-type-zoomin\"><img decoding=\"async\" width=\"700\" height=\"441\" src=\"https:\/\/politecnics.barcelona\/wp-content\/uploads\/5-6-700x441.png\" class=\"attachment-recent-posts size-recent-posts\" alt=\"\" srcset=\"https:\/\/politecnics.barcelona\/wp-content\/uploads\/5-6-320x202.png 320w, https:\/\/politecnics.barcelona\/wp-content\/uploads\/5-6-700x441.png 700w\" sizes=\"(max-width: 700px) 100vw, 700px\" \/><\/a><\/li><\/ul><\/div><div class=\"recent-posts-content\"><span class=\"vcard\" style=\"display: none;\"><span class=\"fn\"><a href=\"https:\/\/politecnics.barcelona\/es\/author\/comunicacio\/\" title=\"Entradas de Comunicaci\u00f3 POLIT\u00c8CNICS\" rel=\"author\">Comunicaci\u00f3 POLIT\u00c8CNICS<\/a><\/span><\/span><span class=\"updated\" style=\"display:none;\">2026-03-24T18:51:32+01:00<\/span><h4 class=\"entry-title\"><a href=\"https:\/\/politecnics.barcelona\/es\/neurogastronomia-y-marketing-sensorial-visita-a-mama-heladera\/\">Neurogastronom\u00eda y marketing sensorial: visita a Mam\u00e1 Heladera<\/a><\/h4><\/div><\/article><article class=\"post fusion-column column col col-lg-4 col-md-4 col-sm-4\"><div class=\"fusion-flexslider fusion-flexslider-loading flexslider flexslider-hover-type-zoomin\"><ul class=\"slides\"><li><a href=\"https:\/\/politecnics.barcelona\/es\/arranca-el-recapte-solidari-2026-primera-fase-superada\/\" aria-label=\"Arranca el Recapte Solidari 2026: \u00a1primera fase superada!\" class=\"hover-type-zoomin\"><img decoding=\"async\" width=\"350\" height=\"441\" src=\"https:\/\/politecnics.barcelona\/wp-content\/uploads\/Blanco-y-Beige-Moderno-Moda-reel-2-350x441.png\" class=\"attachment-recent-posts size-recent-posts\" alt=\"\" \/><\/a><\/li><\/ul><\/div><div class=\"recent-posts-content\"><span class=\"vcard\" style=\"display: none;\"><span class=\"fn\"><a href=\"https:\/\/politecnics.barcelona\/es\/author\/comunicacio\/\" title=\"Entradas de Comunicaci\u00f3 POLIT\u00c8CNICS\" rel=\"author\">Comunicaci\u00f3 POLIT\u00c8CNICS<\/a><\/span><\/span><span class=\"updated\" style=\"display:none;\">2026-03-01T18:10:07+01:00<\/span><h4 class=\"entry-title\"><a href=\"https:\/\/politecnics.barcelona\/es\/arranca-el-recapte-solidari-2026-primera-fase-superada\/\">Arranca el Recapte Solidari 2026: \u00a1primera fase superada!<\/a><\/h4><\/div><\/article><article class=\"post fusion-column column col col-lg-4 col-md-4 col-sm-4\"><div class=\"fusion-flexslider fusion-flexslider-loading flexslider flexslider-hover-type-zoomin\"><ul class=\"slides\"><li><a href=\"https:\/\/politecnics.barcelona\/es\/its-my-turn-se-convierte-en-imt-week\/\" aria-label=\"It&#8217;s My Turn se convierte en IMT Week\" class=\"hover-type-zoomin\"><img decoding=\"async\" width=\"700\" height=\"441\" src=\"https:\/\/politecnics.barcelona\/wp-content\/uploads\/IMT_week-700x441.png\" class=\"attachment-recent-posts size-recent-posts\" alt=\"\" srcset=\"https:\/\/politecnics.barcelona\/wp-content\/uploads\/IMT_week-320x202.png 320w, https:\/\/politecnics.barcelona\/wp-content\/uploads\/IMT_week-700x441.png 700w\" sizes=\"(max-width: 700px) 100vw, 700px\" \/><\/a><\/li><\/ul><\/div><div class=\"recent-posts-content\"><span class=\"vcard\" style=\"display: none;\"><span class=\"fn\"><a href=\"https:\/\/politecnics.barcelona\/es\/author\/comunicacio\/\" title=\"Entradas de Comunicaci\u00f3 POLIT\u00c8CNICS\" rel=\"author\">Comunicaci\u00f3 POLIT\u00c8CNICS<\/a><\/span><\/span><span class=\"updated\" style=\"display:none;\">2024-09-16T16:32:11+02:00<\/span><h4 class=\"entry-title\"><a href=\"https:\/\/politecnics.barcelona\/es\/its-my-turn-se-convierte-en-imt-week\/\">It&#8217;s My Turn se convierte en IMT Week<\/a><\/h4><\/div><\/article><\/section><\/div><div class=\"fusion-text fusion-text-5 revista\"><p><a href=\"\/wp-content\/uploads\/Politecnics_Comerc_Marqueting.pdf\" target=\"_blank\" rel=\"noopener\"><i class=\"fb-icon-element-1 fb-icon-element fontawesome-icon fa-file-download fas circle-no fusion-text-flow\" style=\"--awb-iconcolor-hover:#0089ff;--awb-font-size:18px;--awb-margin-right:9px;\"><\/i> Desc\u00e1rgate la revista de COMERCIO Y MARKETING, para conocer todos los ciclos relacionados<\/a><\/p>\n<\/div><\/div><\/div><div class=\"fusion-layout-column fusion_builder_column fusion-builder-column-3 fusion_builder_column_1_1 1_1 fusion-flex-column\" style=\"--awb-bg-size:cover;--awb-width-large:100%;--awb-margin-top-large:0px;--awb-spacing-right-large:1.92%;--awb-margin-bottom-large:20px;--awb-spacing-left-large:1.92%;--awb-width-medium:100%;--awb-order-medium:0;--awb-spacing-right-medium:1.92%;--awb-spacing-left-medium:1.92%;--awb-width-small:100%;--awb-order-small:0;--awb-spacing-right-small:1.92%;--awb-spacing-left-small:1.92%;\"><div class=\"fusion-column-wrapper fusion-column-has-shadow fusion-flex-justify-content-flex-start fusion-content-layout-column\"><div class=\"fusion-title title fusion-title-3 fusion-sep-none fusion-title-text fusion-title-size-two\"><h2 class=\"fusion-title-heading title-heading-right fusion-responsive-typography-calculated\" style=\"margin:0;--fontSize:40;line-height:1.2;\"><strong>Plan de estudios<\/strong><\/h2><\/div>\n<div class=\"fusion-tabs fusion-tabs-1 classic comerc vertical-tabs icon-position-left mobile-mode-accordion\" style=\"--awb-title-border-radius-top-left:0px;--awb-title-border-radius-top-right:0px;--awb-title-border-radius-bottom-right:0px;--awb-title-border-radius-bottom-left:0px;--awb-alignment:start;--awb-inactive-color:#f2f2ef;--awb-background-color:#ffffff;--awb-border-color:#e2e2e2;--awb-active-border-color:#0089ff;\"><div class=\"nav\"><ul class=\"nav-tabs\" role=\"tablist\"><li class=\"active\" role=\"presentation\"><a class=\"tab-link\" data-toggle=\"tab\" role=\"tab\" aria-controls=\"tab-dfab0755db5f860f84c\" aria-selected=\"true\" id=\"fusion-tab-presentaci\u00f3n\" href=\"#tab-dfab0755db5f860f84c\"><h4 class=\"fusion-tab-heading\"><i class=\"fontawesome-icon fa-chalkboard fas\" aria-hidden=\"true\" style=\"font-size:16px;\"><\/i>Presentaci\u00f3n<\/h4><\/a><\/li><li role=\"presentation\"><a class=\"tab-link\" data-toggle=\"tab\" role=\"tab\" aria-controls=\"tab-b5dfb4d9f589563d92a\" aria-selected=\"false\" tabindex=\"-1\" id=\"fusion-tab-duraci\u00f3ndelciclo\" href=\"#tab-b5dfb4d9f589563d92a\"><h4 class=\"fusion-tab-heading\"><i class=\"fontawesome-icon fa-hourglass-half fas\" aria-hidden=\"true\" style=\"font-size:16px;\"><\/i>  Duraci\u00f3n del ciclo<\/h4><\/a><\/li><li role=\"presentation\"><a class=\"tab-link\" data-toggle=\"tab\" role=\"tab\" aria-controls=\"tab-a0fe5f00711cd6609d2\" aria-selected=\"false\" tabindex=\"-1\" id=\"fusion-tab-asignaturas\" href=\"#tab-a0fe5f00711cd6609d2\"><h4 class=\"fusion-tab-heading\"><i class=\"fontawesome-icon fa-book fas\" aria-hidden=\"true\" style=\"font-size:16px;\"><\/i>Asignaturas<\/h4><\/a><\/li><li role=\"presentation\"><a class=\"tab-link\" data-toggle=\"tab\" role=\"tab\" aria-controls=\"tab-68258cddf4def7ffc1d\" aria-selected=\"false\" tabindex=\"-1\" id=\"fusion-tab-\u00bfqu\u00e9aprender\u00e1s?\" href=\"#tab-68258cddf4def7ffc1d\"><h4 class=\"fusion-tab-heading\"><i class=\"fontawesome-icon fa-brain fas\" aria-hidden=\"true\" style=\"font-size:16px;\"><\/i> \u00bfQu\u00e9 aprender\u00e1s?<\/h4><\/a><\/li><li role=\"presentation\"><a class=\"tab-link\" data-toggle=\"tab\" role=\"tab\" aria-controls=\"tab-d84744908169f34da3a\" aria-selected=\"false\" tabindex=\"-1\" id=\"fusion-tab-titulaci\u00f3nobtenida\" href=\"#tab-d84744908169f34da3a\"><h4 class=\"fusion-tab-heading\"><i class=\"fontawesome-icon fa-award fas\" aria-hidden=\"true\" style=\"font-size:16px;\"><\/i> Titulaci\u00f3n obtenida<\/h4><\/a><\/li><li role=\"presentation\"><a class=\"tab-link\" data-toggle=\"tab\" role=\"tab\" aria-controls=\"tab-d0e5932737abca3c9d6\" aria-selected=\"false\" tabindex=\"-1\" id=\"fusion-tab-requisitosdeacceso\" href=\"#tab-d0e5932737abca3c9d6\"><h4 class=\"fusion-tab-heading\"><i class=\"fontawesome-icon fa-tasks fas\" aria-hidden=\"true\" style=\"font-size:16px;\"><\/i>Requisitos de acceso<\/h4><\/a><\/li><\/ul><\/div><div class=\"tab-content\"><div class=\"nav fusion-mobile-tab-nav\"><ul class=\"nav-tabs\" role=\"tablist\"><li class=\"active\" role=\"presentation\"><a class=\"tab-link\" data-toggle=\"tab\" role=\"tab\" aria-controls=\"tab-dfab0755db5f860f84c\" aria-selected=\"true\" id=\"mobile-fusion-tab-presentaci\u00f3n\" href=\"#tab-dfab0755db5f860f84c\"><h4 class=\"fusion-tab-heading\"><i class=\"fontawesome-icon fa-chalkboard fas\" aria-hidden=\"true\" style=\"font-size:16px;\"><\/i>Presentaci\u00f3n<\/h4><\/a><\/li><\/ul><\/div><div class=\"tab-pane fade fusion-clearfix in active\" role=\"tabpanel\" tabindex=\"0\" aria-labelledby=\"fusion-tab-presentaci\u00f3n\" id=\"tab-dfab0755db5f860f84c\">\n<p><strong>A pesar de las amenazas de la globalizaci\u00f3n, que han fomentado el comercio online y la clonaci\u00f3n comercial en el centro de las capitales mundiales m\u00e1s importantes, no se puede entender la Barcelona actual sin el comercio de los barrios de la ciudad. Estos comercios han unido fuerzas y han creado ejes comerciales p\u00fablico-privados para impulsar un nuevo tipo de gesti\u00f3n y promoci\u00f3n para conseguir as\u00ed ideas exitosas como las rutas de tapas, los itinerarios de comercios singulares o el comercio en la calle.<\/strong><\/p>\n<p>Estas iniciativas han podido surgir s\u00f3lo gracias al conocimiento que el comercio de proximidad tiene de su clientela gracias al trato de proximidad del d\u00eda a d\u00eda. En este sentido, estos establecimientos necesitan nutrirse de nuevos profesionales que est\u00e9n, por un lado, preparados acad\u00e9micamente y, por otro, que tengan las competencias personales desarrolladas y conozcan la realidad de los barrios de la ciudad.<\/p>\n<p>El ciclo de Actividades Comerciales prepara a profesionales para afrontar estas necesidades del comercio de proximidad a partir del aprendizaje en la mejora de la experiencia de compra de la clientela, de las nuevas tendencias del sector o de las oportunidades que ofrecen internet en general , y de las redes sociales en concreto en los comercios de la ciudad. Por tanto, es el ciclo de grado medio ideal para aquellos\/as j\u00f3venes a los que les gusta el trato con las personas y que quieren hacer del comercio su profesi\u00f3n.<\/p>\n<\/div><div class=\"nav fusion-mobile-tab-nav\"><ul class=\"nav-tabs\" role=\"tablist\"><li role=\"presentation\"><a class=\"tab-link\" data-toggle=\"tab\" role=\"tab\" aria-controls=\"tab-b5dfb4d9f589563d92a\" aria-selected=\"false\" tabindex=\"-1\" id=\"mobile-fusion-tab-duraci\u00f3ndelciclo\" href=\"#tab-b5dfb4d9f589563d92a\"><h4 class=\"fusion-tab-heading\"><i class=\"fontawesome-icon fa-hourglass-half fas\" aria-hidden=\"true\" style=\"font-size:16px;\"><\/i>  Duraci\u00f3n del ciclo<\/h4><\/a><\/li><\/ul><\/div><div class=\"tab-pane fade fusion-clearfix\" role=\"tabpanel\" tabindex=\"0\" aria-labelledby=\"fusion-tab-duraci\u00f3ndelciclo\" id=\"tab-b5dfb4d9f589563d92a\">\n<p><!--more--><!--more-->2.000 horas repartidas en 2 cursos acad\u00e9micos: 1r curso: turno de ma\u00f1ana; 2\u00ba curso: turno de ma\u00f1ana.<\/p>\n<p>Existen 2 modalidades distintas:<\/p>\n<ul>\n<li>Modalidad DUAL General\n<ul>\n<li>1.485 horas en el centro educativo.<\/li>\n<li>515 horas en empresa.<\/li>\n<\/ul>\n<\/li>\n<li>Modalidad DUAL Intensiva\n<ul>\n<li>1287 horas en el centro educativo.<\/li>\n<li>1.000 horas en la empresa (remuneradas).<\/li>\n<\/ul>\n<\/li>\n<\/ul>\n<\/div><div class=\"nav fusion-mobile-tab-nav\"><ul class=\"nav-tabs\" role=\"tablist\"><li role=\"presentation\"><a class=\"tab-link\" data-toggle=\"tab\" role=\"tab\" aria-controls=\"tab-a0fe5f00711cd6609d2\" aria-selected=\"false\" tabindex=\"-1\" id=\"mobile-fusion-tab-asignaturas\" href=\"#tab-a0fe5f00711cd6609d2\"><h4 class=\"fusion-tab-heading\"><i class=\"fontawesome-icon fa-book fas\" aria-hidden=\"true\" style=\"font-size:16px;\"><\/i>Asignaturas<\/h4><\/a><\/li><\/ul><\/div><div class=\"tab-pane fade fusion-clearfix\" role=\"tabpanel\" tabindex=\"0\" aria-labelledby=\"fusion-tab-asignaturas\" id=\"tab-a0fe5f00711cd6609d2\">\n<ul>\n<li>Dinamizaci\u00f3n del Punto de Venta<\/li>\n<li>Gesti\u00f3n de Compras<\/li>\n<li>Gesti\u00f3n de un Peque\u00f1o Comercio<\/li>\n<li>Procesos de Venta<\/li>\n<li>Servicios de Atenci\u00f3n Comercial<\/li>\n<li>T\u00e9cnicas de Almac\u00e9n<\/li>\n<li>Venta T\u00e9cnica<\/li>\n<li>Aplicaciones Inform\u00e1ticas para el Comercio<\/li>\n<li>Comercio Electr\u00f3nico<\/li>\n<li>Marketing en la Actividad Comercial<\/li>\n<li>S\u00edntesis de Actividades Comerciales<\/li>\n<li>Itinerario por la Empleabilidad (I y II)<\/li>\n<li>Digitalizaci\u00f3n en el sector productivo<\/li>\n<li>Sostenibilidad en el sector productivo<\/li>\n<li>Ingl\u00e9s profesional<\/li>\n<li>Catalan profesional<\/li>\n<li>Estancia en empresa<\/li>\n<\/ul>\n<\/div><div class=\"nav fusion-mobile-tab-nav\"><ul class=\"nav-tabs\" role=\"tablist\"><li role=\"presentation\"><a class=\"tab-link\" data-toggle=\"tab\" role=\"tab\" aria-controls=\"tab-68258cddf4def7ffc1d\" aria-selected=\"false\" tabindex=\"-1\" id=\"mobile-fusion-tab-\u00bfqu\u00e9aprender\u00e1s?\" href=\"#tab-68258cddf4def7ffc1d\"><h4 class=\"fusion-tab-heading\"><i class=\"fontawesome-icon fa-brain fas\" aria-hidden=\"true\" style=\"font-size:16px;\"><\/i> \u00bfQu\u00e9 aprender\u00e1s?<\/h4><\/a><\/li><\/ul><\/div><div class=\"tab-pane fade fusion-clearfix\" role=\"tabpanel\" tabindex=\"0\" aria-labelledby=\"fusion-tab-\u00bfqu\u00e9aprender\u00e1s?\" id=\"tab-68258cddf4def7ffc1d\">\n<ul>\n<li>Detectar oportunidades de mercado para proponer un proyecto comercial.<\/li>\n<li>Comprobar y realizar un estudio en el que los productos solicitados son rentables y valorar la posibilidad de pedir productos nuevos.<\/li>\n<li>Organizar el espacio comercial y gestionar productos para mejorar los resultados del punto de venta.<\/li>\n<li>Crear promociones para incentivar la venta y saber captar y fidelizar a clientes.<\/li>\n<li>Emplear los sistemas inform\u00e1ticos habituales de un comercio.<\/li>\n<li>Dise\u00f1ar material informativo y publicitario.<\/li>\n<li>Elaborar y editar presentaciones multimedia y de v\u00eddeo aplicadas a la empresa.<\/li>\n<li>Dise\u00f1ar p\u00e1ginas web corporativas y tiendas online.<\/li>\n<li>Gestionar redes sociales aplicadas al entorno profesional: Instagram, Twitter, Linkedin, Facebook y otros.<\/li>\n<li>Hablar con vocabulario adecuado a tiendas y comercios.<\/li>\n<li>Aplicar actitudes profesionales en el entorno comercial y de la atenci\u00f3n al cliente.<\/li>\n<li>Aprender el trabajo en equipo: habilidades comunicativas y resoluci\u00f3n del conflicto.<\/li>\n<\/ul>\n<\/div><div class=\"nav fusion-mobile-tab-nav\"><ul class=\"nav-tabs\" role=\"tablist\"><li role=\"presentation\"><a class=\"tab-link\" data-toggle=\"tab\" role=\"tab\" aria-controls=\"tab-d84744908169f34da3a\" aria-selected=\"false\" tabindex=\"-1\" id=\"mobile-fusion-tab-titulaci\u00f3nobtenida\" href=\"#tab-d84744908169f34da3a\"><h4 class=\"fusion-tab-heading\"><i class=\"fontawesome-icon fa-award fas\" aria-hidden=\"true\" style=\"font-size:16px;\"><\/i> Titulaci\u00f3n obtenida<\/h4><\/a><\/li><\/ul><\/div><div class=\"tab-pane fade fusion-clearfix\" role=\"tabpanel\" tabindex=\"0\" aria-labelledby=\"fusion-tab-titulaci\u00f3nobtenida\" id=\"tab-d84744908169f34da3a\">\n<p>Una vez superados estos estudios obtendr\u00e1s el t\u00edtulo homologado de t\u00e9cnico\/a en Actividades Comerciales (Publicado en el RD 1571\/2011, de 4 de noviembre, por el que se establece el t\u00edtulo de t\u00e9cnico en actividades comerciales) expedido por el Departamento de Educaci\u00f3n de la Generalidad de Catalu\u00f1a.<\/p>\n<\/div><div class=\"nav fusion-mobile-tab-nav\"><ul class=\"nav-tabs\" role=\"tablist\"><li role=\"presentation\"><a class=\"tab-link\" data-toggle=\"tab\" role=\"tab\" aria-controls=\"tab-d0e5932737abca3c9d6\" aria-selected=\"false\" tabindex=\"-1\" id=\"mobile-fusion-tab-requisitosdeacceso\" href=\"#tab-d0e5932737abca3c9d6\"><h4 class=\"fusion-tab-heading\"><i class=\"fontawesome-icon fa-tasks fas\" aria-hidden=\"true\" style=\"font-size:16px;\"><\/i>Requisitos de acceso<\/h4><\/a><\/li><\/ul><\/div><div class=\"tab-pane fade fusion-clearfix\" role=\"tabpanel\" tabindex=\"0\" aria-labelledby=\"fusion-tab-requisitosdeacceso\" id=\"tab-d0e5932737abca3c9d6\">\n<p id=\"titulo-comercio\">S\u2019ha de complir un dels requisits seg\u00fcents:<\/p>\n<ul>\n<li>Tener el t\u00edtulo de graduado\/a en educaci\u00f3n secundaria obligatoria.<\/li>\n<li>Haber superado el curso espec\u00edfico para el acceso a ciclos de grado medio.<\/li>\n<li>Tener el t\u00edtulo de t\u00e9cnico\/ao de t\u00e9cnico\/a auxiliar.<\/li>\n<li>Haber superado el segundo curso del bachillerato unificado y polivalente (BUP).<\/li>\n<li>Tener otros estudios equivalentes a efectos acad\u00e9micos.<\/li>\n<li>Haber superado la prueba de acceso a la universidad para mayores de 25 a\u00f1os.<\/li>\n<li>Haber superado los m\u00f3dulos obligatorios de un programa de calificaci\u00f3n profesional inicial (PCPI).<\/li>\n<li>Tener un t\u00edtulo para acceder a un ciclo formativo de grado superior. Las personas que no cumplen ninguno de los requisitos mencionados deben superar una prueba de acceso. Para presentarse es necesario tener como m\u00ednimo 17 a\u00f1os en el a\u00f1o en que se realiza la prueba.  <\/li>\n<\/ul>\n<\/div><\/div><\/div><\/div><\/div><div class=\"fusion-layout-column fusion_builder_column fusion-builder-column-4 fusion_builder_column_1_1 1_1 fusion-flex-column\" style=\"--awb-bg-size:cover;--awb-width-large:100%;--awb-margin-top-large:0px;--awb-spacing-right-large:1.92%;--awb-margin-bottom-large:20px;--awb-spacing-left-large:1.92%;--awb-width-medium:100%;--awb-order-medium:0;--awb-spacing-right-medium:1.92%;--awb-spacing-left-medium:1.92%;--awb-width-small:100%;--awb-order-small:0;--awb-spacing-right-small:1.92%;--awb-spacing-left-small:1.92%;\"><div class=\"fusion-column-wrapper fusion-column-has-shadow fusion-flex-justify-content-flex-start fusion-content-layout-column\"><div class=\"fusion-title title fusion-title-4 fusion-sep-none fusion-title-center fusion-title-text fusion-title-size-two\"><h2 class=\"fusion-title-heading title-heading-center fusion-responsive-typography-calculated\" style=\"margin:0;--fontSize:40;line-height:1.2;\"><strong>Perfiles profesionales<\/strong> a los que optar\u00e1s<\/h2><\/div><div class=\"fusion-text fusion-text-6\" style=\"--awb-content-alignment:center;\"><p>Descubre la combinaci\u00f3n de capacidades t\u00e9cnicas y habilidades personales que componen tu perfil profesional.<\/p>\n<\/div><\/div><\/div>\n<\/div><\/div><div class=\"fusion-fullwidth fullwidth-box fusion-builder-row-2 fusion-flex-container cont-comerc nonhundred-percent-fullwidth non-hundred-percent-height-scrolling\" style=\"--awb-border-color:#0089ff;--awb-border-radius-top-left:0px;--awb-border-radius-top-right:0px;--awb-border-radius-bottom-right:0px;--awb-border-radius-bottom-left:0px;--awb-flex-wrap:wrap;\" ><div class=\"fusion-builder-row fusion-row fusion-flex-align-items-flex-end fusion-flex-content-wrap\" style=\"max-width:1248px;margin-left: calc(-4% \/ 2 );margin-right: calc(-4% \/ 2 );\"><div class=\"fusion-layout-column fusion_builder_column fusion-builder-column-5 fusion_builder_column_2_5 2_5 fusion-flex-column\" style=\"--awb-bg-size:cover;--awb-width-large:40%;--awb-margin-top-large:0px;--awb-spacing-right-large:4.8%;--awb-margin-bottom-large:0px;--awb-spacing-left-large:4.8%;--awb-width-medium:40%;--awb-order-medium:0;--awb-spacing-right-medium:4.8%;--awb-spacing-left-medium:4.8%;--awb-width-small:100%;--awb-order-small:0;--awb-spacing-right-small:1.92%;--awb-spacing-left-small:1.92%;\"><div class=\"fusion-column-wrapper fusion-column-has-shadow fusion-flex-justify-content-flex-end fusion-content-layout-column\"><div class=\"fusion-image-before-after-wrapper type-switch hover-type-together fusion-image-before-after-wrapper-1\" style=\"--awb-font-size:14px;--awb-bordersize:0px;--awb-accent-color-bg:rgba(255,255,255,0.15);--awb-transition-time:0.3s;\"><div class=\"fusion-image-before-after-element fusion-image-switch fusion-image-before-after-1\"><img decoding=\"async\" class=\"fusion-image-switch-before\" src=\"https:\/\/politecnics.barcelona\/wp-content\/uploads\/1-1-activitats-comercials-asistent.jpg\" width=\"630\" height=\"900\"><img decoding=\"async\" class=\"fusion-image-switch-after\" src=\"https:\/\/politecnics.barcelona\/wp-content\/uploads\/1-1-activitats-comercials-asistent-hov.jpg\" width=\"630\" height=\"900\"><\/a><\/div><\/div><\/div><\/div><div class=\"fusion-layout-column fusion_builder_column fusion-builder-column-6 fusion_builder_column_3_5 3_5 fusion-flex-column\" style=\"--awb-bg-size:cover;--awb-width-large:60%;--awb-margin-top-large:0px;--awb-spacing-right-large:3.2%;--awb-margin-bottom-large:20px;--awb-spacing-left-large:3.2%;--awb-width-medium:60%;--awb-order-medium:0;--awb-spacing-right-medium:3.2%;--awb-spacing-left-medium:3.2%;--awb-width-small:100%;--awb-order-small:0;--awb-spacing-right-small:1.92%;--awb-spacing-left-small:1.92%;\"><div class=\"fusion-column-wrapper fusion-column-has-shadow fusion-flex-justify-content-flex-start fusion-content-layout-column\"><div class=\"fusion-title title fusion-title-5 fusion-sep-none fusion-title-rotating fusion-loop-off fusion-title-clipIn fusion-title-size-one\"><h1 class=\"fusion-title-heading title-heading-left fusion-responsive-typography-calculated\" style=\"margin:0;--fontSize:60;line-height:1.2;\"><span class=\"fusion-animated-text-prefix\"><\/span> <span class=\"fusion-animated-texts-wrapper\" style=\"text-align: center;\" data-length=\"line\" data-minDisplayTime=\"1200\"><span class=\"fusion-animated-texts\"><span data-in-effect=\"clipIn\" class=\"fusion-animated-text\" data-in-sequence=\"true\" data-out-reverse=\"true\" data-out-effect=\"clipOut\">Asistente\/a<\/span><\/span><\/span> <span class=\"fusion-animated-text-postfix\"><\/span><\/h1><\/div><div class=\"fusion-builder-row fusion-builder-row-inner fusion-row fusion-flex-align-items-flex-end fusion-flex-content-wrap\" style=\"width:104% !important;max-width:104% !important;margin-left: calc(-4% \/ 2 );margin-right: calc(-4% \/ 2 );\"><div class=\"fusion-layout-column fusion_builder_column_inner fusion-builder-nested-column-0 fusion_builder_column_inner_3_5 3_5 fusion-flex-column fusion-flex-align-self-flex-start fusion-animated\" style=\"--awb-bg-size:cover;--awb-width-large:60%;--awb-margin-top-large:0px;--awb-spacing-right-large:3.2%;--awb-margin-bottom-large:20px;--awb-spacing-left-large:3.2%;--awb-width-medium:60%;--awb-order-medium:0;--awb-spacing-right-medium:3.2%;--awb-spacing-left-medium:3.2%;--awb-width-small:100%;--awb-order-small:0;--awb-spacing-right-small:1.92%;--awb-spacing-left-small:1.92%;\" data-animationType=\"fadeInLeft\" data-animationDuration=\"0.3\" data-animationOffset=\"top-into-view\"><div class=\"fusion-column-wrapper fusion-column-has-shadow fusion-flex-justify-content-flex-start fusion-content-layout-column\"><div class=\"fusion-text fusion-text-7 fusion-text-no-margin tit-perfils\" style=\"--awb-margin-bottom:20px;\"><h4><i class=\"fb-icon-element-2 fb-icon-element fontawesome-icon fa-users fas circle-no fusion-text-flow\" style=\"--awb-iconcolor-hover:#0089ff;--awb-font-size:18px;--awb-margin-right:9px;\"><\/i> <strong>Salidas profesionales<\/strong><\/h4>\n<\/div>\n<div class=\"fusion-text fusion-text-8\"><ul>\n<li>Televendedor<\/li>\n<li>Venta a distancia<\/li>\n<li>Informaci\u00f3n y atenci\u00f3n al cliente<\/li>\n<li>T\u00e9cnico de informaci\u00f3n y atenci\u00f3n al cliente en empresas<\/li>\n<li>Operadora de centro de atenci\u00f3n multicanal<\/li>\n<li>Administradora de contenidos online<\/li>\n<\/ul>\n<\/div><div class=\"fusion-text fusion-text-9 tit-perfils\"><h4><strong><i class=\"fb-icon-element-3 fb-icon-element fontawesome-icon fa-book fas circle-no fusion-text-flow\" style=\"--awb-iconcolor-hover:#0089ff;--awb-font-size:18px;--awb-margin-right:9px;\"><\/i> Asignaturas destacadas<\/strong><\/h4>\n<\/div>\n<div class=\"fusion-text fusion-text-10\"><ul>\n<li>Aplicaciones inform\u00e1ticas<\/li>\n<li>Servicios de atenci\u00f3n comercial<\/li>\n<li>Ingl\u00e9s<\/li>\n<\/ul>\n<\/div><\/div><\/div><div class=\"fusion-layout-column fusion_builder_column_inner fusion-builder-nested-column-1 fusion_builder_column_inner_2_5 2_5 fusion-flex-column fusion-flex-align-self-flex-start fusion-animated\" style=\"--awb-bg-size:cover;--awb-width-large:40%;--awb-margin-top-large:0px;--awb-spacing-right-large:4.8%;--awb-margin-bottom-large:20px;--awb-spacing-left-large:4.8%;--awb-width-medium:40%;--awb-order-medium:0;--awb-spacing-right-medium:4.8%;--awb-spacing-left-medium:4.8%;--awb-width-small:100%;--awb-order-small:0;--awb-spacing-right-small:1.92%;--awb-spacing-left-small:1.92%;\" data-animationType=\"fadeInRight\" data-animationDuration=\"0.3\" data-animationOffset=\"top-into-view\"><div class=\"fusion-column-wrapper fusion-column-has-shadow fusion-flex-justify-content-flex-start fusion-content-layout-column\"><div class=\"fusion-text fusion-text-11 tit-perfils\" style=\"--awb-content-alignment:center;\"><h4><strong>Habilidades personales adquiridas<\/strong><\/h4>\n<\/div>\n<style type=\"text\/css\">#fusion-chart-1 .fusion-chart-legend-wrap li:nth-child(1) span{color: #ffffff;}<\/style><div id=\"fusion-chart-1\" class=\"fusion-chart legend-bottom\" data-type=\"radar\" data-chart_legend_position=\"bottom\" data-x_axis_labels=\"F|R|A|S|E\" data-show_tooltips=\"no\" data-bg_colors=\"rgba(0,188,212,1)|rgba(139,195,74,1)|rgba(157,73,183,1)|rgba(255,152,0,1)|rgba(255,0,0,1)\" data-border_colors=\"rgba(0,188,212,1)|rgba(139,195,74,1)|rgba(157,73,183,1)|rgba(255,152,0,1)|rgba(255,0,0,1)\" data-border_size=\"1\" data-border_type=\"smooth\" data-chart_fill=\"off\" data-chart_point_style=\"circle\" data-chart_point_size=\"3\" data-chart_axis_text_color=\"rgba(255,255,255,0)\" data-chart_gridline_color=\"rgba(0,0,0,0.1)\"><div class=\"fusion-chart-dataset\" data-label=\"F - R - A - S - E\" data-values=\"6|9|4|7|5\" data-background_color=\"rgba(203,15,34,1)\"><\/div><div class=\"fusion-chart-inner\"><div class=\"fusion-chart-wrap\"><canvas><\/canvas><\/div><div class=\"fusion-chart-legend-wrap\"><\/div><\/div><\/div><div class=\"fusion-text fusion-text-12\" style=\"--awb-content-alignment:center;--awb-font-size:14px;\"><p><strong>F<\/strong>lexibilidad \/ <strong>R<\/strong>esponsabilidad<br \/>\n<strong>A<\/strong>utonom\u00eda \/ <strong>S<\/strong>ociabilidad \/ <strong>E<\/strong>voluci\u00f3n<\/p>\n<\/div>\n<\/div><\/div><\/div><\/div><\/div><div class=\"fusion-layout-column fusion_builder_column fusion-builder-column-7 fusion_builder_column_1_1 1_1 fusion-flex-column\" style=\"--awb-bg-size:cover;--awb-width-large:100%;--awb-margin-top-large:0px;--awb-spacing-right-large:1.92%;--awb-margin-bottom-large:20px;--awb-spacing-left-large:1.92%;--awb-width-medium:100%;--awb-order-medium:0;--awb-spacing-right-medium:1.92%;--awb-spacing-left-medium:1.92%;--awb-width-small:100%;--awb-order-small:3;--awb-spacing-right-small:1.92%;--awb-spacing-left-small:1.92%;\"><div class=\"fusion-column-wrapper fusion-column-has-shadow fusion-flex-justify-content-flex-start fusion-content-layout-column\"><div class=\"fusion-separator fusion-full-width-sep\" style=\"align-self: center;margin-left: auto;margin-right: auto;margin-top:0px;margin-bottom:0px;width:100%;\"><div class=\"fusion-separator-border sep-single sep-solid\" style=\"--awb-height:20px;--awb-amount:20px;border-color:#0089ff;border-top-width:1px;\"><\/div><\/div><\/div><\/div>\n<\/div><\/div><div class=\"fusion-fullwidth fullwidth-box fusion-builder-row-3 fusion-flex-container cont-comerc nonhundred-percent-fullwidth non-hundred-percent-height-scrolling\" style=\"--awb-border-color:#0089ff;--awb-border-radius-top-left:0px;--awb-border-radius-top-right:0px;--awb-border-radius-bottom-right:0px;--awb-border-radius-bottom-left:0px;--awb-flex-wrap:wrap;\" ><div class=\"fusion-builder-row fusion-row fusion-flex-align-items-flex-end fusion-flex-content-wrap\" style=\"max-width:1248px;margin-left: calc(-4% \/ 2 );margin-right: calc(-4% \/ 2 );\"><div class=\"fusion-layout-column fusion_builder_column fusion-builder-column-8 fusion_builder_column_3_5 3_5 fusion-flex-column\" style=\"--awb-bg-size:cover;--awb-width-large:60%;--awb-margin-top-large:0px;--awb-spacing-right-large:3.2%;--awb-margin-bottom-large:20px;--awb-spacing-left-large:3.2%;--awb-width-medium:60%;--awb-order-medium:0;--awb-spacing-right-medium:3.2%;--awb-spacing-left-medium:3.2%;--awb-width-small:100%;--awb-order-small:2;--awb-spacing-right-small:1.92%;--awb-spacing-left-small:1.92%;\"><div class=\"fusion-column-wrapper fusion-column-has-shadow fusion-flex-justify-content-flex-start fusion-content-layout-column\"><div class=\"fusion-title title fusion-title-6 fusion-sep-none fusion-title-rotating fusion-loop-off fusion-title-clipIn fusion-title-size-one\"><h1 class=\"fusion-title-heading title-heading-left fusion-responsive-typography-calculated\" style=\"margin:0;--fontSize:60;line-height:1.2;\"><span class=\"fusion-animated-text-prefix\"><\/span> <span class=\"fusion-animated-texts-wrapper\" style=\"text-align: center;\" data-length=\"line\" data-minDisplayTime=\"1200\"><span class=\"fusion-animated-texts\"><span data-in-effect=\"clipIn\" class=\"fusion-animated-text\" data-in-sequence=\"true\" data-out-reverse=\"true\" data-out-effect=\"clipOut\">Comercial<\/span><\/span><\/span> <span class=\"fusion-animated-text-postfix\"><\/span><\/h1><\/div><div class=\"fusion-builder-row fusion-builder-row-inner fusion-row fusion-flex-align-items-flex-end fusion-flex-content-wrap\" style=\"width:104% !important;max-width:104% !important;margin-left: calc(-4% \/ 2 );margin-right: calc(-4% \/ 2 );\"><div class=\"fusion-layout-column fusion_builder_column_inner fusion-builder-nested-column-2 fusion_builder_column_inner_3_5 3_5 fusion-flex-column fusion-flex-align-self-flex-start fusion-animated\" style=\"--awb-bg-size:cover;--awb-width-large:60%;--awb-margin-top-large:0px;--awb-spacing-right-large:3.2%;--awb-margin-bottom-large:20px;--awb-spacing-left-large:3.2%;--awb-width-medium:60%;--awb-order-medium:0;--awb-spacing-right-medium:3.2%;--awb-spacing-left-medium:3.2%;--awb-width-small:100%;--awb-order-small:0;--awb-spacing-right-small:1.92%;--awb-spacing-left-small:1.92%;\" data-animationType=\"fadeInLeft\" data-animationDuration=\"0.3\" data-animationOffset=\"top-into-view\"><div class=\"fusion-column-wrapper fusion-column-has-shadow fusion-flex-justify-content-flex-start fusion-content-layout-column\"><div class=\"fusion-text fusion-text-13 fusion-text-no-margin tit-perfils\" style=\"--awb-margin-bottom:20px;\"><h4><i class=\"fb-icon-element-4 fb-icon-element fontawesome-icon fa-users fas circle-no fusion-text-flow\" style=\"--awb-iconcolor-hover:#0089ff;--awb-font-size:18px;--awb-margin-right:9px;\"><\/i> <strong>Salidas profesionales<\/strong><\/h4>\n<\/div>\n<div class=\"fusion-text fusion-text-14\"><ul>\n<li>Vendedor o vendedor t\u00e9cnico<\/li>\n<li>Representante comercial<\/li>\n<li>Orientador comercial<\/li>\n<li>Promotor<\/li>\n<\/ul>\n<\/div><div class=\"fusion-text fusion-text-15 tit-perfils\"><h4><strong><i class=\"fb-icon-element-5 fb-icon-element fontawesome-icon fa-book fas circle-no fusion-text-flow\" style=\"--awb-iconcolor-hover:#0089ff;--awb-font-size:18px;--awb-margin-right:9px;\"><\/i> Asignaturas destacadas<\/strong><\/h4>\n<\/div>\n<div class=\"fusion-text fusion-text-16\"><ul>\n<li style=\"list-style-type: none;\">\n<ul>\n<li>Dinamizaci\u00f3n del punto de venta<\/li>\n<li>Marketing en la actividad comercial<\/li>\n<li>Comercio electr\u00f3nico<\/li>\n<li>Procesos de venta<\/li>\n<li>Venta t\u00e9cnica<\/li>\n<\/ul>\n<\/li>\n<\/ul>\n<\/div><\/div><\/div><div class=\"fusion-layout-column fusion_builder_column_inner fusion-builder-nested-column-3 fusion_builder_column_inner_2_5 2_5 fusion-flex-column fusion-flex-align-self-flex-start fusion-animated\" style=\"--awb-bg-size:cover;--awb-width-large:40%;--awb-margin-top-large:0px;--awb-spacing-right-large:4.8%;--awb-margin-bottom-large:20px;--awb-spacing-left-large:4.8%;--awb-width-medium:40%;--awb-order-medium:0;--awb-spacing-right-medium:4.8%;--awb-spacing-left-medium:4.8%;--awb-width-small:100%;--awb-order-small:0;--awb-spacing-right-small:1.92%;--awb-spacing-left-small:1.92%;\" data-animationType=\"fadeInRight\" data-animationDuration=\"0.3\" data-animationOffset=\"top-into-view\"><div class=\"fusion-column-wrapper fusion-column-has-shadow fusion-flex-justify-content-flex-start fusion-content-layout-column\"><div class=\"fusion-text fusion-text-17 tit-perfils\" style=\"--awb-content-alignment:center;\"><h4><strong>Habilidades personales adquiridas<\/strong><\/h4>\n<\/div>\n<style type=\"text\/css\">#fusion-chart-2 .fusion-chart-legend-wrap li:nth-child(1) span{color: #ffffff;}<\/style><div id=\"fusion-chart-2\" class=\"fusion-chart legend-bottom\" data-type=\"radar\" data-chart_legend_position=\"bottom\" data-x_axis_labels=\"F|R|A|S|E\" data-show_tooltips=\"no\" data-bg_colors=\"rgba(0,188,212,1)|rgba(139,195,74,1)|rgba(157,73,183,1)|rgba(255,152,0,1)|rgba(255,0,0,1)\" data-border_colors=\"rgba(0,188,212,1)|rgba(139,195,74,1)|rgba(157,73,183,1)|rgba(255,152,0,1)|rgba(255,0,0,1)\" data-border_size=\"1\" data-border_type=\"smooth\" data-chart_fill=\"off\" data-chart_point_style=\"circle\" data-chart_point_size=\"3\" data-chart_axis_text_color=\"rgba(255,255,255,0)\" data-chart_gridline_color=\"rgba(0,0,0,0.1)\"><div class=\"fusion-chart-dataset\" data-label=\"F - R - A - S - E\" data-values=\"7|6|5|9|5\" data-background_color=\"rgba(203,15,34,1)\"><\/div><div class=\"fusion-chart-inner\"><div class=\"fusion-chart-wrap\"><canvas><\/canvas><\/div><div class=\"fusion-chart-legend-wrap\"><\/div><\/div><\/div><div class=\"fusion-text fusion-text-18\" style=\"--awb-content-alignment:center;--awb-font-size:14px;\"><p><strong>F<\/strong>lexibilidad \/ <strong>R<\/strong>esponsabilidad<br \/>\n<strong>A<\/strong>utonom\u00eda \/ <strong>S<\/strong>ociabilidad \/ <strong>E<\/strong>voluci\u00f3n<\/p>\n<\/div>\n<\/div><\/div><\/div><\/div><\/div><div class=\"fusion-layout-column fusion_builder_column fusion-builder-column-9 fusion_builder_column_2_5 2_5 fusion-flex-column\" style=\"--awb-bg-size:cover;--awb-width-large:40%;--awb-margin-top-large:0px;--awb-spacing-right-large:4.8%;--awb-margin-bottom-large:0px;--awb-spacing-left-large:4.8%;--awb-width-medium:40%;--awb-order-medium:0;--awb-spacing-right-medium:4.8%;--awb-spacing-left-medium:4.8%;--awb-width-small:100%;--awb-order-small:0;--awb-spacing-right-small:1.92%;--awb-spacing-left-small:1.92%;\"><div class=\"fusion-column-wrapper fusion-column-has-shadow fusion-flex-justify-content-flex-end fusion-content-layout-column\"><div class=\"fusion-image-before-after-wrapper type-switch hover-type-together fusion-image-before-after-wrapper-2\" style=\"--awb-font-size:14px;--awb-bordersize:0px;--awb-accent-color-bg:rgba(255,255,255,0.15);--awb-transition-time:0.3s;\"><div class=\"fusion-image-before-after-element fusion-image-switch fusion-image-before-after-2\"><img decoding=\"async\" class=\"fusion-image-switch-before\" src=\"https:\/\/politecnics.barcelona\/wp-content\/uploads\/1-1-activitats-comercials-comercial.jpg\" width=\"630\" height=\"900\"><img decoding=\"async\" class=\"fusion-image-switch-after\" src=\"https:\/\/politecnics.barcelona\/wp-content\/uploads\/1-1-activitats-comercials-comercial-hov.jpg\" width=\"630\" height=\"900\"><\/a><\/div><\/div><\/div><\/div><div class=\"fusion-layout-column fusion_builder_column fusion-builder-column-10 fusion_builder_column_1_1 1_1 fusion-flex-column\" style=\"--awb-bg-size:cover;--awb-width-large:100%;--awb-margin-top-large:0px;--awb-spacing-right-large:1.92%;--awb-margin-bottom-large:20px;--awb-spacing-left-large:1.92%;--awb-width-medium:100%;--awb-order-medium:0;--awb-spacing-right-medium:1.92%;--awb-spacing-left-medium:1.92%;--awb-width-small:100%;--awb-order-small:3;--awb-spacing-right-small:1.92%;--awb-spacing-left-small:1.92%;\"><div class=\"fusion-column-wrapper fusion-column-has-shadow fusion-flex-justify-content-flex-start fusion-content-layout-column\"><div class=\"fusion-separator fusion-full-width-sep\" style=\"align-self: center;margin-left: auto;margin-right: auto;margin-top:0px;margin-bottom:0px;width:100%;\"><div class=\"fusion-separator-border sep-single sep-solid\" style=\"--awb-height:20px;--awb-amount:20px;border-color:#0089ff;border-top-width:1px;\"><\/div><\/div><\/div><\/div>\n<\/div><\/div><div class=\"fusion-fullwidth fullwidth-box fusion-builder-row-4 fusion-flex-container cont-comerc nonhundred-percent-fullwidth non-hundred-percent-height-scrolling\" style=\"--awb-border-color:#0089ff;--awb-border-radius-top-left:0px;--awb-border-radius-top-right:0px;--awb-border-radius-bottom-right:0px;--awb-border-radius-bottom-left:0px;--awb-flex-wrap:wrap;\" ><div class=\"fusion-builder-row fusion-row fusion-flex-align-items-flex-end fusion-flex-content-wrap\" style=\"max-width:1248px;margin-left: calc(-4% \/ 2 );margin-right: calc(-4% \/ 2 );\"><div class=\"fusion-layout-column fusion_builder_column fusion-builder-column-11 fusion_builder_column_2_5 2_5 fusion-flex-column\" style=\"--awb-bg-size:cover;--awb-width-large:40%;--awb-margin-top-large:0px;--awb-spacing-right-large:4.8%;--awb-margin-bottom-large:0px;--awb-spacing-left-large:4.8%;--awb-width-medium:40%;--awb-order-medium:0;--awb-spacing-right-medium:4.8%;--awb-spacing-left-medium:4.8%;--awb-width-small:100%;--awb-order-small:0;--awb-spacing-right-small:1.92%;--awb-spacing-left-small:1.92%;\"><div class=\"fusion-column-wrapper fusion-column-has-shadow fusion-flex-justify-content-flex-end fusion-content-layout-column\"><div class=\"fusion-image-before-after-wrapper type-switch hover-type-together fusion-image-before-after-wrapper-3\" style=\"--awb-font-size:14px;--awb-bordersize:0px;--awb-accent-color-bg:rgba(255,255,255,0.15);--awb-transition-time:0.3s;\"><div class=\"fusion-image-before-after-element fusion-image-switch fusion-image-before-after-3\"><img decoding=\"async\" class=\"fusion-image-switch-before\" src=\"https:\/\/politecnics.barcelona\/wp-content\/uploads\/1-1-activitats-comercials-logistica.jpg\" width=\"630\" height=\"900\"><img decoding=\"async\" class=\"fusion-image-switch-after\" src=\"https:\/\/politecnics.barcelona\/wp-content\/uploads\/1-1-activitats-comercials-logistica-hov.jpg\" width=\"630\" height=\"900\"><\/a><\/div><\/div><\/div><\/div><div class=\"fusion-layout-column fusion_builder_column fusion-builder-column-12 fusion_builder_column_3_5 3_5 fusion-flex-column\" style=\"--awb-bg-size:cover;--awb-width-large:60%;--awb-margin-top-large:0px;--awb-spacing-right-large:3.2%;--awb-margin-bottom-large:20px;--awb-spacing-left-large:3.2%;--awb-width-medium:60%;--awb-order-medium:0;--awb-spacing-right-medium:3.2%;--awb-spacing-left-medium:3.2%;--awb-width-small:100%;--awb-order-small:0;--awb-spacing-right-small:1.92%;--awb-spacing-left-small:1.92%;\"><div class=\"fusion-column-wrapper fusion-column-has-shadow fusion-flex-justify-content-flex-start fusion-content-layout-column\"><div class=\"fusion-title title fusion-title-7 fusion-sep-none fusion-title-rotating fusion-loop-off fusion-title-clipIn fusion-title-size-one\"><h1 class=\"fusion-title-heading title-heading-left fusion-responsive-typography-calculated\" style=\"margin:0;--fontSize:60;line-height:1.2;\"><span class=\"fusion-animated-text-prefix\"><\/span> <span class=\"fusion-animated-texts-wrapper\" style=\"text-align: center;\" data-length=\"line\" data-minDisplayTime=\"1200\"><span class=\"fusion-animated-texts\"><span data-in-effect=\"clipIn\" class=\"fusion-animated-text\" data-in-sequence=\"true\" data-out-reverse=\"true\" data-out-effect=\"clipOut\">Log\u00edstica<\/span><\/span><\/span> <span class=\"fusion-animated-text-postfix\"><\/span><\/h1><\/div><div class=\"fusion-builder-row fusion-builder-row-inner fusion-row fusion-flex-align-items-flex-end fusion-flex-content-wrap\" style=\"width:104% !important;max-width:104% !important;margin-left: calc(-4% \/ 2 );margin-right: calc(-4% \/ 2 );\"><div class=\"fusion-layout-column fusion_builder_column_inner fusion-builder-nested-column-4 fusion_builder_column_inner_3_5 3_5 fusion-flex-column fusion-flex-align-self-flex-start fusion-animated\" style=\"--awb-bg-size:cover;--awb-width-large:60%;--awb-margin-top-large:0px;--awb-spacing-right-large:3.2%;--awb-margin-bottom-large:20px;--awb-spacing-left-large:3.2%;--awb-width-medium:60%;--awb-order-medium:0;--awb-spacing-right-medium:3.2%;--awb-spacing-left-medium:3.2%;--awb-width-small:100%;--awb-order-small:0;--awb-spacing-right-small:1.92%;--awb-spacing-left-small:1.92%;\" data-animationType=\"fadeInLeft\" data-animationDuration=\"0.3\" data-animationOffset=\"top-into-view\"><div class=\"fusion-column-wrapper fusion-column-has-shadow fusion-flex-justify-content-flex-start fusion-content-layout-column\"><div class=\"fusion-text fusion-text-19 fusion-text-no-margin tit-perfils\" style=\"--awb-margin-bottom:20px;\"><h4><i class=\"fb-icon-element-6 fb-icon-element fontawesome-icon fa-users fas circle-no fusion-text-flow\" style=\"--awb-iconcolor-hover:#0089ff;--awb-font-size:18px;--awb-margin-right:9px;\"><\/i> <strong>Salidas profesionales<\/strong><\/h4>\n<\/div>\n<div class=\"fusion-text fusion-text-20\"><ul>\n<li>Reponedor<\/li>\n<li>T\u00e9cnico en gesti\u00f3n de stocks y almac\u00e9n<\/li>\n<li>Jefe de almac\u00e9n<\/li>\n<li>Responsable de recepci\u00f3n de mercanc\u00edas<\/li>\n<li>Responsable de expedici\u00f3n de mercanc\u00edas<\/li>\n<li>T\u00e9cnico o t\u00e9cnica en log\u00edstica de almacenes<\/li>\n<\/ul>\n<\/div><div class=\"fusion-text fusion-text-21 tit-perfils\"><h4><strong><i class=\"fb-icon-element-7 fb-icon-element fontawesome-icon fa-book fas circle-no fusion-text-flow\" style=\"--awb-iconcolor-hover:#0089ff;--awb-font-size:18px;--awb-margin-right:9px;\"><\/i> Asignaturas destacadas<\/strong><\/h4>\n<\/div>\n<div class=\"fusion-text fusion-text-22\"><ul>\n<li>Gesti\u00f3n de compras<\/li>\n<li>T\u00e9cnicas de almac\u00e9n<\/li>\n<li>Gesti\u00f3n de un peque\u00f1o comercio<\/li>\n<\/ul>\n<\/div><\/div><\/div><div class=\"fusion-layout-column fusion_builder_column_inner fusion-builder-nested-column-5 fusion_builder_column_inner_2_5 2_5 fusion-flex-column fusion-flex-align-self-flex-start fusion-animated\" style=\"--awb-bg-size:cover;--awb-width-large:40%;--awb-margin-top-large:0px;--awb-spacing-right-large:4.8%;--awb-margin-bottom-large:20px;--awb-spacing-left-large:4.8%;--awb-width-medium:40%;--awb-order-medium:0;--awb-spacing-right-medium:4.8%;--awb-spacing-left-medium:4.8%;--awb-width-small:100%;--awb-order-small:0;--awb-spacing-right-small:1.92%;--awb-spacing-left-small:1.92%;\" data-animationType=\"fadeInRight\" data-animationDuration=\"0.3\" data-animationOffset=\"top-into-view\"><div class=\"fusion-column-wrapper fusion-column-has-shadow fusion-flex-justify-content-flex-start fusion-content-layout-column\"><div class=\"fusion-text fusion-text-23 tit-perfils\" style=\"--awb-content-alignment:center;\"><h4><strong>Habilidades personales adquiridas<\/strong><\/h4>\n<\/div>\n<style type=\"text\/css\">#fusion-chart-3 .fusion-chart-legend-wrap li:nth-child(1) span{color: #ffffff;}<\/style><div id=\"fusion-chart-3\" class=\"fusion-chart legend-bottom\" data-type=\"radar\" data-chart_legend_position=\"bottom\" data-x_axis_labels=\"F|R|A|S|E\" data-show_tooltips=\"no\" data-bg_colors=\"rgba(0,188,212,1)|rgba(139,195,74,1)|rgba(157,73,183,1)|rgba(255,152,0,1)|rgba(255,0,0,1)\" data-border_colors=\"rgba(0,188,212,1)|rgba(139,195,74,1)|rgba(157,73,183,1)|rgba(255,152,0,1)|rgba(255,0,0,1)\" data-border_size=\"1\" data-border_type=\"smooth\" data-chart_fill=\"off\" data-chart_point_style=\"circle\" data-chart_point_size=\"3\" data-chart_axis_text_color=\"rgba(255,255,255,0)\" data-chart_gridline_color=\"rgba(0,0,0,0.1)\"><div class=\"fusion-chart-dataset\" data-label=\"F - R - A - S - E\" data-values=\"9|7|3|5|5\" data-background_color=\"rgba(203,15,34,1)\"><\/div><div class=\"fusion-chart-inner\"><div class=\"fusion-chart-wrap\"><canvas><\/canvas><\/div><div class=\"fusion-chart-legend-wrap\"><\/div><\/div><\/div><div class=\"fusion-text fusion-text-24\" style=\"--awb-content-alignment:center;--awb-font-size:14px;\"><p><strong>F<\/strong>lexibilidad \/ <strong>R<\/strong>esponsabilidad<br \/>\n<strong>A<\/strong>utonom\u00eda \/ <strong>S<\/strong>ociabilidad \/ <strong>E<\/strong>voluci\u00f3n<\/p>\n<\/div>\n<\/div><\/div><\/div><\/div><\/div><div class=\"fusion-layout-column fusion_builder_column fusion-builder-column-13 fusion_builder_column_1_1 1_1 fusion-flex-column\" style=\"--awb-bg-size:cover;--awb-width-large:100%;--awb-margin-top-large:0px;--awb-spacing-right-large:1.92%;--awb-margin-bottom-large:20px;--awb-spacing-left-large:1.92%;--awb-width-medium:100%;--awb-order-medium:0;--awb-spacing-right-medium:1.92%;--awb-spacing-left-medium:1.92%;--awb-width-small:100%;--awb-order-small:3;--awb-spacing-right-small:1.92%;--awb-spacing-left-small:1.92%;\"><div class=\"fusion-column-wrapper fusion-column-has-shadow fusion-flex-justify-content-flex-start fusion-content-layout-column\"><div class=\"fusion-separator fusion-full-width-sep\" style=\"align-self: center;margin-left: auto;margin-right: auto;margin-top:0px;margin-bottom:0px;width:100%;\"><div class=\"fusion-separator-border sep-single sep-solid\" style=\"--awb-height:20px;--awb-amount:20px;border-color:#0089ff;border-top-width:1px;\"><\/div><\/div><\/div><\/div>\n<\/div><\/div><\/p>\n","protected":false},"excerpt":{"rendered":"","protected":false},"author":1,"featured_media":0,"parent":5829,"menu_order":0,"comment_status":"closed","ping_status":"closed","template":"","meta":{"_monsterinsights_skip_tracking":false,"_monsterinsights_sitenote_active":false,"_monsterinsights_sitenote_note":"","_monsterinsights_sitenote_category":0,"footnotes":""},"_links":{"self":[{"href":"https:\/\/politecnics.barcelona\/es\/wp-json\/wp\/v2\/pages\/5840"}],"collection":[{"href":"https:\/\/politecnics.barcelona\/es\/wp-json\/wp\/v2\/pages"}],"about":[{"href":"https:\/\/politecnics.barcelona\/es\/wp-json\/wp\/v2\/types\/page"}],"author":[{"embeddable":true,"href":"https:\/\/politecnics.barcelona\/es\/wp-json\/wp\/v2\/users\/1"}],"replies":[{"embeddable":true,"href":"https:\/\/politecnics.barcelona\/es\/wp-json\/wp\/v2\/comments?post=5840"}],"version-history":[{"count":19,"href":"https:\/\/politecnics.barcelona\/es\/wp-json\/wp\/v2\/pages\/5840\/revisions"}],"predecessor-version":[{"id":12991,"href":"https:\/\/politecnics.barcelona\/es\/wp-json\/wp\/v2\/pages\/5840\/revisions\/12991"}],"up":[{"embeddable":true,"href":"https:\/\/politecnics.barcelona\/es\/wp-json\/wp\/v2\/pages\/5829"}],"wp:attachment":[{"href":"https:\/\/politecnics.barcelona\/es\/wp-json\/wp\/v2\/media?parent=5840"}],"curies":[{"name":"wp","href":"https:\/\/api.w.org\/{rel}","templated":true}]}}