{"id":10188,"date":"2024-12-04T10:31:10","date_gmt":"2024-12-04T09:31:10","guid":{"rendered":"https:\/\/politecnics.barcelona\/agenda\/los-mundos-de-alicia-sonar-con-el-pais-de-las-maravillas\/"},"modified":"2024-12-04T10:31:10","modified_gmt":"2024-12-04T09:31:10","slug":"los-mundos-de-alicia-sonar-con-el-pais-de-las-maravillas","status":"publish","type":"tribe_events","link":"https:\/\/politecnics.barcelona\/es\/agenda\/los-mundos-de-alicia-sonar-con-el-pais-de-las-maravillas\/","title":{"rendered":"Los mundos de Alicia. So\u00f1ar con el pa\u00eds de las maravillas"},"content":{"rendered":"<h2>Los mundos de Alicia. So\u00f1ar con el pa\u00eds de las maravillas <\/h2>\n<h4>Ubicaci\u00f3n<\/h4>\n<p>CaixaF\u00f3rum<\/p>\n<h4>Grupos<\/h4>\n<p>EI2A &#8211; M\u00f3dulo de proyecto<\/p>\n<h4>Objetivo<\/h4>\n<p>A trav\u00e9s de esta salida, queremos que las alumnas de Proyecto puedan valorar c\u00f3mo un cuento puede convertirse en todo un fen\u00f3meno cultural e influenciar en otras disciplinas art\u00edsticas como son la moda, el cine, artes visuales, etc. Partiendo del texto original (escrito por Lewis Caroll, en plena era victoriana), la visita pretende poner de manifiesto c\u00f3mo cada generaci\u00f3n ha ido reinterpretando su imaginario. <\/p>\n<h4>Haremos<\/h4>\n<p>Visitar la exposici\u00f3n<\/p>\n<h4>Enlaces<\/h4>\n<h4>Otras consideraciones<\/h4>\n","protected":false},"excerpt":{"rendered":"<p>Los mundos de Alicia. So\u00f1ar con el pa\u00eds de las maravillas Ubicaci\u00f3n CaixaF\u00f3rum Grupos EI2A &#8211; M\u00f3dulo de proyecto Objetivo A trav\u00e9s de esta salida, queremos que las alumnas de [&hellip;]<\/p>\n","protected":false},"author":2,"featured_media":10185,"comment_status":"closed","ping_status":"closed","template":"","meta":{"_monsterinsights_skip_tracking":false,"_monsterinsights_sitenote_active":false,"_monsterinsights_sitenote_note":"","_monsterinsights_sitenote_category":0,"_tribe_events_status":"","_tribe_events_status_reason":""},"tags":[493,490,492,171,491,316],"tribe_events_cat":[102],"_links":{"self":[{"href":"https:\/\/politecnics.barcelona\/es\/wp-json\/wp\/v2\/tribe_events\/10188"}],"collection":[{"href":"https:\/\/politecnics.barcelona\/es\/wp-json\/wp\/v2\/tribe_events"}],"about":[{"href":"https:\/\/politecnics.barcelona\/es\/wp-json\/wp\/v2\/types\/tribe_events"}],"author":[{"embeddable":true,"href":"https:\/\/politecnics.barcelona\/es\/wp-json\/wp\/v2\/users\/2"}],"replies":[{"embeddable":true,"href":"https:\/\/politecnics.barcelona\/es\/wp-json\/wp\/v2\/comments?post=10188"}],"version-history":[{"count":0,"href":"https:\/\/politecnics.barcelona\/es\/wp-json\/wp\/v2\/tribe_events\/10188\/revisions"}],"wp:featuredmedia":[{"embeddable":true,"href":"https:\/\/politecnics.barcelona\/es\/wp-json\/wp\/v2\/media\/10185"}],"wp:attachment":[{"href":"https:\/\/politecnics.barcelona\/es\/wp-json\/wp\/v2\/media?parent=10188"}],"wp:term":[{"taxonomy":"post_tag","embeddable":true,"href":"https:\/\/politecnics.barcelona\/es\/wp-json\/wp\/v2\/tags?post=10188"},{"taxonomy":"tribe_events_cat","embeddable":true,"href":"https:\/\/politecnics.barcelona\/es\/wp-json\/wp\/v2\/tribe_events_cat?post=10188"}],"curies":[{"name":"wp","href":"https:\/\/api.w.org\/{rel}","templated":true}]}}