{"id":11117,"date":"2025-04-01T21:39:46","date_gmt":"2025-04-01T19:39:46","guid":{"rendered":"https:\/\/politecnics.barcelona\/agenda\/campana-de-recauda-solidaria-para-avismon-en-el-mercado-de-santa-caterina\/"},"modified":"2025-04-01T21:39:46","modified_gmt":"2025-04-01T19:39:46","slug":"campana-de-recauda-solidaria-para-avismon-en-el-mercado-de-santa-caterina","status":"publish","type":"tribe_events","link":"https:\/\/politecnics.barcelona\/es\/agenda\/campana-de-recauda-solidaria-para-avismon-en-el-mercado-de-santa-caterina\/","title":{"rendered":"Campa\u00f1a de recauda solidaria para AVISM\u00d3N en el mercado de Santa Caterina"},"content":{"rendered":"<h2>Campa\u00f1a de recauda solidaria para AVISM\u00d3N en el mercado de Santa Caterina<\/h2>\n<h4>Ubicaci\u00f3n<\/h4>\n<p>Mercado de Santa Caterina<\/p>\n<h4>Grupos<\/h4>\n<p>ACOM2A, ACOM2B<\/p>\n<h4>Objetivo<\/h4>\n<p>Concienciaci\u00f3n social sobre la situaci\u00f3n de vulnerabilidad de las personas mayores a la hora de acceder a una alimentaci\u00f3n saludable.<br \/>\nTrabajo de los ODS 1) Fin de la pobreza, 2) Hambre cero, 3) Salud y bienestar, 4) Educaci\u00f3n de calidad, 12) Cosum y producci\u00f3n responsables y 16) Paz, justicia e instituciones s\u00f3lidas.    <\/p>\n<h4>Haremos<\/h4>\n<p>Proyecto de Aprendizaje y Servicio Mercados por la puerta grande en colaboraci\u00f3n con Mercados de Barcelona \u2013 Mercado de Santa Caterina y la fundaci\u00f3n AVISM\u00d3N. Se trata del dise\u00f1o de una campa\u00f1a de recauda solidaria para la gente mayor en situaci\u00f3n de vulnerabilidad. <\/p>\n<h4>Enlaces<\/h4>\n<div class=\"video-shortcode\">\n<blockquote class=\"wp-embedded-content\" data-secret=\"BCuqi9BmUU\"><p><a href=\"https:\/\/avismon.cat\/es\/\">Inicio<\/a><\/p><\/blockquote>\n<p><iframe class=\"wp-embedded-content\" sandbox=\"allow-scripts\" security=\"restricted\" style=\"position: absolute; clip: rect(1px, 1px, 1px, 1px);\" title=\"\u00abInicio\u00bb \u2014 Avismon\" src=\"https:\/\/avismon.cat\/es\/embed\/#?secret=4mbWWsCGit#?secret=BCuqi9BmUU\" data-secret=\"BCuqi9BmUU\" width=\"600\" height=\"338\" frameborder=\"0\" marginwidth=\"0\" marginheight=\"0\" scrolling=\"no\"><\/iframe><\/div>\n<div class=\"video-shortcode\">\n<blockquote class=\"wp-embedded-content\" data-secret=\"Wo0CfF5BN5\"><p><a href=\"https:\/\/mercatsantacaterina.com\/\">Inicio<\/a><\/p><\/blockquote>\n<p><iframe class=\"wp-embedded-content\" sandbox=\"allow-scripts\" security=\"restricted\" style=\"position: absolute; clip: rect(1px, 1px, 1px, 1px);\" title=\"\u00abInicio\u00bb \u2014 Mercat de Santa Caterina\" src=\"https:\/\/mercatsantacaterina.com\/embed\/#?secret=800idcb6cj#?secret=Wo0CfF5BN5\" data-secret=\"Wo0CfF5BN5\" width=\"600\" height=\"338\" frameborder=\"0\" marginwidth=\"0\" marginheight=\"0\" scrolling=\"no\"><\/iframe><\/div>\n<h4>Otras consideraciones<\/h4>\n","protected":false},"excerpt":{"rendered":"<p>Campa\u00f1a de recauda solidaria para AVISM\u00d3N en el mercado de Santa Caterina Ubicaci\u00f3n Mercado de Santa Caterina Grupos ACOM2A, ACOM2B Objetivo Concienciaci\u00f3n social sobre la situaci\u00f3n de vulnerabilidad de las [&hellip;]<\/p>\n","protected":false},"author":2,"featured_media":11114,"comment_status":"closed","ping_status":"closed","template":"","meta":{"_monsterinsights_skip_tracking":false,"_monsterinsights_sitenote_active":false,"_monsterinsights_sitenote_note":"","_monsterinsights_sitenote_category":0,"_tribe_events_status":"","_tribe_events_status_reason":""},"tags":[504,628,627],"tribe_events_cat":[102],"_links":{"self":[{"href":"https:\/\/politecnics.barcelona\/es\/wp-json\/wp\/v2\/tribe_events\/11117"}],"collection":[{"href":"https:\/\/politecnics.barcelona\/es\/wp-json\/wp\/v2\/tribe_events"}],"about":[{"href":"https:\/\/politecnics.barcelona\/es\/wp-json\/wp\/v2\/types\/tribe_events"}],"author":[{"embeddable":true,"href":"https:\/\/politecnics.barcelona\/es\/wp-json\/wp\/v2\/users\/2"}],"replies":[{"embeddable":true,"href":"https:\/\/politecnics.barcelona\/es\/wp-json\/wp\/v2\/comments?post=11117"}],"version-history":[{"count":0,"href":"https:\/\/politecnics.barcelona\/es\/wp-json\/wp\/v2\/tribe_events\/11117\/revisions"}],"wp:featuredmedia":[{"embeddable":true,"href":"https:\/\/politecnics.barcelona\/es\/wp-json\/wp\/v2\/media\/11114"}],"wp:attachment":[{"href":"https:\/\/politecnics.barcelona\/es\/wp-json\/wp\/v2\/media?parent=11117"}],"wp:term":[{"taxonomy":"post_tag","embeddable":true,"href":"https:\/\/politecnics.barcelona\/es\/wp-json\/wp\/v2\/tags?post=11117"},{"taxonomy":"tribe_events_cat","embeddable":true,"href":"https:\/\/politecnics.barcelona\/es\/wp-json\/wp\/v2\/tribe_events_cat?post=11117"}],"curies":[{"name":"wp","href":"https:\/\/api.w.org\/{rel}","templated":true}]}}