{"id":11746,"date":"2025-09-13T20:31:38","date_gmt":"2025-09-13T18:31:38","guid":{"rendered":"https:\/\/politecnics.barcelona\/agenda\/women-in-fabric-barcelona-2025\/"},"modified":"2025-09-13T20:31:38","modified_gmt":"2025-09-13T18:31:38","slug":"women-in-fabric-barcelona-2025","status":"publish","type":"tribe_events","link":"https:\/\/politecnics.barcelona\/es\/agenda\/women-in-fabric-barcelona-2025\/","title":{"rendered":"Women in Fabric \u2013 Barcelona 2025"},"content":{"rendered":"<p data-start=\"318\" data-end=\"641\">En el <strong data-start=\"321\" data-end=\"353\">Centro de Estudios Polit\u00e8cnics<\/strong> volvemos a ser <strong data-start=\"367\" data-end=\"444\">punto de encuentro de referencia para las comunidades t\u00e9cnicas de Barcelona<\/strong> . Despu\u00e9s de haber acogido eventos como la <strong data-start=\"491\" data-end=\"516\">Netcoreconf Barcelona<\/strong> y los <strong data-start=\"523\" data-end=\"550\">Power BI Days Barcelona<\/strong> , \u200b\u200babrimos de nuevo las puertas para una jornada muy especial: <strong data-start=\"609\" data-end=\"638\">Women in Fabric &#8211; Barcelona 2025<\/strong> . <\/p>\n<p data-start=\"643\" data-end=\"769\">Un evento 100% presencial para <strong data-start=\"679\" data-end=\"730\">celebrar, compartir e impulsar el talento femenino<\/strong> en el ecosistema de Microsoft Fabric.<\/p>\n<p data-start=\"771\" data-end=\"808\">Durante esta jornada encontrar\u00e1s:<\/p>\n<ul data-start=\"809\" data-end=\"1031\">\n<li data-start=\"809\" data-end=\"878\">\n<p data-start=\"811\" data-end=\"878\"><strong data-start=\"811\" data-end=\"844\">3 tracks de contenido t\u00e9cnico:<\/strong> principiante, intermedio y avanzado<\/p>\n<\/li>\n<li data-start=\"879\" data-end=\"942\">\n<p data-start=\"881\" data-end=\"942\"><strong data-start=\"881\" data-end=\"913\">Sesiones de mentoring en vivo<\/strong> , pr\u00f3ximas y participativas<\/p>\n<\/li>\n<li data-start=\"943\" data-end=\"1031\">\n<p data-start=\"945\" data-end=\"1031\"><strong data-start=\"945\" data-end=\"993\">Espacios de networking y charlas inspiradoras<\/strong> lideradas por mujeres de la comunidad<\/p>\n<\/li>\n<\/ul>\n<p data-start=\"1033\" data-end=\"1203\">Un punto de encuentro abierto a personas de todos los niveles \u2014desde quien comienza hasta perfiles m\u00e1s senior\u2014 con un objetivo com\u00fan: <strong data-start=\"1160\" data-end=\"1200\">compartir, aprender y crecer juntas<\/strong> .<\/p>\n<p data-start=\"1205\" data-end=\"1304\">Aunque las entradas ya est\u00e1n agotadas, si te interesa asistir contacta con tu tutor\u00eda.<\/p>\n\n\t\t<style type=\"text\/css\">\n\t\t\t#gallery-1 {\n\t\t\t\tmargin: auto;\n\t\t\t}\n\t\t\t#gallery-1 .gallery-item {\n\t\t\t\tfloat: left;\n\t\t\t\tmargin-top: 10px;\n\t\t\t\ttext-align: center;\n\t\t\t\twidth: 33%;\n\t\t\t}\n\t\t\t#gallery-1 img {\n\t\t\t\tborder: 2px solid #cfcfcf;\n\t\t\t}\n\t\t\t#gallery-1 .gallery-caption {\n\t\t\t\tmargin-left: 0;\n\t\t\t}\n\t\t\t\/* see gallery_shortcode() in wp-includes\/media.php *\/\n\t\t<\/style>\n\t\t<div id='gallery-1' class='gallery galleryid-11746 gallery-columns-3 gallery-size-thumbnail'><dl class='gallery-item'>\n\t\t\t<dt class='gallery-icon landscape'>\n\t\t\t\t<a data-rel=\"iLightbox[postimages]\" data-title=\"Women in Fabric\" data-caption=\"\" href='https:\/\/politecnics.barcelona\/es\/women-in-fabric-2\/'><img decoding=\"async\" width=\"128\" height=\"72\" src=\"https:\/\/politecnics.barcelona\/wp-content\/uploads\/Women-in-Fabric.jpeg\" class=\"attachment-thumbnail size-thumbnail\" alt=\"\" srcset=\"https:\/\/politecnics.barcelona\/wp-content\/uploads\/Women-in-Fabric-200x113.jpeg 200w, https:\/\/politecnics.barcelona\/wp-content\/uploads\/Women-in-Fabric-400x225.jpeg 400w, https:\/\/politecnics.barcelona\/wp-content\/uploads\/Women-in-Fabric-600x338.jpeg 600w, https:\/\/politecnics.barcelona\/wp-content\/uploads\/Women-in-Fabric-768x432.jpeg 768w, https:\/\/politecnics.barcelona\/wp-content\/uploads\/Women-in-Fabric-800x450.jpeg 800w, https:\/\/politecnics.barcelona\/wp-content\/uploads\/Women-in-Fabric-1200x675.jpeg 1200w, https:\/\/politecnics.barcelona\/wp-content\/uploads\/Women-in-Fabric-1536x864.jpeg 1536w, https:\/\/politecnics.barcelona\/wp-content\/uploads\/Women-in-Fabric.jpeg 1920w\" sizes=\"(max-width: 128px) 100vw, 128px\" \/><\/a>\n\t\t\t<\/dt><\/dl><dl class='gallery-item'>\n\t\t\t<dt class='gallery-icon landscape'>\n\t\t\t\t<a data-rel=\"iLightbox[postimages]\" data-title=\"Women in Fabric 2\" data-caption=\"\" href='https:\/\/politecnics.barcelona\/es\/women-in-fabric-2-2\/'><img decoding=\"async\" width=\"128\" height=\"72\" src=\"https:\/\/politecnics.barcelona\/wp-content\/uploads\/Women-in-Fabric-2.jpeg\" class=\"attachment-thumbnail size-thumbnail\" alt=\"\" srcset=\"https:\/\/politecnics.barcelona\/wp-content\/uploads\/Women-in-Fabric-2-200x113.jpeg 200w, https:\/\/politecnics.barcelona\/wp-content\/uploads\/Women-in-Fabric-2-400x225.jpeg 400w, https:\/\/politecnics.barcelona\/wp-content\/uploads\/Women-in-Fabric-2-600x338.jpeg 600w, https:\/\/politecnics.barcelona\/wp-content\/uploads\/Women-in-Fabric-2-768x432.jpeg 768w, https:\/\/politecnics.barcelona\/wp-content\/uploads\/Women-in-Fabric-2-800x450.jpeg 800w, https:\/\/politecnics.barcelona\/wp-content\/uploads\/Women-in-Fabric-2-1200x675.jpeg 1200w, https:\/\/politecnics.barcelona\/wp-content\/uploads\/Women-in-Fabric-2-1536x864.jpeg 1536w, https:\/\/politecnics.barcelona\/wp-content\/uploads\/Women-in-Fabric-2.jpeg 1920w\" sizes=\"(max-width: 128px) 100vw, 128px\" \/><\/a>\n\t\t\t<\/dt><\/dl><dl class='gallery-item'>\n\t\t\t<dt class='gallery-icon landscape'>\n\t\t\t\t<a data-rel=\"iLightbox[postimages]\" data-title=\"Women In Fabric 1\" data-caption=\"\" href='https:\/\/politecnics.barcelona\/es\/women-in-fabric-1-2\/'><img decoding=\"async\" width=\"128\" height=\"72\" src=\"https:\/\/politecnics.barcelona\/wp-content\/uploads\/Women-In-Fabric-1.jpeg\" class=\"attachment-thumbnail size-thumbnail\" alt=\"\" srcset=\"https:\/\/politecnics.barcelona\/wp-content\/uploads\/Women-In-Fabric-1-200x113.jpeg 200w, https:\/\/politecnics.barcelona\/wp-content\/uploads\/Women-In-Fabric-1-400x225.jpeg 400w, https:\/\/politecnics.barcelona\/wp-content\/uploads\/Women-In-Fabric-1-600x338.jpeg 600w, https:\/\/politecnics.barcelona\/wp-content\/uploads\/Women-In-Fabric-1-768x432.jpeg 768w, https:\/\/politecnics.barcelona\/wp-content\/uploads\/Women-In-Fabric-1-800x450.jpeg 800w, https:\/\/politecnics.barcelona\/wp-content\/uploads\/Women-In-Fabric-1-1200x675.jpeg 1200w, https:\/\/politecnics.barcelona\/wp-content\/uploads\/Women-In-Fabric-1-1536x864.jpeg 1536w, https:\/\/politecnics.barcelona\/wp-content\/uploads\/Women-In-Fabric-1.jpeg 1920w\" sizes=\"(max-width: 128px) 100vw, 128px\" \/><\/a>\n\t\t\t<\/dt><\/dl><br style=\"clear: both\" \/>\n\t\t<\/div>\n\n","protected":false},"excerpt":{"rendered":"<p>En el Centro de Estudios Polit\u00e8cnics volvemos a ser punto de encuentro de referencia para las comunidades t\u00e9cnicas de Barcelona . Despu\u00e9s de haber acogido eventos como la Netcoreconf Barcelona [&hellip;]<\/p>\n","protected":false},"author":2,"featured_media":11738,"comment_status":"closed","ping_status":"closed","template":"","meta":{"_monsterinsights_skip_tracking":false,"_monsterinsights_sitenote_active":false,"_monsterinsights_sitenote_note":"","_monsterinsights_sitenote_category":0,"_tribe_events_status":"","_tribe_events_status_reason":""},"tags":[756,103,125,311,669],"tribe_events_cat":[102],"_links":{"self":[{"href":"https:\/\/politecnics.barcelona\/es\/wp-json\/wp\/v2\/tribe_events\/11746"}],"collection":[{"href":"https:\/\/politecnics.barcelona\/es\/wp-json\/wp\/v2\/tribe_events"}],"about":[{"href":"https:\/\/politecnics.barcelona\/es\/wp-json\/wp\/v2\/types\/tribe_events"}],"author":[{"embeddable":true,"href":"https:\/\/politecnics.barcelona\/es\/wp-json\/wp\/v2\/users\/2"}],"replies":[{"embeddable":true,"href":"https:\/\/politecnics.barcelona\/es\/wp-json\/wp\/v2\/comments?post=11746"}],"version-history":[{"count":0,"href":"https:\/\/politecnics.barcelona\/es\/wp-json\/wp\/v2\/tribe_events\/11746\/revisions"}],"wp:featuredmedia":[{"embeddable":true,"href":"https:\/\/politecnics.barcelona\/es\/wp-json\/wp\/v2\/media\/11738"}],"wp:attachment":[{"href":"https:\/\/politecnics.barcelona\/es\/wp-json\/wp\/v2\/media?parent=11746"}],"wp:term":[{"taxonomy":"post_tag","embeddable":true,"href":"https:\/\/politecnics.barcelona\/es\/wp-json\/wp\/v2\/tags?post=11746"},{"taxonomy":"tribe_events_cat","embeddable":true,"href":"https:\/\/politecnics.barcelona\/es\/wp-json\/wp\/v2\/tribe_events_cat?post=11746"}],"curies":[{"name":"wp","href":"https:\/\/api.w.org\/{rel}","templated":true}]}}