{"id":12102,"date":"2025-11-10T09:44:54","date_gmt":"2025-11-10T08:44:54","guid":{"rendered":"https:\/\/politecnics.barcelona\/agenda\/exposicion-el-castigo-dentro-del-castigo-la-estigmatizacion-social-de-las-mujeres-privadas-de-libertad\/"},"modified":"2025-11-10T09:44:54","modified_gmt":"2025-11-10T08:44:54","slug":"exposicion-el-castigo-dentro-del-castigo-la-estigmatizacion-social-de-las-mujeres-privadas-de-libertad","status":"publish","type":"tribe_events","link":"https:\/\/politecnics.barcelona\/es\/agenda\/exposicion-el-castigo-dentro-del-castigo-la-estigmatizacion-social-de-las-mujeres-privadas-de-libertad\/","title":{"rendered":"Exposici\u00f3n \u00abEl castigo dentro del castigo: la estigmatizaci\u00f3n social de las mujeres privadas de libertad\u00bb"},"content":{"rendered":"<h2>Exposici\u00f3n \u00abEl castigo dentro del castigo: la estigmatizaci\u00f3n social de las mujeres privadas de libertad\u00bb<\/h2>\n<h4>Ubicaci\u00f3n<\/h4>\n<p>Centro de Estudios Polit\u00e9cnicos<\/p>\n<h4>Grupos<\/h4>\n<p>1rA de Educaci\u00f3n Infantil<\/p>\n<h4>Objetivo<\/h4>\n<p>Conocer y reflexionar sobre la <strong data-start=\"579\" data-end=\"626\">situaci\u00f3n de las mujeres privadas de libertad<\/strong> y su <strong data-start=\"637\" data-end=\"663\">estigmatizaci\u00f3n social<\/strong> . Esta actividad quiere <strong data-start=\"689\" data-end=\"716\">sensibilizar al alumnado<\/strong> sobre la importancia de <strong data-start=\"741\" data-end=\"763\">romper prejuicios<\/strong> y promover una <strong data-start=\"779\" data-end=\"799\">reinserci\u00f3n justa<\/strong> , valorando tambi\u00e9n el <strong data-start=\"819\" data-end=\"856\">papel de las familias y los cuidados<\/strong> como parte del proceso. <\/p>\n<h4>Haremos<\/h4>\n<p>Visitamos la <strong data-start=\"909\" data-end=\"1011\">exposici\u00f3n \u201cEl castigo dentro del castigo: la estigmatizaci\u00f3n social de las mujeres privadas de libertad\u201d<\/strong> en el <strong data-start=\"1016\" data-end=\"1047\">Espai Francesca Bonnemaison<\/strong> .<br data-start=\"1048\" data-end=\"1051\">Esta muestra, creada por <strong data-start=\"1078\" data-end=\"1122\">mujeres encarceladas en Medell\u00edn (Colombia)<\/strong> , utiliza la <strong data-start=\"1136\" data-end=\"1172\">fotograf\u00eda como medio expresivo<\/strong> para compartir sus vivencias dentro del sistema penitenciario y visibilizar la doble condena que padecen: la judicial y la social.<\/p>\n<h4>Enlaces<\/h4>\n<h4>Otras consideraciones<\/h4>\n","protected":false},"excerpt":{"rendered":"<p>Exposici\u00f3n \u00abEl castigo dentro del castigo: la estigmatizaci\u00f3n social de las mujeres privadas de libertad\u00bb Ubicaci\u00f3n Centro de Estudios Polit\u00e9cnicos Grupos 1rA de Educaci\u00f3n Infantil Objetivo Conocer y reflexionar sobre [&hellip;]<\/p>\n","protected":false},"author":2,"featured_media":12100,"comment_status":"closed","ping_status":"closed","template":"","meta":{"_monsterinsights_skip_tracking":false,"_monsterinsights_sitenote_active":false,"_monsterinsights_sitenote_note":"","_monsterinsights_sitenote_category":0,"_tribe_events_status":"","_tribe_events_status_reason":""},"tags":[819],"tribe_events_cat":[102],"_links":{"self":[{"href":"https:\/\/politecnics.barcelona\/es\/wp-json\/wp\/v2\/tribe_events\/12102"}],"collection":[{"href":"https:\/\/politecnics.barcelona\/es\/wp-json\/wp\/v2\/tribe_events"}],"about":[{"href":"https:\/\/politecnics.barcelona\/es\/wp-json\/wp\/v2\/types\/tribe_events"}],"author":[{"embeddable":true,"href":"https:\/\/politecnics.barcelona\/es\/wp-json\/wp\/v2\/users\/2"}],"replies":[{"embeddable":true,"href":"https:\/\/politecnics.barcelona\/es\/wp-json\/wp\/v2\/comments?post=12102"}],"version-history":[{"count":0,"href":"https:\/\/politecnics.barcelona\/es\/wp-json\/wp\/v2\/tribe_events\/12102\/revisions"}],"wp:featuredmedia":[{"embeddable":true,"href":"https:\/\/politecnics.barcelona\/es\/wp-json\/wp\/v2\/media\/12100"}],"wp:attachment":[{"href":"https:\/\/politecnics.barcelona\/es\/wp-json\/wp\/v2\/media?parent=12102"}],"wp:term":[{"taxonomy":"post_tag","embeddable":true,"href":"https:\/\/politecnics.barcelona\/es\/wp-json\/wp\/v2\/tags?post=12102"},{"taxonomy":"tribe_events_cat","embeddable":true,"href":"https:\/\/politecnics.barcelona\/es\/wp-json\/wp\/v2\/tribe_events_cat?post=12102"}],"curies":[{"name":"wp","href":"https:\/\/api.w.org\/{rel}","templated":true}]}}