{"id":13274,"date":"2026-03-16T09:23:58","date_gmt":"2026-03-16T08:23:58","guid":{"rendered":"https:\/\/politecnics.barcelona\/agenda\/talleres-de-cocina-avismon-y-mercado-de-santa-caterina\/"},"modified":"2026-03-16T09:23:58","modified_gmt":"2026-03-16T08:23:58","slug":"talleres-de-cocina-avismon-y-mercado-de-santa-caterina","status":"publish","type":"tribe_events","link":"https:\/\/politecnics.barcelona\/es\/agenda\/talleres-de-cocina-avismon-y-mercado-de-santa-caterina\/","title":{"rendered":"Talleres de cocina AVISM\u00d3N y Mercado de Santa Caterina"},"content":{"rendered":"<h2><strong data-start=\"4\" data-end=\"59\">Talleres de cocina AVISM\u00d3N y Mercado de Santa Caterina<\/strong><\/h2>\n<h4>Ubicaci\u00f3n<\/h4>\n<p>Aula gastron\u00f3mica del  <span class=\"hover:entity-accent entity-underline inline cursor-pointer align-baseline\"><span class=\"whitespace-normal\">Mercado de Santa Caterina<\/span><\/span><\/p>\n<h4>Grupos<\/h4>\n<p>2\u00ba de Actividades Comerciales A y B<\/p>\n<h4>Objetivo<\/h4>\n<p data-start=\"196\" data-end=\"468\">Concienciar sobre la importancia de una alimentaci\u00f3n basada en <strong data-start=\"277\" data-end=\"328\">productos frescos, de proximidad y de temporada<\/strong> , a trav\u00e9s de la transmisi\u00f3n de la experiencia culinaria de las chefs voluntarias de la <strong data-start=\"414\" data-end=\"455\"><span class=\"hover:entity-accent entity-underline inline cursor-pointer align-baseline\"><span class=\"whitespace-normal\">Fundaci\u00f3n AVISM\u00d3N<\/span><\/span><\/strong> a la juventud.<\/p>\n<h4>Haremos<\/h4>\n<p data-start=\"470\" data-end=\"590\">Visitamos el aula gastron\u00f3mica del Mercado de Santa Caterina para participar en <strong data-start=\"561\" data-end=\"583\">4 talleres de cocina<\/strong> , donde:<\/p>\n<ul data-start=\"591\" data-end=\"833\">\n<li data-section-id=\"1v58vzj\" data-start=\"591\" data-end=\"668\">\n<p data-start=\"593\" data-end=\"668\">Elaboraremos recetas seleccionadas por las <strong data-start=\"635\" data-end=\"665\">chefs voluntarias de AVISM\u00d3N<\/strong> .<\/p>\n<\/li>\n<li data-section-id=\"1pa4u92\" data-start=\"669\" data-end=\"740\">\n<p data-start=\"671\" data-end=\"740\">Compraremos los <strong data-start=\"685\" data-end=\"737\">ingredientes directamente en las paradas del mercado<\/strong> .<\/p>\n<\/li>\n<li data-section-id=\"15imyxb\" data-start=\"741\" data-end=\"833\">\n<p data-start=\"743\" data-end=\"833\">Conoceremos de primera mano el valor de los <strong data-start=\"782\" data-end=\"830\">productos frescos y del comercio de proximidad<\/strong> .<\/p>\n<\/li>\n<\/ul>\n<p data-start=\"835\" data-end=\"947\">Una actividad que conecta <strong data-start=\"862\" data-end=\"944\">alimentaci\u00f3n saludable, comercio local y aprendizaje compartido entre generaciones<\/strong> .<\/p>\n<h4>Enlaces<\/h4>\n<h4>Otras consideraciones<\/h4>\n","protected":false},"excerpt":{"rendered":"<p>Talleres de cocina AVISM\u00d3N y Mercado de Santa Caterina Ubicaci\u00f3n Aula gastron\u00f3mica del Mercado de Santa Caterina Grupos 2\u00ba de Actividades Comerciales A y B Objetivo Concienciar sobre la importancia [&hellip;]<\/p>\n","protected":false},"author":2,"featured_media":13271,"comment_status":"closed","ping_status":"closed","template":"","meta":{"_monsterinsights_skip_tracking":false,"_monsterinsights_sitenote_active":false,"_monsterinsights_sitenote_note":"","_monsterinsights_sitenote_category":0,"_tribe_events_status":"","_tribe_events_status_reason":""},"tags":[913,1048,628,939,888,112,1047,887],"tribe_events_cat":[102],"_links":{"self":[{"href":"https:\/\/politecnics.barcelona\/es\/wp-json\/wp\/v2\/tribe_events\/13274"}],"collection":[{"href":"https:\/\/politecnics.barcelona\/es\/wp-json\/wp\/v2\/tribe_events"}],"about":[{"href":"https:\/\/politecnics.barcelona\/es\/wp-json\/wp\/v2\/types\/tribe_events"}],"author":[{"embeddable":true,"href":"https:\/\/politecnics.barcelona\/es\/wp-json\/wp\/v2\/users\/2"}],"replies":[{"embeddable":true,"href":"https:\/\/politecnics.barcelona\/es\/wp-json\/wp\/v2\/comments?post=13274"}],"version-history":[{"count":0,"href":"https:\/\/politecnics.barcelona\/es\/wp-json\/wp\/v2\/tribe_events\/13274\/revisions"}],"wp:featuredmedia":[{"embeddable":true,"href":"https:\/\/politecnics.barcelona\/es\/wp-json\/wp\/v2\/media\/13271"}],"wp:attachment":[{"href":"https:\/\/politecnics.barcelona\/es\/wp-json\/wp\/v2\/media?parent=13274"}],"wp:term":[{"taxonomy":"post_tag","embeddable":true,"href":"https:\/\/politecnics.barcelona\/es\/wp-json\/wp\/v2\/tags?post=13274"},{"taxonomy":"tribe_events_cat","embeddable":true,"href":"https:\/\/politecnics.barcelona\/es\/wp-json\/wp\/v2\/tribe_events_cat?post=13274"}],"curies":[{"name":"wp","href":"https:\/\/api.w.org\/{rel}","templated":true}]}}