{"id":13286,"date":"2026-03-16T09:33:10","date_gmt":"2026-03-16T08:33:10","guid":{"rendered":"https:\/\/politecnics.barcelona\/agenda\/visitamos-la-escola-catalana-del-consum\/"},"modified":"2026-03-16T09:33:10","modified_gmt":"2026-03-16T08:33:10","slug":"visitamos-la-escola-catalana-del-consum","status":"publish","type":"tribe_events","link":"https:\/\/politecnics.barcelona\/es\/agenda\/visitamos-la-escola-catalana-del-consum\/","title":{"rendered":"Visitamos la Escola Catalana del Consum"},"content":{"rendered":"<h2>Visitamos la Escola Catalana del Consum<\/h2>\n<h4>Ubicaci\u00f3n<\/h4>\n<p>Escuela del Consumo de Catalu\u00f1a<\/p>\n<h4>Grupos<\/h4>\n<p>1\u00ba de Administraci\u00f3n y Finanzas<\/p>\n<h4>Objetivo<\/h4>\n<p>Comprender los <strong data-start=\"189\" data-end=\"236\">derechos y deberes de las personas consumidoras<\/strong> y aplicarlos en situaciones reales de <strong data-start=\"274\" data-end=\"310\">compra y contrataci\u00f3n de servicios<\/strong> .<br data-start=\"311\" data-end=\"314\">La actividad tambi\u00e9n permite desarrollar habilidades para <strong data-start=\"367\" data-end=\"415\">gestionar quejas, conflictos y reclamaciones<\/strong> en el \u00e1mbito empresarial.<\/p>\n<h4>Haremos<\/h4>\n<p data-start=\"445\" data-end=\"544\">Visitamos la Escuela Catalana del Consumo para participar en <strong data-start=\"516\" data-end=\"541\">tres talleres pr\u00e1cticos<\/strong> :<\/p>\n<ul data-start=\"545\" data-end=\"639\">\n<li data-section-id=\"1k11q6c\" data-start=\"545\" data-end=\"569\">\n<p data-start=\"547\" data-end=\"569\"><strong data-start=\"547\" data-end=\"567\">\u00bfVamos de compras?<\/strong><\/p>\n<\/li>\n<li data-section-id=\"1mf7xph\" data-start=\"570\" data-end=\"603\">\n<p data-start=\"572\" data-end=\"603\"><strong data-start=\"572\" data-end=\"601\">\u00bfMe sirven los servicios?<\/strong><\/p>\n<\/li>\n<li data-section-id=\"ysgzbp\" data-start=\"604\" data-end=\"639\">\n<p data-start=\"606\" data-end=\"639\"><strong data-start=\"606\" data-end=\"637\">\u00bfQu\u00e9 reglas tiene el consumo?<\/strong><\/p>\n<\/li>\n<\/ul>\n<p data-start=\"641\" data-end=\"842\">A trav\u00e9s de din\u00e1micas participativas, el alumnado podr\u00e1 <strong data-start=\"696\" data-end=\"736\">analizar situaciones de consumo reales<\/strong> , comprender la normativa y reflexionar sobre la <strong data-start=\"785\" data-end=\"839\">responsabilidad de las empresas y de los consumidores<\/strong> .<\/p>\n<h4>Enlaces<\/h4>\n<h4>Otras consideraciones<\/h4>\n","protected":false},"excerpt":{"rendered":"<p>Visitamos la Escola Catalana del Consum Ubicaci\u00f3n Escuela del Consumo de Catalu\u00f1a Grupos 1\u00ba de Administraci\u00f3n y Finanzas Objetivo Comprender los derechos y deberes de las personas consumidoras y aplicarlos [&hellip;]<\/p>\n","protected":false},"author":2,"featured_media":13283,"comment_status":"closed","ping_status":"closed","template":"","meta":{"_monsterinsights_skip_tracking":false,"_monsterinsights_sitenote_active":false,"_monsterinsights_sitenote_note":"","_monsterinsights_sitenote_category":0,"_tribe_events_status":"","_tribe_events_status_reason":""},"tags":[992,1057,1058,1056,888,112,887],"tribe_events_cat":[102],"_links":{"self":[{"href":"https:\/\/politecnics.barcelona\/es\/wp-json\/wp\/v2\/tribe_events\/13286"}],"collection":[{"href":"https:\/\/politecnics.barcelona\/es\/wp-json\/wp\/v2\/tribe_events"}],"about":[{"href":"https:\/\/politecnics.barcelona\/es\/wp-json\/wp\/v2\/types\/tribe_events"}],"author":[{"embeddable":true,"href":"https:\/\/politecnics.barcelona\/es\/wp-json\/wp\/v2\/users\/2"}],"replies":[{"embeddable":true,"href":"https:\/\/politecnics.barcelona\/es\/wp-json\/wp\/v2\/comments?post=13286"}],"version-history":[{"count":0,"href":"https:\/\/politecnics.barcelona\/es\/wp-json\/wp\/v2\/tribe_events\/13286\/revisions"}],"wp:featuredmedia":[{"embeddable":true,"href":"https:\/\/politecnics.barcelona\/es\/wp-json\/wp\/v2\/media\/13283"}],"wp:attachment":[{"href":"https:\/\/politecnics.barcelona\/es\/wp-json\/wp\/v2\/media?parent=13286"}],"wp:term":[{"taxonomy":"post_tag","embeddable":true,"href":"https:\/\/politecnics.barcelona\/es\/wp-json\/wp\/v2\/tags?post=13286"},{"taxonomy":"tribe_events_cat","embeddable":true,"href":"https:\/\/politecnics.barcelona\/es\/wp-json\/wp\/v2\/tribe_events_cat?post=13286"}],"curies":[{"name":"wp","href":"https:\/\/api.w.org\/{rel}","templated":true}]}}