{"id":13624,"date":"2026-04-22T10:48:15","date_gmt":"2026-04-22T08:48:15","guid":{"rendered":"https:\/\/politecnics.barcelona\/agenda\/semana-de-la-ciberseguridad-en-informatica\/"},"modified":"2026-04-22T10:48:15","modified_gmt":"2026-04-22T08:48:15","slug":"semana-de-la-ciberseguridad-en-informatica","status":"publish","type":"tribe_events","link":"https:\/\/politecnics.barcelona\/es\/agenda\/semana-de-la-ciberseguridad-en-informatica\/","title":{"rendered":"Semana de la Ciberseguridad en Inform\u00e1tica"},"content":{"rendered":"<h2>Semana de la Ciberseguridad en Inform\u00e1tica<\/h2>\n<h4>Ubicaci\u00f3n<\/h4>\n<p>Centro de Estudios Polit\u00e9cnicos \u00b7 Cada grupo en su aula<\/p>\n<h4>Grupos<\/h4>\n<p>1\u00ba y 2\u00ba de Desarrollo de Aplicaciones Multiplataforma<br data-start=\"214\" data-end=\"217\">1\u00ba y 2\u00ba de Desarrollo de Aplicaciones Web<br data-start=\"261\" data-end=\"264\">1\u00ba y 2\u00ba de Sistemas Microinform\u00e1ticos y Redes<\/p>\n<h4>Objetivo<\/h4>\n<p>Alcanzar <strong data-start=\"340\" data-end=\"383\">conocimientos pr\u00e1cticos en ciberseguridad<\/strong> , entendiendo los principales riesgos digitales y desarrollando habilidades para prevenir, detectar y responder a situaciones reales de seguridad inform\u00e1tica.<\/p>\n<h4>Haremos<\/h4>\n<p data-start=\"535\" data-end=\"716\">Participamos en una semana de actividades con <strong data-start=\"594\" data-end=\"654\">retos de ciberseguridad adaptados al nivel de cada grupo<\/strong> , donde el alumnado trabajar\u00e1 situaciones reales y casos pr\u00e1cticos.<\/p>\n<p data-start=\"718\" data-end=\"738\"><strong data-start=\"722\" data-end=\"736\">Calendario:<\/strong><\/p>\n<ul data-start=\"739\" data-end=\"1193\">\n<li data-section-id=\"dd9r2p\" data-start=\"739\" data-end=\"811\"><strong data-start=\"741\" data-end=\"750\">20\/04<\/strong> \u2192 2\u00ba de Sistemas Microinform\u00e1ticos y Redes (15.10 \u2013 20.30)<\/li>\n<li data-section-id=\"hg41te\" data-start=\"812\" data-end=\"883\"><strong data-start=\"814\" data-end=\"823\">21\/04<\/strong> \u2192 1\u00ba de Sistemas Microinform\u00e1ticos y Redes (8.40 \u2013 14.00)<\/li>\n<li data-section-id=\"1jxgmna\" data-start=\"884\" data-end=\"967\"><strong data-start=\"886\" data-end=\"895\">21\/04<\/strong> \u2192 2\u00ba de Desarrollo de Aplicaciones Multiplataforma (15.10 \u2013 20.30)<\/li>\n<li data-section-id=\"nbqsn\" data-start=\"968\" data-end=\"1050\"><strong data-start=\"970\" data-end=\"979\">22\/04<\/strong> \u2192 1\u00ba de Desarrollo de Aplicaciones Multiplataforma (8.40 \u2013 14.00)<\/li>\n<li data-section-id=\"1j9xogw\" data-start=\"1051\" data-end=\"1121\"><strong data-start=\"1053\" data-end=\"1062\">23\/04<\/strong> \u2192 1\u00ba de Desarrollo de Aplicaciones Web (8.40 \u2013 14.00)<\/li>\n<li data-section-id=\"162qqsi\" data-start=\"1122\" data-end=\"1193\"><strong data-start=\"1124\" data-end=\"1133\">23\/04<\/strong> \u2192 2\u00ba de Desarrollo de Aplicaciones Web (15.10 \u2013 20.30)<\/li>\n<\/ul>\n<p data-start=\"1195\" data-end=\"1337\">Una propuesta que refuerza competencias clave en el \u00e1mbito tecnol\u00f3gico y prepara al alumnado para los <strong data-start=\"1288\" data-end=\"1334\">retos de seguridad del mundo digital actual<\/strong> .<\/p>\n<h4>Enlaces<\/h4>\n<h4>Otras consideraciones<\/h4>\n","protected":false},"excerpt":{"rendered":"<p>Semana de la Ciberseguridad en Inform\u00e1tica Ubicaci\u00f3n Centro de Estudios Polit\u00e9cnicos \u00b7 Cada grupo en su aula Grupos 1\u00ba y 2\u00ba de Desarrollo de Aplicaciones Multiplataforma1\u00ba y 2\u00ba de Desarrollo [&hellip;]<\/p>\n","protected":false},"author":2,"featured_media":13574,"comment_status":"closed","ping_status":"closed","template":"","meta":{"_monsterinsights_skip_tracking":false,"_monsterinsights_sitenote_active":false,"_monsterinsights_sitenote_note":"","_monsterinsights_sitenote_category":0,"_tribe_events_status":"","_tribe_events_status_reason":""},"tags":[1085,927,928,888,112,542,1086,887],"tribe_events_cat":[102],"_links":{"self":[{"href":"https:\/\/politecnics.barcelona\/es\/wp-json\/wp\/v2\/tribe_events\/13624"}],"collection":[{"href":"https:\/\/politecnics.barcelona\/es\/wp-json\/wp\/v2\/tribe_events"}],"about":[{"href":"https:\/\/politecnics.barcelona\/es\/wp-json\/wp\/v2\/types\/tribe_events"}],"author":[{"embeddable":true,"href":"https:\/\/politecnics.barcelona\/es\/wp-json\/wp\/v2\/users\/2"}],"replies":[{"embeddable":true,"href":"https:\/\/politecnics.barcelona\/es\/wp-json\/wp\/v2\/comments?post=13624"}],"version-history":[{"count":0,"href":"https:\/\/politecnics.barcelona\/es\/wp-json\/wp\/v2\/tribe_events\/13624\/revisions"}],"wp:featuredmedia":[{"embeddable":true,"href":"https:\/\/politecnics.barcelona\/es\/wp-json\/wp\/v2\/media\/13574"}],"wp:attachment":[{"href":"https:\/\/politecnics.barcelona\/es\/wp-json\/wp\/v2\/media?parent=13624"}],"wp:term":[{"taxonomy":"post_tag","embeddable":true,"href":"https:\/\/politecnics.barcelona\/es\/wp-json\/wp\/v2\/tags?post=13624"},{"taxonomy":"tribe_events_cat","embeddable":true,"href":"https:\/\/politecnics.barcelona\/es\/wp-json\/wp\/v2\/tribe_events_cat?post=13624"}],"curies":[{"name":"wp","href":"https:\/\/api.w.org\/{rel}","templated":true}]}}