{"id":13630,"date":"2026-04-22T10:52:41","date_gmt":"2026-04-22T08:52:41","guid":{"rendered":"https:\/\/politecnics.barcelona\/agenda\/dia-de-sant-jordi-2026\/"},"modified":"2026-04-22T10:52:41","modified_gmt":"2026-04-22T08:52:41","slug":"dia-de-sant-jordi-2026","status":"publish","type":"tribe_events","link":"https:\/\/politecnics.barcelona\/es\/agenda\/dia-de-sant-jordi-2026\/","title":{"rendered":"D\u00eda de Sant Jordi 2026"},"content":{"rendered":"<h2>D\u00eda de Sant Jordi 2026<\/h2>\n<h4>Ubicaci\u00f3n<\/h4>\n<p>Avenida Francesc Camb\u00f3, 10 y Via Laietana, 46 \u00b7 Barcelona<\/p>\n<h4>Grupos<\/h4>\n<p>1\u00ba de Actividades Comerciales A y B, 2\u00ba de Comercio Internacional<\/p>\n<h4>Objetivo<\/h4>\n<p>Poner en pr\u00e1ctica los <strong data-start=\"237\" data-end=\"302\">retos y demandas del proyecto globalizado de Sant Jordi 2026<\/strong> , desarrollado por el alumnado de <strong data-start=\"334\" data-end=\"364\">1\u00ba de Actividades Comerciales<\/strong> , en un entorno real de venta y dinamizaci\u00f3n comercial.<\/p>\n<h4>Haremos<\/h4>\n<p data-start=\"422\" data-end=\"552\">Salimos a la calle para celebrar la <strong data-start=\"471\" data-end=\"494\">Diada de Sant Jordi<\/strong> con <strong data-start=\"499\" data-end=\"549\">dos paradas de venta de rosas del Polit\u00e9cnicos<\/strong> .<\/p>\n<p data-start=\"554\" data-end=\"574\">Durante la jornada:<\/p>\n<ul data-start=\"575\" data-end=\"804\">\n<li data-section-id=\"g3nun8\" data-start=\"575\" data-end=\"675\">Atenderemos a todas las personas que quieran <strong data-start=\"617\" data-end=\"637\">comprar una rosa<\/strong> para sus personas queridas.<\/li>\n<li data-section-id=\"15azszp\" data-start=\"676\" data-end=\"738\">Dinamizaremos el espacio con <strong data-start=\"703\" data-end=\"735\">acciones de animaci\u00f3n comercial<\/strong> .<\/li>\n<li data-section-id=\"1eq90y0\" data-start=\"739\" data-end=\"804\">Ofreceremos <strong data-start=\"750\" data-end=\"769\">peque\u00f1os obsequios<\/strong> a las personas que se acerquen.<\/li>\n<\/ul>\n<p data-start=\"806\" data-end=\"1012\">Una experiencia real de <strong data-start=\"830\" data-end=\"854\">comercio de proximidad<\/strong> , donde el alumnado pone en pr\u00e1ctica competencias de <strong data-start=\"902\" data-end=\"963\">venta, atenci\u00f3n al cliente y dinamizaci\u00f3n del punto de venta<\/strong> en uno de los d\u00edas m\u00e1s emblem\u00e1ticos del a\u00f1o.<\/p>\n<h4>Enlaces<\/h4>\n<h4>Otras consideraciones<\/h4>\n","protected":false},"excerpt":{"rendered":"<p>D\u00eda de Sant Jordi 2026 Ubicaci\u00f3n Avenida Francesc Camb\u00f3, 10 y Via Laietana, 46 \u00b7 Barcelona Grupos 1\u00ba de Actividades Comerciales A y B, 2\u00ba de Comercio Internacional Objetivo Poner [&hellip;]<\/p>\n","protected":false},"author":2,"featured_media":13627,"comment_status":"closed","ping_status":"closed","template":"","meta":{"_monsterinsights_skip_tracking":false,"_monsterinsights_sitenote_active":false,"_monsterinsights_sitenote_note":"","_monsterinsights_sitenote_category":0,"_tribe_events_status":"","_tribe_events_status_reason":""},"tags":[913,78,914,888,112,1089,887,1090],"tribe_events_cat":[102],"_links":{"self":[{"href":"https:\/\/politecnics.barcelona\/es\/wp-json\/wp\/v2\/tribe_events\/13630"}],"collection":[{"href":"https:\/\/politecnics.barcelona\/es\/wp-json\/wp\/v2\/tribe_events"}],"about":[{"href":"https:\/\/politecnics.barcelona\/es\/wp-json\/wp\/v2\/types\/tribe_events"}],"author":[{"embeddable":true,"href":"https:\/\/politecnics.barcelona\/es\/wp-json\/wp\/v2\/users\/2"}],"replies":[{"embeddable":true,"href":"https:\/\/politecnics.barcelona\/es\/wp-json\/wp\/v2\/comments?post=13630"}],"version-history":[{"count":0,"href":"https:\/\/politecnics.barcelona\/es\/wp-json\/wp\/v2\/tribe_events\/13630\/revisions"}],"wp:featuredmedia":[{"embeddable":true,"href":"https:\/\/politecnics.barcelona\/es\/wp-json\/wp\/v2\/media\/13627"}],"wp:attachment":[{"href":"https:\/\/politecnics.barcelona\/es\/wp-json\/wp\/v2\/media?parent=13630"}],"wp:term":[{"taxonomy":"post_tag","embeddable":true,"href":"https:\/\/politecnics.barcelona\/es\/wp-json\/wp\/v2\/tags?post=13630"},{"taxonomy":"tribe_events_cat","embeddable":true,"href":"https:\/\/politecnics.barcelona\/es\/wp-json\/wp\/v2\/tribe_events_cat?post=13630"}],"curies":[{"name":"wp","href":"https:\/\/api.w.org\/{rel}","templated":true}]}}