{"id":13647,"date":"2026-04-22T16:38:27","date_gmt":"2026-04-22T14:38:27","guid":{"rendered":"https:\/\/politecnics.barcelona\/agenda\/presentacion-publica-simex-%c2%b7-sistema-de-exportacion-importacion\/"},"modified":"2026-04-22T16:39:26","modified_gmt":"2026-04-22T14:39:26","slug":"presentacion-publica-simex-%c2%b7-sistema-de-exportacion-importacion","status":"publish","type":"tribe_events","link":"https:\/\/politecnics.barcelona\/es\/agenda\/presentacion-publica-simex-%c2%b7-sistema-de-exportacion-importacion\/","title":{"rendered":"Presentaci\u00f3n p\u00fablica SIMEX \u00b7 Sistema de Exportaci\u00f3n\/Importaci\u00f3n"},"content":{"rendered":"<h2>Presentaci\u00f3n p\u00fablica SIMEX \u00b7 Sistema de Exportaci\u00f3n\/Importaci\u00f3n<\/h2>\n<h4>Ubicaci\u00f3n<\/h4>\n<p>Calle del Conde de Urgell, 145 \u00b7 Eixample \u00b7 Barcelona<\/p>\n<h4>Grupos<\/h4>\n<p>2\u00ba de Comercio Internacional<br data-start=\"188\" data-end=\"191\">1\u00ba y 2\u00ba de Desarrollo de Aplicaciones Multiplataforma<br data-start=\"247\" data-end=\"250\">1\u00ba y 2\u00ba de Desarrollo de Aplicaciones Web<\/p>\n<h4>Objetivo<\/h4>\n<p data-start=\"298\" data-end=\"542\">Presentar p\u00fablicamente el proyecto <strong data-start=\"351\" data-end=\"372\">intercicles SIMEX<\/strong> , que integra los \u00e1mbitos de <strong data-start=\"400\" data-end=\"456\">Comercio Internacional y Desarrollo de Aplicaciones<\/strong> , poniendo en valor el trabajo colaborativo y la conexi\u00f3n entre tecnolog\u00eda y empresa.<\/p>\n<h4>Haremos<\/h4>\n<p data-start=\"544\" data-end=\"685\">Visitamos el espacio del <strong data-start=\"580\" data-end=\"621\"><span class=\"hover:entity-accent entity-underline inline cursor-pointer align-baseline\"><span class=\"whitespace-normal\">Centro C\u00edvico Urgell<\/span><\/span><\/strong> para asistir a la <strong data-start=\"640\" data-end=\"682\">presentaci\u00f3n p\u00fablica del proyecto SIMEX<\/strong> .<\/p>\n<p data-start=\"687\" data-end=\"707\">Durante la jornada:<\/p>\n<ul data-start=\"708\" data-end=\"1001\">\n<li data-section-id=\"b3c95s\" data-start=\"708\" data-end=\"810\">Se presentar\u00e1n las <strong data-start=\"729\" data-end=\"778\">aplicaciones de gesti\u00f3n de importaci\u00f3n\/exportaci\u00f3n<\/strong> desarrolladas por el alumnado.<\/li>\n<li data-section-id=\"1wif0k8\" data-start=\"811\" data-end=\"900\">Cada equipo mostrar\u00e1 tanto su <strong data-start=\"846\" data-end=\"863\">aplicaci\u00f3n web<\/strong> como su <strong data-start=\"876\" data-end=\"897\">aplicaci\u00f3n Android<\/strong> .<\/li>\n<li data-section-id=\"v33n39\" data-start=\"901\" data-end=\"1001\">Se pondr\u00e1 en valor la integraci\u00f3n entre <strong data-start=\"942\" data-end=\"998\">conocimiento empresarial y desarrollo tecnol\u00f3gico<\/strong> .<\/li>\n<\/ul>\n<p data-start=\"1003\" data-end=\"1131\">Una experiencia que refleja un <strong data-start=\"1037\" data-end=\"1065\">entorno profesional real<\/strong> , donde la colaboraci\u00f3n entre perfiles t\u00e9cnicos y de negocio es clave.<\/p>\n<h4>Enlaces<\/h4>\n<div class=\"video-shortcode\">\n<blockquote class=\"wp-embedded-content\" data-secret=\"9ZaVwYzINh\"><p><a href=\"https:\/\/www.ccurgell.cat\/\">P\u00e0gina d&#8217;inici<\/a><\/p><\/blockquote>\n<p><iframe class=\"wp-embedded-content\" sandbox=\"allow-scripts\" security=\"restricted\" style=\"position: absolute; clip: rect(1px, 1px, 1px, 1px);\" title=\"&#8220;P\u00e0gina d&#8217;inici&#8221; &#8212; Centre C\u00edvic Urgell\" src=\"https:\/\/www.ccurgell.cat\/embed\/#?secret=ELReN6p0dT#?secret=9ZaVwYzINh\" data-secret=\"9ZaVwYzINh\" width=\"600\" height=\"338\" frameborder=\"0\" marginwidth=\"0\" marginheight=\"0\" scrolling=\"no\"><\/iframe><\/div>\n<h4>Otras consideraciones<\/h4>\n","protected":false},"excerpt":{"rendered":"<p>Presentaci\u00f3n p\u00fablica SIMEX \u00b7 Sistema de Exportaci\u00f3n\/Importaci\u00f3n Ubicaci\u00f3n Calle del Conde de Urgell, 145 \u00b7 Eixample \u00b7 Barcelona Grupos 2\u00ba de Comercio Internacional1\u00ba y 2\u00ba de Desarrollo de Aplicaciones Multiplataforma1\u00ba [&hellip;]<\/p>\n","protected":false},"author":2,"featured_media":13644,"comment_status":"closed","ping_status":"closed","template":"","meta":{"_monsterinsights_skip_tracking":false,"_monsterinsights_sitenote_active":false,"_monsterinsights_sitenote_note":"","_monsterinsights_sitenote_category":0,"_tribe_events_status":"","_tribe_events_status_reason":""},"tags":[972,927,928,960,888,112,1092,887],"tribe_events_cat":[102],"_links":{"self":[{"href":"https:\/\/politecnics.barcelona\/es\/wp-json\/wp\/v2\/tribe_events\/13647"}],"collection":[{"href":"https:\/\/politecnics.barcelona\/es\/wp-json\/wp\/v2\/tribe_events"}],"about":[{"href":"https:\/\/politecnics.barcelona\/es\/wp-json\/wp\/v2\/types\/tribe_events"}],"author":[{"embeddable":true,"href":"https:\/\/politecnics.barcelona\/es\/wp-json\/wp\/v2\/users\/2"}],"replies":[{"embeddable":true,"href":"https:\/\/politecnics.barcelona\/es\/wp-json\/wp\/v2\/comments?post=13647"}],"version-history":[{"count":1,"href":"https:\/\/politecnics.barcelona\/es\/wp-json\/wp\/v2\/tribe_events\/13647\/revisions"}],"predecessor-version":[{"id":13648,"href":"https:\/\/politecnics.barcelona\/es\/wp-json\/wp\/v2\/tribe_events\/13647\/revisions\/13648"}],"wp:featuredmedia":[{"embeddable":true,"href":"https:\/\/politecnics.barcelona\/es\/wp-json\/wp\/v2\/media\/13644"}],"wp:attachment":[{"href":"https:\/\/politecnics.barcelona\/es\/wp-json\/wp\/v2\/media?parent=13647"}],"wp:term":[{"taxonomy":"post_tag","embeddable":true,"href":"https:\/\/politecnics.barcelona\/es\/wp-json\/wp\/v2\/tags?post=13647"},{"taxonomy":"tribe_events_cat","embeddable":true,"href":"https:\/\/politecnics.barcelona\/es\/wp-json\/wp\/v2\/tribe_events_cat?post=13647"}],"curies":[{"name":"wp","href":"https:\/\/api.w.org\/{rel}","templated":true}]}}