{"id":13665,"date":"2026-04-22T16:53:15","date_gmt":"2026-04-22T14:53:15","guid":{"rendered":"https:\/\/politecnics.barcelona\/agenda\/visitamos-la-escuela-del-consumo-de-cataluna\/"},"modified":"2026-04-22T16:53:15","modified_gmt":"2026-04-22T14:53:15","slug":"visitamos-la-escuela-del-consumo-de-cataluna","status":"publish","type":"tribe_events","link":"https:\/\/politecnics.barcelona\/es\/agenda\/visitamos-la-escuela-del-consumo-de-cataluna\/","title":{"rendered":"Visitamos la Escuela del Consumo de Catalu\u00f1a"},"content":{"rendered":"<h2>Visitamos la Escuela del Consumo de Catalu\u00f1a<\/h2>\n<h4>Ubicaci\u00f3n<\/h4>\n<p><span class=\"hover:entity-accent entity-underline inline cursor-pointer align-baseline\"><span class=\"whitespace-normal\">Escuela del Consumo de Catalu\u00f1a<\/span><\/span><br data-start=\"102\" data-end=\"105\"> Pg. de la Zona Franca, 83 \u00b7 Barcelona <\/p>\n<h4>Grupos<\/h4>\n<p>1\u00ba de Actividades Comerciales B<\/p>\n<h4>Objetivo<\/h4>\n<p>Garantizar la <strong data-start=\"228\" data-end=\"264\">educaci\u00f3n y la formaci\u00f3n en consumo<\/strong> , desarrollando una mirada cr\u00edtica y responsable ante las decisiones de compra.<\/p>\n<h4>Haremos<\/h4>\n<p data-start=\"348\" data-end=\"438\">Visitamos la Escuela del Consumo para participar en <strong data-start=\"410\" data-end=\"435\">tres talleres pr\u00e1cticos<\/strong> :<\/p>\n<ul data-start=\"439\" data-end=\"525\">\n<li data-section-id=\"1pz13x7\" data-start=\"439\" data-end=\"462\"><strong data-start=\"441\" data-end=\"460\">Vamos de compras<\/strong><\/li>\n<li data-section-id=\"ysgzbp\" data-start=\"463\" data-end=\"498\"><strong data-start=\"465\" data-end=\"496\">\u00bfQu\u00e9 reglas tiene el consumo?<\/strong><\/li>\n<li data-section-id=\"1unv7kc\" data-start=\"499\" data-end=\"525\"><strong data-start=\"501\" data-end=\"523\">\u00bfC\u00f3mo s\u00e9 qu\u00e9 compro?<\/strong><\/li>\n<\/ul>\n<p data-start=\"527\" data-end=\"741\">A trav\u00e9s de din\u00e1micas participativas, el alumnado podr\u00e1 <strong data-start=\"582\" data-end=\"622\">analizar situaciones reales de consumo<\/strong> , entender los <strong data-start=\"637\" data-end=\"672\">derechos y deberes de los consumidores<\/strong> y mejorar su capacidad de <strong data-start=\"705\" data-end=\"738\">toma de decisiones informadas<\/strong> .<\/p>\n<h4>Enlaces<\/h4>\n<p>https:\/\/consum.gencat.cat\/ca\/lagencia\/escola-del-consum-de-catalunya\/docencia\/eso-batxillerat-i-cicles-formatius\/tallers-a-la-seu-de-lecc\/<\/p>\n<h4>Otras consideraciones<\/h4>\n","protected":false},"excerpt":{"rendered":"<p>Visitamos la Escuela del Consumo de Catalu\u00f1a Ubicaci\u00f3n Escuela del Consumo de Catalu\u00f1a Pg. de la Zona Franca, 83 \u00b7 Barcelona Grupos 1\u00ba de Actividades Comerciales B Objetivo Garantizar la [&hellip;]<\/p>\n","protected":false},"author":2,"featured_media":0,"comment_status":"closed","ping_status":"closed","template":"","meta":{"_monsterinsights_skip_tracking":false,"_monsterinsights_sitenote_active":false,"_monsterinsights_sitenote_note":"","_monsterinsights_sitenote_category":0,"_tribe_events_status":"","_tribe_events_status_reason":""},"tags":[913,1099,1058,1056,888,112,887],"tribe_events_cat":[102],"_links":{"self":[{"href":"https:\/\/politecnics.barcelona\/es\/wp-json\/wp\/v2\/tribe_events\/13665"}],"collection":[{"href":"https:\/\/politecnics.barcelona\/es\/wp-json\/wp\/v2\/tribe_events"}],"about":[{"href":"https:\/\/politecnics.barcelona\/es\/wp-json\/wp\/v2\/types\/tribe_events"}],"author":[{"embeddable":true,"href":"https:\/\/politecnics.barcelona\/es\/wp-json\/wp\/v2\/users\/2"}],"replies":[{"embeddable":true,"href":"https:\/\/politecnics.barcelona\/es\/wp-json\/wp\/v2\/comments?post=13665"}],"version-history":[{"count":0,"href":"https:\/\/politecnics.barcelona\/es\/wp-json\/wp\/v2\/tribe_events\/13665\/revisions"}],"wp:attachment":[{"href":"https:\/\/politecnics.barcelona\/es\/wp-json\/wp\/v2\/media?parent=13665"}],"wp:term":[{"taxonomy":"post_tag","embeddable":true,"href":"https:\/\/politecnics.barcelona\/es\/wp-json\/wp\/v2\/tags?post=13665"},{"taxonomy":"tribe_events_cat","embeddable":true,"href":"https:\/\/politecnics.barcelona\/es\/wp-json\/wp\/v2\/tribe_events_cat?post=13665"}],"curies":[{"name":"wp","href":"https:\/\/api.w.org\/{rel}","templated":true}]}}